{"id":17488,"date":"2021-04-21T12:39:39","date_gmt":"2021-04-21T10:39:39","guid":{"rendered":"https:\/\/www.lauriecornillon.com\/?page_id=17488"},"modified":"2026-03-03T17:09:50","modified_gmt":"2026-03-03T16:09:50","slug":"fotografo-di-matrimonio-beaulieu-sur-mer","status":"publish","type":"page","link":"https:\/\/www.lauriecornillon.com\/it\/photographe-mariage-beaulieu-sur-mer\/","title":{"rendered":"Fotografo di matrimonio Beaulieu sur mer"},"content":{"rendered":"<div class=\"et_pb_section_0 et_pb_section et_pb_fullwidth_section et_section_regular et_block_section\"><\/div><div class=\"et_pb_section_1 et_pb_section et_section_regular et_block_section\"><div class=\"et_pb_row_0 et_pb_row et_block_row\"><div class=\"et_pb_column_0 et_pb_column et_pb_column_4_4 et-last-child et_block_column et_pb_css_mix_blend_mode_passthrough\"><div class=\"et_pb_image_0 et_pb_image et_pb_module et_block_module\"><span class=\"et_pb_image_wrap\"><img decoding=\"async\" data-src=\"https:\/\/www.lauriecornillon.com\/wp-content\/smush-webp\/sites\/5\/2021\/02\/wedding-photographer-icon-4-gold.png.webp\" width=\"32\" height=\"32\" data-sizes=\"(max-width: 32px) 100vw, 32px\" class=\"wp-image-35 lazyload\" title=\"matrimonio-fotografo-icona-4-oro\" src=\"data:image\/svg+xml;base64,PHN2ZyB3aWR0aD0iMSIgaGVpZ2h0PSIxIiB4bWxucz0iaHR0cDovL3d3dy53My5vcmcvMjAwMC9zdmciPjwvc3ZnPg==\" style=\"--smush-placeholder-width: 32px; --smush-placeholder-aspect-ratio: 32\/32;\" \/><\/span><\/div><div class=\"et_pb_text_0 et_pb_text et_pb_bg_layout_light et_pb_module et_block_module et_pb_text_align_center\"><div class=\"et_pb_text_inner\"><p>Matrimonio<\/p>\n<\/div><\/div><div class=\"et_pb_text_1 et_pb_text et_pb_bg_layout_light et_pb_module et_block_module et_pb_text_align_center\"><div class=\"et_pb_text_inner\"><h1>Fotografo di matrimonio Beaulieu-sur-Mer<\/h1>\n<\/div><\/div><div class=\"et_pb_text_2 et_pb_text et_pb_bg_layout_light et_pb_module et_block_module et_pb_text_align_center\"><div class=\"et_pb_text_inner\"><h4>Salve, sono Laurie Cornillon<\/h4>\n<div class=\"col col-4 w-overlap-box\">\n<div class=\"col-inner\">\n<div class=\"w-text-block\">\n<p><span style=\"font-size: large;\">Sono un fotografo di matrimonio esperto a Beaulieu-sur-Mer e mi preoccupo particolarmente di catturare i momenti migliori del vostro grande giorno. Il mio approccio alla fotografia \u00e8 creativo e autentico.<\/span><\/p>\n<p><span style=\"font-size: large;\">Consultando il mio libro, scoprirete che <a href=\"https:\/\/www.lauriecornillon.com\/it\/galleria\/\">galleria<\/a> la mia concezione di fotografia di matrimonio, molto vicina a un reportage fotografico di matrimonio documentario. Voglio che nei miei scatti si respiri l'emozione del momento e l'atmosfera originale della vostra unione a Beaulieu-sur-Mer. Per me \u00e8 molto importante catturare immagini sincere e vivaci, senza alcun intervento. Le fotografie saranno il ricordo magico del vostro giorno speciale.<\/span><\/p>\n<\/div>\n<\/div>\n<\/div>\n<div class=\"col col-8\">\n<div class=\"col-inner\"><\/div>\n<\/div>\n<\/div><\/div><\/div><\/div><div class=\"et_pb_row_1 et_pb_row et_block_row\"><div class=\"et_pb_column_1 et_pb_column et_pb_column_4_4 et-last-child et_block_column et_pb_css_mix_blend_mode_passthrough\"><div class=\"et_pb_text_3 et_pb_text et_pb_bg_layout_light et_pb_module et_block_module\"><div class=\"et_pb_text_inner\"><h2><span style=\"font-size: xx-large;\">Il vostro matrimonio a Beaulieu-sur-Mer<\/span><\/h2>\n<\/div><\/div><\/div><\/div><div class=\"et_pb_row_2 et_pb_row et_block_row\"><div class=\"et_pb_column_2 et_pb_column et_pb_column_4_4 et-last-child et_block_column et_pb_css_mix_blend_mode_passthrough\"><div class=\"et_pb_text_4 et_pb_text et_pb_bg_layout_light et_pb_module et_block_module\"><div class=\"et_pb_text_inner\"><p style=\"text-align: justify;\">La citt\u00e0 di Beaulieu sur mer occupa un posto privilegiato nel cuore della Costa Azzurra. I suoi due porti e le sue magnifiche spiagge sono arricchiti da gioielli architettonici della Belle \u00c9poque. A Beaulieu sur mer troverete il dolce stile di vita tipico delle citt\u00e0 costiere delle Alpi Marittime.<\/p>\n<\/div><\/div><div class=\"et_pb_image_1 et_pb_image et_pb_module et_block_module\"><span class=\"et_pb_image_wrap\"><img decoding=\"async\" data-src=\"https:\/\/www.lauriecornillon.com\/wp-content\/uploads\/sites\/5\/2021\/04\/photographe-mariage-laurie-cornillon-1.jpg\" width=\"2560\" height=\"1709\" data-srcset=\"https:\/\/www.lauriecornillon.com\/wp-content\/uploads\/sites\/5\/2021\/04\/photographe-mariage-laurie-cornillon-1.jpg 2560w, https:\/\/www.lauriecornillon.com\/wp-content\/uploads\/sites\/5\/2021\/04\/photographe-mariage-laurie-cornillon-1-1280x855.jpg 1280w, https:\/\/www.lauriecornillon.com\/wp-content\/uploads\/sites\/5\/2021\/04\/photographe-mariage-laurie-cornillon-1-980x654.jpg 980w, https:\/\/www.lauriecornillon.com\/wp-content\/uploads\/sites\/5\/2021\/04\/photographe-mariage-laurie-cornillon-1-480x320.jpg 480w\" data-sizes=\"auto\" class=\"wp-image-17857 lazyload\" title=\"Fotografo di matrimonio Beaulieu-sur-Mer\" alt=\"Fotografo di matrimonio Beaulieu-sur-Mer\" src=\"data:image\/svg+xml;base64,PHN2ZyB3aWR0aD0iMSIgaGVpZ2h0PSIxIiB4bWxucz0iaHR0cDovL3d3dy53My5vcmcvMjAwMC9zdmciPjwvc3ZnPg==\" style=\"--smush-placeholder-width: 2560px; --smush-placeholder-aspect-ratio: 2560\/1709;\" data-original-sizes=\"(min-width: 0px) and (max-width: 480px) 480px, (min-width: 481px) and (max-width: 980px) 980px, (min-width: 981px) and (max-width: 1280px) 1280px, (min-width: 1281px) 2560px, 100vw\" \/><\/span><\/div><div class=\"et_pb_text_5 et_pb_text et_pb_bg_layout_light et_pb_module et_block_module\"><div class=\"et_pb_text_inner\"><h3><span style=\"font-family: 'Cormorant Garamond'; font-weight: normal;\">Fotografie uniche del vostro matrimonio a Beaulieu sur mer<\/span><\/h3>\n<\/div><\/div><div class=\"et_pb_text_6 et_pb_text et_pb_bg_layout_light et_pb_module et_block_module\"><div class=\"et_pb_text_inner\"><p style=\"text-align: justify;\">Incastonata tra il mare e le montagne, la citt\u00e0 di Beaulieu sur mer \u00e8 il luogo ideale per realizzare splendide foto di matrimonio. Offre uno scenario da sogno per immortalare il vostro grande giorno. Che sia con il Mar Mediterraneo sullo sfondo o con uno dei tesori architettonici della Belle \u00c9poque, non c'\u00e8 che l'imbarazzo della scelta. Potremo immortalare i momenti di complicit\u00e0 con la vostra anima gemella sull'incantevole porticciolo di Formiche, sullo sfondo della villa greca Kerylos; oppure nella cornice bucolica del Giardino degli Ulivi, vera oasi di pace a due passi dal mare.<\/p>\n<\/div><\/div><div class=\"et_pb_text_7 et_pb_text et_pb_bg_layout_light et_pb_module et_block_module\"><div class=\"et_pb_text_inner\"><h2><span style=\"font-size: xx-large;\">Il vostro fotografo di matrimonio a Beaulieu-sur-Mer<\/span><\/h2>\n<\/div><\/div><div class=\"et_pb_image_2 et_pb_image et_pb_module et_block_module\"><span class=\"et_pb_image_wrap\"><img decoding=\"async\" data-src=\"https:\/\/www.lauriecornillon.com\/wp-content\/uploads\/sites\/5\/2022\/07\/mariage-silvi-alexis-57.jpg\" width=\"2500\" height=\"1668\" data-srcset=\"https:\/\/www.lauriecornillon.com\/wp-content\/uploads\/sites\/5\/2022\/07\/mariage-silvi-alexis-57.jpg 2500w, https:\/\/www.lauriecornillon.com\/wp-content\/uploads\/sites\/5\/2022\/07\/mariage-silvi-alexis-57-1280x854.jpg 1280w, https:\/\/www.lauriecornillon.com\/wp-content\/uploads\/sites\/5\/2022\/07\/mariage-silvi-alexis-57-980x654.jpg 980w, https:\/\/www.lauriecornillon.com\/wp-content\/uploads\/sites\/5\/2022\/07\/mariage-silvi-alexis-57-480x320.jpg 480w\" data-sizes=\"auto\" class=\"wp-image-28578 lazyload\" title=\"matrimonio-silvi-alexis-57\" alt=\"Foto del matrimonio Beaulieu-sur-Mer\" src=\"data:image\/svg+xml;base64,PHN2ZyB3aWR0aD0iMSIgaGVpZ2h0PSIxIiB4bWxucz0iaHR0cDovL3d3dy53My5vcmcvMjAwMC9zdmciPjwvc3ZnPg==\" style=\"--smush-placeholder-width: 2500px; --smush-placeholder-aspect-ratio: 2500\/1668;\" data-original-sizes=\"(min-width: 0px) and (max-width: 480px) 480px, (min-width: 481px) and (max-width: 980px) 980px, (min-width: 981px) and (max-width: 1280px) 1280px, (min-width: 1281px) 2500px, 100vw\" \/><\/span><\/div><div class=\"et_pb_text_8 et_pb_text et_pb_bg_layout_light et_pb_module et_block_module\"><div class=\"et_pb_text_inner\"><p style=\"text-align: justify;\"><span style=\"font-size: large;\">Per me \u00e8 importante dare alle mie foto un'impronta naturale, in modo che siano piene d'amore. Il matrimonio \u00e8 un episodio insostituibile in cui l'intera gamma di meraviglie viene riunita in un solo giorno.<\/span><\/p>\n<p style=\"text-align: justify;\"><span style=\"font-size: large;\">Il giorno della vostra unione inizia con l'eccitazione dei preparativi, poi questo slancio lascer\u00e0 il posto alla frenesia che si rafforzer\u00e0 pochi minuti prima di scendere i gradini del municipio per vedere la vostra anima gemella. Quando tornerete alla vostra anima gemella, vi innamorerete di nuovo. Tra adorazione e ammirazione, non \u00e8 raro vedere una piccola lacrima scorrere sul viso dei futuri sposi e di chi li circonda. Infine, la celebrazione lascer\u00e0 il posto a un'ascesa di gioia. Sono tutti questi aspetti emotivi che conferiscono un valore impareggiabile al vostro matrimonio a Beaulieu-sur-Mer, per cui desidero catturare l'evento in modo autentico. Tutte queste belle emozioni sono inevitabili nelle mie fotografie.<\/span><\/p>\n<p style=\"text-align: justify;\"><span style=\"font-size: large;\">Scatto foto di tutti questi secondi unici, momenti spontanei catturati con l'obiettivo di regalarvi incantevoli fotografie del vostro matrimonio a Beaulieu-sur-Mer. La mia volont\u00e0 \u00e8 chiara: offrirvi ricordi senza tempo del vostro magnifico giorno di nozze.<\/span><\/p>\n<\/div><\/div><div class=\"et_pb_text_9 et_pb_text et_pb_bg_layout_light et_pb_module et_block_module\"><div class=\"et_pb_text_inner\"><h3><span style=\"font-family: 'Cormorant Garamond'; font-weight: normal;\">Le emozioni al centro delle mie fotografie<\/span><\/h3>\n<\/div><\/div><div class=\"et_pb_image_3 et_pb_image et_pb_module et_block_module\"><span class=\"et_pb_image_wrap\"><img decoding=\"async\" data-src=\"https:\/\/www.lauriecornillon.com\/wp-content\/uploads\/sites\/5\/2021\/04\/photographe-mariage-professionnel-antibes.jpg\" width=\"2560\" height=\"1709\" data-srcset=\"https:\/\/www.lauriecornillon.com\/wp-content\/uploads\/sites\/5\/2021\/04\/photographe-mariage-professionnel-antibes.jpg 2560w, https:\/\/www.lauriecornillon.com\/wp-content\/uploads\/sites\/5\/2021\/04\/photographe-mariage-professionnel-antibes-1280x855.jpg 1280w, https:\/\/www.lauriecornillon.com\/wp-content\/uploads\/sites\/5\/2021\/04\/photographe-mariage-professionnel-antibes-980x654.jpg 980w, https:\/\/www.lauriecornillon.com\/wp-content\/uploads\/sites\/5\/2021\/04\/photographe-mariage-professionnel-antibes-480x320.jpg 480w\" data-sizes=\"auto\" class=\"wp-image-17562 lazyload\" title=\"Fotografo di matrimonio professionista Beaulieu-sur-Mer\" alt=\"Fotografo di matrimonio professionista Beaulieu-sur-Mer\" src=\"data:image\/svg+xml;base64,PHN2ZyB3aWR0aD0iMSIgaGVpZ2h0PSIxIiB4bWxucz0iaHR0cDovL3d3dy53My5vcmcvMjAwMC9zdmciPjwvc3ZnPg==\" style=\"--smush-placeholder-width: 2560px; --smush-placeholder-aspect-ratio: 2560\/1709;\" data-original-sizes=\"(min-width: 0px) and (max-width: 480px) 480px, (min-width: 481px) and (max-width: 980px) 980px, (min-width: 981px) and (max-width: 1280px) 1280px, (min-width: 1281px) 2560px, 100vw\" \/><\/span><\/div><div class=\"et_pb_text_10 et_pb_text et_pb_bg_layout_light et_pb_module et_block_module\"><div class=\"et_pb_text_inner\"><p style=\"text-align: justify;\"><span style=\"font-size: large;\">Durante il vostro grande giorno a Beaulieu-sur-Mer, sar\u00f2 alla ricerca di momenti emozionanti in modo che, in seguito, possiate avere i ricordi pi\u00f9 belli della vostra unione. Catturo le immagini che immortalano l'affetto tra voi e i vostri ospiti. Il matrimonio \u00e8 uno di quei giorni eccezionali in cui i vostri cari si riuniscono a Beaulieu sur Mer per celebrare il vostro amore. Mi piace catturare questi momenti preziosi, tra gli sposi e i loro familiari e amici. Utilizzando la mia attrezzatura professionale, ripercorro il vostro attaccamento per creare il romanzo visivo della vostra storia d'amore e di questo grande giorno.<\/span><\/p>\n<p style=\"text-align: justify;\"><span style=\"font-size: large;\">Le fotografie scattate al vostro matrimonio vivranno nella vostra famiglia per molte generazioni. Le magnifiche tracce di questo grande giorno saranno presenti per l'eternit\u00e0 come foto del vostro matrimonio a Beaulieu sur Mer. Vi trasporteranno nella straordinaria testimonianza del vostro grande giorno. Le vostre foto esporranno ai vostri successori la storia della vostra storia d'amore.<\/span><\/p>\n<\/div><\/div><div class=\"et_pb_image_4 et_pb_image et_pb_module et_block_module\"><span class=\"et_pb_image_wrap\"><img decoding=\"async\" data-src=\"https:\/\/www.lauriecornillon.com\/wp-content\/uploads\/sites\/5\/2022\/07\/mariage-villefranche-sur-mer-100.jpg\" width=\"2500\" height=\"1668\" data-srcset=\"https:\/\/www.lauriecornillon.com\/wp-content\/uploads\/sites\/5\/2022\/07\/mariage-villefranche-sur-mer-100.jpg 2500w, https:\/\/www.lauriecornillon.com\/wp-content\/uploads\/sites\/5\/2022\/07\/mariage-villefranche-sur-mer-100-1280x854.jpg 1280w, https:\/\/www.lauriecornillon.com\/wp-content\/uploads\/sites\/5\/2022\/07\/mariage-villefranche-sur-mer-100-980x654.jpg 980w, https:\/\/www.lauriecornillon.com\/wp-content\/uploads\/sites\/5\/2022\/07\/mariage-villefranche-sur-mer-100-480x320.jpg 480w\" data-sizes=\"auto\" class=\"wp-image-28961 lazyload\" title=\"matrimonio-citt\u00e0-franche-sur-mer-100\" alt=\"Fotografo Beaulieu-sur-Mer\" src=\"data:image\/svg+xml;base64,PHN2ZyB3aWR0aD0iMSIgaGVpZ2h0PSIxIiB4bWxucz0iaHR0cDovL3d3dy53My5vcmcvMjAwMC9zdmciPjwvc3ZnPg==\" style=\"--smush-placeholder-width: 2500px; --smush-placeholder-aspect-ratio: 2500\/1668;\" data-original-sizes=\"(min-width: 0px) and (max-width: 480px) 480px, (min-width: 481px) and (max-width: 980px) 980px, (min-width: 981px) and (max-width: 1280px) 1280px, (min-width: 1281px) 2500px, 100vw\" \/><\/span><\/div><div class=\"et_pb_module et_pb_button_module_wrapper et_pb_button_0_wrapper\"><a class=\"et_pb_button_0 et_pb_button et_pb_bg_layout_light et_pb_module et_block_module\" href=\"\/it\/galleria\/\">Visualizza la galleria<\/a><\/div><\/div><\/div><\/div><div class=\"et_pb_section_2 et_pb_section et_section_regular et_block_section\"><div class=\"et_pb_row_3 et_pb_row et_block_row\"><div class=\"et_pb_column_3 et_pb_column et_pb_column_4_4 et-last-child et_block_column et_pb_css_mix_blend_mode_passthrough\"><div class=\"et_pb_text_11 et_pb_text et_pb_bg_layout_light et_pb_module et_block_module\"><div class=\"et_pb_text_inner\"><h4><span style=\"font-size: xx-large;\">Fotografo pluripremiato in Europa<\/span><\/h4>\n<\/div><\/div><\/div><\/div><div class=\"et_pb_row_4 et_pb_row et_block_row\"><div class=\"et_pb_column_4 et_pb_column et_pb_column_4_4 et-last-child et_block_column et_pb_css_mix_blend_mode_passthrough\"><div class=\"et_pb_text_12 et_pb_text et_pb_bg_layout_light et_pb_module et_block_module\"><div class=\"et_pb_text_inner\"><p style=\"text-align: center;\">Laurie \u00e8 un'artista-fotografa del <a href=\"https:\/\/www.lauriecornillon.com\/it\/fotografo-di-matrimonio-cote-azur\/\">Costa Azzurra<\/a> vincitrice di concorsi di prestigiosi siti web europei per la bellezza delle sue immagini e la sua abilit\u00e0 tecnica. Siete fortunati ad avere con voi nel vostro grande giorno uno dei migliori fotografi di matrimonio di Beaulieu-sur-Mer e della Costa Azzurra.<\/p>\n<\/div><\/div><\/div><\/div><div class=\"et_pb_row_5 et_pb_row et_block_row\"><div class=\"et_pb_column_5 et_pb_column et_pb_column_1_3 et_block_column et_pb_css_mix_blend_mode_passthrough\"><div class=\"et_pb_text_13 et_pb_text et_pb_bg_layout_light et_pb_module et_block_module\"><div class=\"et_pb_text_inner\"><p style=\"text-align: center;\"><span color=\"#ffffff\" style=\"color: #ffffff;\">Premi di nozze<\/span><\/p>\n<p style=\"text-align: center;\"><em><span style=\"color: #b9a06f;\">Premi Wedding.net\u00a0<\/span><\/em><\/p>\n<\/div><\/div><\/div><div class=\"et_pb_column_6 et_pb_column et_pb_column_1_3 et_block_column et_pb_css_mix_blend_mode_passthrough\"><div class=\"et_pb_text_14 et_pb_text et_pb_bg_layout_light et_pb_module et_block_module\"><div class=\"et_pb_text_inner\"><p style=\"text-align: center;\"><span style=\"color: #ffffff;\">Premi europei <\/span><\/p>\n<p style=\"text-align: center;\"><em><span style=\"color: #b9a06f;\">Premio Pixedo nella categoria paesaggio<\/span><\/em><\/p>\n<\/div><\/div><\/div><div class=\"et_pb_column_7 et_pb_column et_pb_column_1_3 et-last-child et_block_column et_pb_css_mix_blend_mode_passthrough\"><div class=\"et_pb_text_15 et_pb_text et_pb_bg_layout_light et_pb_module et_block_module\"><div class=\"et_pb_text_inner\"><p style=\"text-align: center;\"><span style=\"color: #ffffff;\">Fotografia dell'anno<\/span><\/p>\n<p style=\"text-align: center;\"><em><span style=\"color: #b9a06f;\">Premio Costa Azzurra Francia 2017<\/span><\/em><\/p>\n<\/div><\/div><\/div><\/div><\/div><div class=\"et_pb_section_3 et_pb_section et_section_regular et_block_section\"><div class=\"et_pb_row_6 et_pb_row et_block_row\"><div class=\"et_pb_column_8 et_pb_column et_pb_column_4_4 et-last-child et_block_column et_pb_css_mix_blend_mode_passthrough\"><div class=\"et_pb_text_16 et_pb_text et_pb_bg_layout_light et_pb_module et_block_module\"><div class=\"et_pb_text_inner\"><h2><span style=\"font-size: xx-large;\">Parliamo del vostro progetto di matrimonio a Beaulieu-sur-Mer<\/span><\/h2>\n<\/div><\/div><div class=\"et_pb_text_17 et_pb_text et_pb_bg_layout_light et_pb_module et_block_module\"><div class=\"et_pb_text_inner\"><p style=\"text-align: justify;\"><span style=\"font-size: large;\">La mia fotografia di matrimonio \u00e8 naturale e creativa. Mi preoccupo particolarmente di dare alle mie fotografie una dimensione straordinaria, con l'unico obiettivo di valorizzare il vostro giorno felice. Vi invito a parlare con me per creare insieme il servizio fotografico dei vostri sogni per il vostro matrimonio a Beaulieu-sur-Mer. Sarebbe un piacere per me essere invitata a partecipare ai momenti pi\u00f9 rari del vostro matrimonio.<\/span><\/p>\n<p>&nbsp;<\/p>\n<\/div><\/div><div class=\"et_pb_module et_pb_button_module_wrapper et_pb_button_1_wrapper\"><a class=\"et_pb_button_1 et_pb_button et_pb_bg_layout_light et_pb_module et_block_module\" href=\"\/it\/contatto\/\">Contattatemi<\/a><\/div><\/div><\/div><div class=\"et_pb_row_7 et_pb_row et_block_row\"><div class=\"et_pb_column_9 et_pb_column et_pb_column_1_3 et_block_column et_pb_css_mix_blend_mode_passthrough\"><div class=\"et_pb_image_5 et_pb_image et_pb_module et_block_module\"><span class=\"et_pb_image_wrap\"><img decoding=\"async\" data-src=\"https:\/\/www.lauriecornillon.com\/wp-content\/uploads\/sites\/5\/2021\/04\/photographe-professionnel-antibes.jpg\" width=\"1704\" height=\"2560\" data-srcset=\"https:\/\/www.lauriecornillon.com\/wp-content\/uploads\/sites\/5\/2021\/04\/photographe-professionnel-antibes.jpg 1704w, https:\/\/www.lauriecornillon.com\/wp-content\/uploads\/sites\/5\/2021\/04\/photographe-professionnel-antibes-1280x1923.jpg 1280w, https:\/\/www.lauriecornillon.com\/wp-content\/uploads\/sites\/5\/2021\/04\/photographe-professionnel-antibes-980x1472.jpg 980w, https:\/\/www.lauriecornillon.com\/wp-content\/uploads\/sites\/5\/2021\/04\/photographe-professionnel-antibes-480x721.jpg 480w\" data-sizes=\"auto\" class=\"wp-image-17565 lazyload\" title=\"Fotografo professionista Beaulieu-sur-Mer\" alt=\"Fotografo professionista Beaulieu-sur-Mer\" src=\"data:image\/svg+xml;base64,PHN2ZyB3aWR0aD0iMSIgaGVpZ2h0PSIxIiB4bWxucz0iaHR0cDovL3d3dy53My5vcmcvMjAwMC9zdmciPjwvc3ZnPg==\" style=\"--smush-placeholder-width: 1704px; --smush-placeholder-aspect-ratio: 1704\/2560;\" data-original-sizes=\"(min-width: 0px) and (max-width: 480px) 480px, (min-width: 481px) and (max-width: 980px) 980px, (min-width: 981px) and (max-width: 1280px) 1280px, (min-width: 1281px) 1704px, 100vw\" \/><\/span><\/div><\/div><div class=\"et_pb_column_10 et_pb_column et_pb_column_1_3 et_block_column et_pb_css_mix_blend_mode_passthrough\"><div class=\"et_pb_image_6 et_pb_image et_pb_module et_block_module\"><span class=\"et_pb_image_wrap\"><img decoding=\"async\" data-src=\"https:\/\/www.lauriecornillon.com\/wp-content\/uploads\/sites\/5\/2021\/03\/galerie-119.jpg\" width=\"1668\" height=\"2500\" data-srcset=\"https:\/\/www.lauriecornillon.com\/wp-content\/uploads\/sites\/5\/2021\/03\/galerie-119.jpg 1668w, https:\/\/www.lauriecornillon.com\/wp-content\/uploads\/sites\/5\/2021\/03\/galerie-119-1280x1918.jpg 1280w, https:\/\/www.lauriecornillon.com\/wp-content\/uploads\/sites\/5\/2021\/03\/galerie-119-980x1469.jpg 980w, https:\/\/www.lauriecornillon.com\/wp-content\/uploads\/sites\/5\/2021\/03\/galerie-119-480x719.jpg 480w\" data-sizes=\"auto\" class=\"wp-image-29166 lazyload\" title=\"galleria-119\" alt=\"Fotografie di matrimonio Beaulieu-sur-Mer\" src=\"data:image\/svg+xml;base64,PHN2ZyB3aWR0aD0iMSIgaGVpZ2h0PSIxIiB4bWxucz0iaHR0cDovL3d3dy53My5vcmcvMjAwMC9zdmciPjwvc3ZnPg==\" style=\"--smush-placeholder-width: 1668px; --smush-placeholder-aspect-ratio: 1668\/2500;\" data-original-sizes=\"(min-width: 0px) and (max-width: 480px) 480px, (min-width: 481px) and (max-width: 980px) 980px, (min-width: 981px) and (max-width: 1280px) 1280px, (min-width: 1281px) 1668px, 100vw\" \/><\/span><\/div><\/div><div class=\"et_pb_column_11 et_pb_column et_pb_column_1_3 et-last-child et_block_column et_pb_css_mix_blend_mode_passthrough\"><div class=\"et_pb_image_7 et_pb_image et_pb_module et_block_module\"><span class=\"et_pb_image_wrap\"><img decoding=\"async\" data-src=\"https:\/\/www.lauriecornillon.com\/wp-content\/uploads\/sites\/5\/2021\/04\/photographe-mariage-de-prestige-antibes.jpg\" width=\"1709\" height=\"2560\" data-srcset=\"https:\/\/www.lauriecornillon.com\/wp-content\/uploads\/sites\/5\/2021\/04\/photographe-mariage-de-prestige-antibes.jpg 1709w, https:\/\/www.lauriecornillon.com\/wp-content\/uploads\/sites\/5\/2021\/04\/photographe-mariage-de-prestige-antibes-1280x1917.jpg 1280w, https:\/\/www.lauriecornillon.com\/wp-content\/uploads\/sites\/5\/2021\/04\/photographe-mariage-de-prestige-antibes-980x1468.jpg 980w, https:\/\/www.lauriecornillon.com\/wp-content\/uploads\/sites\/5\/2021\/04\/photographe-mariage-de-prestige-antibes-480x719.jpg 480w\" data-sizes=\"auto\" class=\"wp-image-17567 lazyload\" title=\"Fotografo di matrimonio di prestigio Beaulieu-sur-Mer\" alt=\"Fotografo di matrimonio di prestigio Beaulieu-sur-Mer\" src=\"data:image\/svg+xml;base64,PHN2ZyB3aWR0aD0iMSIgaGVpZ2h0PSIxIiB4bWxucz0iaHR0cDovL3d3dy53My5vcmcvMjAwMC9zdmciPjwvc3ZnPg==\" style=\"--smush-placeholder-width: 1709px; --smush-placeholder-aspect-ratio: 1709\/2560;\" data-original-sizes=\"(min-width: 0px) and (max-width: 480px) 480px, (min-width: 481px) and (max-width: 980px) 980px, (min-width: 981px) and (max-width: 1280px) 1280px, (min-width: 1281px) 1709px, 100vw\" \/><\/span><\/div><\/div><\/div><\/div>","protected":false},"excerpt":{"rendered":"","protected":false},"author":1,"featured_media":0,"parent":0,"menu_order":0,"comment_status":"closed","ping_status":"closed","template":"","meta":{"footnotes":""},"class_list":["post-17488","page","type-page","status-publish","hentry"],"_links":{"self":[{"href":"https:\/\/www.lauriecornillon.com\/it\/wp-json\/wp\/v2\/pages\/17488","targetHints":{"allow":["GET"]}}],"collection":[{"href":"https:\/\/www.lauriecornillon.com\/it\/wp-json\/wp\/v2\/pages"}],"about":[{"href":"https:\/\/www.lauriecornillon.com\/it\/wp-json\/wp\/v2\/types\/page"}],"author":[{"embeddable":true,"href":"https:\/\/www.lauriecornillon.com\/it\/wp-json\/wp\/v2\/users\/1"}],"replies":[{"embeddable":true,"href":"https:\/\/www.lauriecornillon.com\/it\/wp-json\/wp\/v2\/comments?post=17488"}],"version-history":[{"count":0,"href":"https:\/\/www.lauriecornillon.com\/it\/wp-json\/wp\/v2\/pages\/17488\/revisions"}],"wp:attachment":[{"href":"https:\/\/www.lauriecornillon.com\/it\/wp-json\/wp\/v2\/media?parent=17488"}],"curies":[{"name":"wp","href":"https:\/\/api.w.org\/{rel}","templated":true}]}}