{"id":17623,"date":"2021-04-22T15:26:44","date_gmt":"2021-04-22T13:26:44","guid":{"rendered":"https:\/\/www.lauriecornillon.com\/?page_id=17623"},"modified":"2026-03-03T17:10:00","modified_gmt":"2026-03-03T16:10:00","slug":"fotografo-di-matrimonio-saint-laurent-du-var","status":"publish","type":"page","link":"https:\/\/www.lauriecornillon.com\/it\/photographe-mariage-saint-laurent-du-var\/","title":{"rendered":"Fotografo di matrimonio Saint-Laurent-du-Var"},"content":{"rendered":"<div class=\"et_pb_section_0 et_pb_section et_pb_fullwidth_section et_section_regular et_block_section\"><\/div><div class=\"et_pb_section_1 et_pb_section et_section_regular et_block_section\"><div class=\"et_pb_row_0 et_pb_row et_block_row\"><div class=\"et_pb_column_0 et_pb_column et_pb_column_4_4 et-last-child et_block_column et_pb_css_mix_blend_mode_passthrough\"><div class=\"et_pb_image_0 et_pb_image et_pb_module et_block_module\"><span class=\"et_pb_image_wrap\"><img decoding=\"async\" data-src=\"https:\/\/www.lauriecornillon.com\/wp-content\/smush-webp\/sites\/5\/2021\/02\/wedding-photographer-icon-4-gold.png.webp\" width=\"32\" height=\"32\" data-sizes=\"(max-width: 32px) 100vw, 32px\" class=\"wp-image-35 lazyload\" title=\"matrimonio-fotografo-icona-4-oro\" src=\"data:image\/svg+xml;base64,PHN2ZyB3aWR0aD0iMSIgaGVpZ2h0PSIxIiB4bWxucz0iaHR0cDovL3d3dy53My5vcmcvMjAwMC9zdmciPjwvc3ZnPg==\" style=\"--smush-placeholder-width: 32px; --smush-placeholder-aspect-ratio: 32\/32;\" \/><\/span><\/div><div class=\"et_pb_text_0 et_pb_text et_pb_bg_layout_light et_pb_module et_block_module et_pb_text_align_center\"><div class=\"et_pb_text_inner\"><p>Matrimonio<\/p>\n<\/div><\/div><div class=\"et_pb_text_1 et_pb_text et_pb_bg_layout_light et_pb_module et_block_module et_pb_text_align_center\"><div class=\"et_pb_text_inner\"><h1>Fotografo di matrimonio Saint-Laurent-du-Var<\/h1>\n<\/div><\/div><div class=\"et_pb_text_2 et_pb_text et_pb_bg_layout_light et_pb_module et_block_module et_pb_text_align_center\"><div class=\"et_pb_text_inner\"><h4>Salve, sono Laurie Cornillon<\/h4>\n<div class=\"col col-4 w-overlap-box\">\n<div class=\"col-inner\">\n<div class=\"w-text-block\">\n<p><span style=\"font-size: large;\">In qualit\u00e0 di fotografo moderno di Saint-Laurent-du-Var specializzato in fotografia di matrimonio, mi propongo di immortalare per voi i momenti pi\u00f9 belli di questo grande giorno. Il mio approccio alla fotografia \u00e8 contemporaneo e creativo.<\/span><\/p>\n<p><span style=\"font-size: large;\">Visitando il mio portfolio scoprirete il mio approccio alla fotografia di matrimonio, molto vicino a un reportage documentaristico. Voglio che nelle mie fotografie si respiri la passione del momento e l'atmosfera naturale della giornata a Saint-Laurent-du-Var. Per me \u00e8 importante scattare fotografie molto naturali e spontanee, pur nella discrezione. Le foto saranno l'incredibile ricordo di questo grande giorno.<\/span><\/p>\n<\/div>\n<\/div>\n<\/div>\n<div class=\"col col-8\">\n<div class=\"col-inner\"><\/div>\n<\/div>\n<\/div><\/div><\/div><\/div><div class=\"et_pb_row_1 et_pb_row et_block_row\"><div class=\"et_pb_column_1 et_pb_column et_pb_column_4_4 et-last-child et_block_column et_pb_css_mix_blend_mode_passthrough\"><div class=\"et_pb_text_3 et_pb_text et_pb_bg_layout_light et_pb_module et_block_module\"><div class=\"et_pb_text_inner\"><h2><span style=\"font-size: xx-large;\">Il vostro matrimonio a Saint-Laurent-du-Var<\/span><\/h2>\n<\/div><\/div><\/div><\/div><div class=\"et_pb_row_2 et_pb_row et_block_row\"><div class=\"et_pb_column_2 et_pb_column et_pb_column_4_4 et-last-child et_block_column et_pb_css_mix_blend_mode_passthrough\"><div class=\"et_pb_text_4 et_pb_text et_pb_bg_layout_light et_pb_module et_block_module\"><div class=\"et_pb_text_inner\"><p>La citt\u00e0 di Saint-Laurent-du-Var \u00e8 situata in posizione ideale al centro delle citt\u00e0 costiere delle Alpi Marittime. \u00c8 anche l'inizio della strada verso le montagne, verso le Alpi. Saint-Laurent-du-Var \u00e8 una citt\u00e0 per famiglie dove si possono praticare molte attivit\u00e0 acquatiche ed \u00e8 anche un luogo ideale per lo shopping. La citt\u00e0 \u00e8 famosa anche per il suo bellissimo porto turistico, dove gli abitanti e i turisti amano venire a rilassarsi e festeggiare con la famiglia e gli amici durante tutto l'anno.<\/p>\n<\/div><\/div><div class=\"et_pb_image_1 et_pb_image et_pb_module et_block_module\"><span class=\"et_pb_image_wrap\"><img decoding=\"async\" data-src=\"https:\/\/www.lauriecornillon.com\/wp-content\/uploads\/sites\/5\/2021\/04\/photographe-mariage-laurie-cornillon-1.jpg\" width=\"2560\" height=\"1709\" data-srcset=\"https:\/\/www.lauriecornillon.com\/wp-content\/uploads\/sites\/5\/2021\/04\/photographe-mariage-laurie-cornillon-1.jpg 2560w, https:\/\/www.lauriecornillon.com\/wp-content\/uploads\/sites\/5\/2021\/04\/photographe-mariage-laurie-cornillon-1-1280x855.jpg 1280w, https:\/\/www.lauriecornillon.com\/wp-content\/uploads\/sites\/5\/2021\/04\/photographe-mariage-laurie-cornillon-1-980x654.jpg 980w, https:\/\/www.lauriecornillon.com\/wp-content\/uploads\/sites\/5\/2021\/04\/photographe-mariage-laurie-cornillon-1-480x320.jpg 480w\" data-sizes=\"auto\" class=\"wp-image-17857 lazyload\" title=\"Fotografo di matrimonio Saint-Laurent-du-Var\" alt=\"Fotografo di matrimonio Saint-Laurent-du-Var\" src=\"data:image\/svg+xml;base64,PHN2ZyB3aWR0aD0iMSIgaGVpZ2h0PSIxIiB4bWxucz0iaHR0cDovL3d3dy53My5vcmcvMjAwMC9zdmciPjwvc3ZnPg==\" style=\"--smush-placeholder-width: 2560px; --smush-placeholder-aspect-ratio: 2560\/1709;\" data-original-sizes=\"(min-width: 0px) and (max-width: 480px) 480px, (min-width: 481px) and (max-width: 980px) 980px, (min-width: 981px) and (max-width: 1280px) 1280px, (min-width: 1281px) 2560px, 100vw\" \/><\/span><\/div><div class=\"et_pb_text_5 et_pb_text et_pb_bg_layout_light et_pb_module et_block_module\"><div class=\"et_pb_text_inner\"><h3><span style=\"font-family: 'Cormorant Garamond'; font-weight: normal;\">Fotografia di matrimonio di alta qualit\u00e0 a Saint-Laurent-du-Var<\/span><\/h3>\n<\/div><\/div><div class=\"et_pb_text_6 et_pb_text et_pb_bg_layout_light et_pb_module et_block_module\"><div class=\"et_pb_text_inner\"><p>Saint-Laurent-du-Var \u00e8 il luogo ideale per realizzare splendide fotografie di matrimonio di alta qualit\u00e0. Avrete la fortuna di sposarvi nel municipio di Saint-Laurent-du-Var. L'architettura dell'edificio \u00e8 originale e fotogenica. Inoltre, ha un grande parco con alberi tutt'intorno.<\/p>\n<p>A Saint-Laurent-du-Var non mancano i luoghi dove scattare fotografie affascinanti. Il villaggio autentico e le sue strade pittoresche sono perfetti per questo, cos\u00ec come le spiagge lungo l'Esplanade des Go\u00e9lands e il superbo porto turistico della citt\u00e0 di Saint-Laurent-du-Var.<\/p>\n<\/div><\/div><div class=\"et_pb_text_7 et_pb_text et_pb_bg_layout_light et_pb_module et_block_module\"><div class=\"et_pb_text_inner\"><h2><span style=\"font-size: xx-large;\">Il vostro fotografo di matrimonio a Saint-Laurent-du-Var<\/span><\/h2>\n<\/div><\/div><div class=\"et_pb_image_2 et_pb_image et_pb_module et_block_module\"><span class=\"et_pb_image_wrap\"><img decoding=\"async\" data-src=\"https:\/\/www.lauriecornillon.com\/wp-content\/uploads\/sites\/5\/2021\/04\/photographe-mariage-laurie-cornillon-2.jpg\" width=\"2560\" height=\"1709\" data-srcset=\"https:\/\/www.lauriecornillon.com\/wp-content\/uploads\/sites\/5\/2021\/04\/photographe-mariage-laurie-cornillon-2.jpg 2560w, https:\/\/www.lauriecornillon.com\/wp-content\/uploads\/sites\/5\/2021\/04\/photographe-mariage-laurie-cornillon-2-1280x855.jpg 1280w, https:\/\/www.lauriecornillon.com\/wp-content\/uploads\/sites\/5\/2021\/04\/photographe-mariage-laurie-cornillon-2-980x654.jpg 980w, https:\/\/www.lauriecornillon.com\/wp-content\/uploads\/sites\/5\/2021\/04\/photographe-mariage-laurie-cornillon-2-480x320.jpg 480w\" data-sizes=\"auto\" class=\"wp-image-17858 lazyload\" title=\"Foto del matrimonio Saint-Laurent-du-Var\" alt=\"Foto del matrimonio Saint-Laurent-du-Var\" src=\"data:image\/svg+xml;base64,PHN2ZyB3aWR0aD0iMSIgaGVpZ2h0PSIxIiB4bWxucz0iaHR0cDovL3d3dy53My5vcmcvMjAwMC9zdmciPjwvc3ZnPg==\" style=\"--smush-placeholder-width: 2560px; --smush-placeholder-aspect-ratio: 2560\/1709;\" data-original-sizes=\"(min-width: 0px) and (max-width: 480px) 480px, (min-width: 481px) and (max-width: 980px) 980px, (min-width: 981px) and (max-width: 1280px) 1280px, (min-width: 1281px) 2560px, 100vw\" \/><\/span><\/div><div class=\"et_pb_text_8 et_pb_text et_pb_bg_layout_light et_pb_module et_block_module\"><div class=\"et_pb_text_inner\"><p style=\"text-align: justify;\"><span style=\"font-size: large;\">Ci\u00f2 che mi preme davvero \u00e8 fornire alle mie immagini l'autenticit\u00e0 necessaria affinch\u00e9 siano impregnate d'amore. L'unione \u00e8 un'occasione unica in cui tutte le passioni si concentrano in un giorno senza precedenti.<\/span><\/p>\n<p style=\"text-align: justify;\"><span style=\"font-size: large;\">Il giorno del matrimonio inizia con l'eccitazione degli ultimi preparativi, per poi evolversi in una frenesia e in un nervosismo che cresceranno pochi minuti dopo aver varcato l'ingresso del municipio prima di scoprire il vostro futuro marito\/moglie. Quando vedrete il vostro partner, sarete eccitati come il primo giorno. Tra entusiasmo e sollievo, \u00e8 classico vedere una piccola lacrima negli occhi dei futuri sposi e dei loro fratelli. Infine, la cena si trasformer\u00e0 in un crescendo di felicit\u00e0. \u00c8 l'insieme di queste esplosioni che conferisce una grandezza speciale al vostro matrimonio a Saint-Laurent-du-Var, pertanto mi preoccupo particolarmente di immortalare il matrimonio in modo sensibile e naturale. Tutte queste belle emozioni sono capitali nelle mie fotografie.<\/span><\/p>\n<p style=\"text-align: justify;\"><span style=\"font-size: large;\">A contatto con la mia macchina fotografica, annoto queste emozioni, momenti concreti raccolti in attesa di fornirvi un'incredibile testimonianza del vostro matrimonio a Saint-Laurent-du-Var. Il mio obiettivo \u00e8 semplice: permettervi di godervi serenamente il vostro matrimonio, sapendo che tutti questi minuti speciali sono stati fotografati.<\/span><\/p>\n<\/div><\/div><div class=\"et_pb_text_9 et_pb_text et_pb_bg_layout_light et_pb_module et_block_module\"><div class=\"et_pb_text_inner\"><h3><span style=\"font-family: 'Cormorant Garamond'; font-weight: normal;\">Le emozioni al centro delle mie fotografie<\/span><\/h3>\n<\/div><\/div><div class=\"et_pb_image_3 et_pb_image et_pb_module et_block_module\"><span class=\"et_pb_image_wrap\"><img decoding=\"async\" data-src=\"https:\/\/www.lauriecornillon.com\/wp-content\/uploads\/sites\/5\/2021\/04\/photographe-mariage-professionnel-antibes.jpg\" width=\"2560\" height=\"1709\" data-srcset=\"https:\/\/www.lauriecornillon.com\/wp-content\/uploads\/sites\/5\/2021\/04\/photographe-mariage-professionnel-antibes.jpg 2560w, https:\/\/www.lauriecornillon.com\/wp-content\/uploads\/sites\/5\/2021\/04\/photographe-mariage-professionnel-antibes-1280x855.jpg 1280w, https:\/\/www.lauriecornillon.com\/wp-content\/uploads\/sites\/5\/2021\/04\/photographe-mariage-professionnel-antibes-980x654.jpg 980w, https:\/\/www.lauriecornillon.com\/wp-content\/uploads\/sites\/5\/2021\/04\/photographe-mariage-professionnel-antibes-480x320.jpg 480w\" data-sizes=\"auto\" class=\"wp-image-17562 lazyload\" title=\"Fotografo di matrimonio professionista Saint-Laurent-du-Var\" alt=\"Fotografo di matrimonio professionista Saint-Laurent-du-Var\" src=\"data:image\/svg+xml;base64,PHN2ZyB3aWR0aD0iMSIgaGVpZ2h0PSIxIiB4bWxucz0iaHR0cDovL3d3dy53My5vcmcvMjAwMC9zdmciPjwvc3ZnPg==\" style=\"--smush-placeholder-width: 2560px; --smush-placeholder-aspect-ratio: 2560\/1709;\" data-original-sizes=\"(min-width: 0px) and (max-width: 480px) 480px, (min-width: 481px) and (max-width: 980px) 980px, (min-width: 981px) and (max-width: 1280px) 1280px, (min-width: 1281px) 2560px, 100vw\" \/><\/span><\/div><div class=\"et_pb_text_10 et_pb_text et_pb_bg_layout_light et_pb_module et_block_module\"><div class=\"et_pb_text_inner\"><p style=\"text-align: justify;\"><span style=\"font-size: large;\">Durante il vostro D-Day a Saint-Laurent-du-Var, catturo i secondi reali in modo che in seguito possiate ricevere i ricordi del vostro D-Day. Fornisco fotografie che ripercorrono l'adorazione tra voi e il vostro entourage durante il giorno pi\u00f9 bello della vostra vita. Un matrimonio \u00e8 una di quelle occasioni uniche in cui tutti i vostri conoscenti si riuniscono a Saint-Laurent-du-Var per celebrare un matrimonio. Mi piace catturare sul posto, durante questo grande giorno, i minuti preziosi dell'accordo tra gli sposi e i loro clan; tra gli amanti e i loro parenti. Con il mio riflesso, racconto la storia del vostro amore e, allo stesso modo, la storia dei vostri fratelli.<\/span><\/p>\n<p style=\"text-align: justify;\"><span style=\"font-size: large;\">Le menzioni di questo grande giorno, i clich\u00e9 di questi secondi eccezionali rimarranno al centro del vostro entourage per pi\u00f9 generazioni. Le impronte felici e senza tempo di questo grande giorno rimarranno per l'eternit\u00e0 come fotografie del vostro matrimonio a Saint-Laurent-du-Var. Le vostre fotografie vi porteranno via tra le splendide testimonianze del giorno pi\u00f9 bello della vostra vita. Le fotografie racconteranno ai vostri discendenti la storia del vostro legame d'amore.<\/span><\/p>\n<\/div><\/div><div class=\"et_pb_image_4 et_pb_image et_pb_module et_block_module\"><span class=\"et_pb_image_wrap\"><img decoding=\"async\" data-src=\"https:\/\/www.lauriecornillon.com\/wp-content\/uploads\/sites\/5\/2021\/04\/photographe-antibes.jpg\" width=\"2560\" height=\"1709\" data-srcset=\"https:\/\/www.lauriecornillon.com\/wp-content\/uploads\/sites\/5\/2021\/04\/photographe-antibes.jpg 2560w, https:\/\/www.lauriecornillon.com\/wp-content\/uploads\/sites\/5\/2021\/04\/photographe-antibes-1280x855.jpg 1280w, https:\/\/www.lauriecornillon.com\/wp-content\/uploads\/sites\/5\/2021\/04\/photographe-antibes-980x654.jpg 980w, https:\/\/www.lauriecornillon.com\/wp-content\/uploads\/sites\/5\/2021\/04\/photographe-antibes-480x320.jpg 480w\" data-sizes=\"auto\" class=\"wp-image-17563 lazyload\" title=\"Fotografo Saint-Laurent-du-Var\" alt=\"Fotografo Saint-Laurent-du-Var\" src=\"data:image\/svg+xml;base64,PHN2ZyB3aWR0aD0iMSIgaGVpZ2h0PSIxIiB4bWxucz0iaHR0cDovL3d3dy53My5vcmcvMjAwMC9zdmciPjwvc3ZnPg==\" style=\"--smush-placeholder-width: 2560px; --smush-placeholder-aspect-ratio: 2560\/1709;\" data-original-sizes=\"(min-width: 0px) and (max-width: 480px) 480px, (min-width: 481px) and (max-width: 980px) 980px, (min-width: 981px) and (max-width: 1280px) 1280px, (min-width: 1281px) 2560px, 100vw\" \/><\/span><\/div><div class=\"et_pb_module et_pb_button_module_wrapper et_pb_button_0_wrapper\"><a class=\"et_pb_button_0 et_pb_button et_pb_bg_layout_light et_pb_module et_block_module\" href=\"\/it\/galleria\/\">Visualizza la galleria<\/a><\/div><\/div><\/div><\/div><div class=\"et_pb_section_2 et_pb_section et_section_regular et_block_section\"><div class=\"et_pb_row_3 et_pb_row et_block_row\"><div class=\"et_pb_column_3 et_pb_column et_pb_column_4_4 et-last-child et_block_column et_pb_css_mix_blend_mode_passthrough\"><div class=\"et_pb_text_11 et_pb_text et_pb_bg_layout_light et_pb_module et_block_module\"><div class=\"et_pb_text_inner\"><h4><span style=\"font-size: xx-large;\">Fotografo pluripremiato in Europa<\/span><\/h4>\n<\/div><\/div><\/div><\/div><div class=\"et_pb_row_4 et_pb_row et_block_row\"><div class=\"et_pb_column_4 et_pb_column et_pb_column_4_4 et-last-child et_block_column et_pb_css_mix_blend_mode_passthrough\"><div class=\"et_pb_text_12 et_pb_text et_pb_bg_layout_light et_pb_module et_block_module\"><div class=\"et_pb_text_inner\"><p style=\"text-align: center;\">Laurie \u00e8 un'artista-fotografa del <a href=\"https:\/\/www.lauriecornillon.com\/it\/fotografo-di-matrimonio-cote-azur\/\">Costa Azzurra<\/a> premiata da importanti marchi europei per la bellezza dei suoi scatti e il suo know-how tecnico. Avrete la certezza di avere uno dei migliori fotografi di matrimonio di Saint-Laurent-du-Var e della Costa Azzurra per il vostro grande giorno.<\/p>\n<\/div><\/div><\/div><\/div><div class=\"et_pb_row_5 et_pb_row et_block_row\"><div class=\"et_pb_column_5 et_pb_column et_pb_column_1_3 et_block_column et_pb_css_mix_blend_mode_passthrough\"><div class=\"et_pb_text_13 et_pb_text et_pb_bg_layout_light et_pb_module et_block_module\"><div class=\"et_pb_text_inner\"><p style=\"text-align: center;\"><span color=\"#ffffff\" style=\"color: #ffffff;\">Premi di nozze<\/span><\/p>\n<p style=\"text-align: center;\"><em><span style=\"color: #b9a06f;\">Premi Wedding.net\u00a0<\/span><\/em><\/p>\n<\/div><\/div><\/div><div class=\"et_pb_column_6 et_pb_column et_pb_column_1_3 et_block_column et_pb_css_mix_blend_mode_passthrough\"><div class=\"et_pb_text_14 et_pb_text et_pb_bg_layout_light et_pb_module et_block_module\"><div class=\"et_pb_text_inner\"><p style=\"text-align: center;\"><span style=\"color: #ffffff;\">Premi europei <\/span><\/p>\n<p style=\"text-align: center;\"><em><span style=\"color: #b9a06f;\">Premio Pixedo nella categoria paesaggio<\/span><\/em><\/p>\n<\/div><\/div><\/div><div class=\"et_pb_column_7 et_pb_column et_pb_column_1_3 et-last-child et_block_column et_pb_css_mix_blend_mode_passthrough\"><div class=\"et_pb_text_15 et_pb_text et_pb_bg_layout_light et_pb_module et_block_module\"><div class=\"et_pb_text_inner\"><p style=\"text-align: center;\"><span style=\"color: #ffffff;\">Fotografia dell'anno<\/span><\/p>\n<p style=\"text-align: center;\"><em><span style=\"color: #b9a06f;\">Premio Costa Azzurra Francia 2017<\/span><\/em><\/p>\n<\/div><\/div><\/div><\/div><\/div><div class=\"et_pb_section_3 et_pb_section et_section_regular et_block_section\"><div class=\"et_pb_row_6 et_pb_row et_block_row\"><div class=\"et_pb_column_8 et_pb_column et_pb_column_4_4 et-last-child et_block_column et_pb_css_mix_blend_mode_passthrough\"><div class=\"et_pb_text_16 et_pb_text et_pb_bg_layout_light et_pb_module et_block_module\"><div class=\"et_pb_text_inner\"><h2><span style=\"font-size: xx-large;\">Parliamo del vostro progetto di matrimonio a Saint-Laurent-du-Var<\/span><\/h2>\n<\/div><\/div><div class=\"et_pb_text_17 et_pb_text et_pb_bg_layout_light et_pb_module et_block_module\"><div class=\"et_pb_text_inner\"><p style=\"text-align: justify;\"><span style=\"font-size: large;\">Fornisco immagini di matrimonio naturali e creative. Mi preoccupo in particolare di dare alle mie foto una dimensione estetica al solo scopo di impreziosire il vostro piacevole grande giorno. Vi invito a scrivermi un messaggio per poter stabilire il servizio fotografico ideale del vostro matrimonio a Saint-Laurent-du-Var. Sarebbe un onore essere chiamati a fotografare le incomparabili emozioni del vostro matrimonio.<\/span><\/p>\n<p>&nbsp;<\/p>\n<\/div><\/div><div class=\"et_pb_module et_pb_button_module_wrapper et_pb_button_1_wrapper\"><a class=\"et_pb_button_1 et_pb_button et_pb_bg_layout_light et_pb_module et_block_module\" href=\"\/it\/contatto\/\">Contattatemi<\/a><\/div><\/div><\/div><div class=\"et_pb_row_7 et_pb_row et_block_row\"><div class=\"et_pb_column_9 et_pb_column et_pb_column_1_3 et_block_column et_pb_css_mix_blend_mode_passthrough\"><div class=\"et_pb_image_5 et_pb_image et_pb_module et_block_module\"><span class=\"et_pb_image_wrap\"><img decoding=\"async\" data-src=\"https:\/\/www.lauriecornillon.com\/wp-content\/uploads\/sites\/5\/2021\/04\/photographe-professionnel-antibes.jpg\" width=\"1704\" height=\"2560\" data-srcset=\"https:\/\/www.lauriecornillon.com\/wp-content\/uploads\/sites\/5\/2021\/04\/photographe-professionnel-antibes.jpg 1704w, https:\/\/www.lauriecornillon.com\/wp-content\/uploads\/sites\/5\/2021\/04\/photographe-professionnel-antibes-1280x1923.jpg 1280w, https:\/\/www.lauriecornillon.com\/wp-content\/uploads\/sites\/5\/2021\/04\/photographe-professionnel-antibes-980x1472.jpg 980w, https:\/\/www.lauriecornillon.com\/wp-content\/uploads\/sites\/5\/2021\/04\/photographe-professionnel-antibes-480x721.jpg 480w\" data-sizes=\"auto\" class=\"wp-image-17565 lazyload\" title=\"Fotografo professionista Saint-Laurent-du-Var\" alt=\"Fotografo professionista Saint-Laurent-du-Var\" src=\"data:image\/svg+xml;base64,PHN2ZyB3aWR0aD0iMSIgaGVpZ2h0PSIxIiB4bWxucz0iaHR0cDovL3d3dy53My5vcmcvMjAwMC9zdmciPjwvc3ZnPg==\" style=\"--smush-placeholder-width: 1704px; --smush-placeholder-aspect-ratio: 1704\/2560;\" data-original-sizes=\"(min-width: 0px) and (max-width: 480px) 480px, (min-width: 481px) and (max-width: 980px) 980px, (min-width: 981px) and (max-width: 1280px) 1280px, (min-width: 1281px) 1704px, 100vw\" \/><\/span><\/div><\/div><div class=\"et_pb_column_10 et_pb_column et_pb_column_1_3 et_block_column et_pb_css_mix_blend_mode_passthrough\"><div class=\"et_pb_image_6 et_pb_image et_pb_module et_block_module\"><span class=\"et_pb_image_wrap\"><img decoding=\"async\" data-src=\"https:\/\/www.lauriecornillon.com\/wp-content\/uploads\/sites\/5\/2021\/04\/photographies-mariage-antibes.jpg\" width=\"1708\" height=\"2560\" data-srcset=\"https:\/\/www.lauriecornillon.com\/wp-content\/uploads\/sites\/5\/2021\/04\/photographies-mariage-antibes.jpg 1708w, https:\/\/www.lauriecornillon.com\/wp-content\/uploads\/sites\/5\/2021\/04\/photographies-mariage-antibes-1280x1919.jpg 1280w, https:\/\/www.lauriecornillon.com\/wp-content\/uploads\/sites\/5\/2021\/04\/photographies-mariage-antibes-980x1469.jpg 980w, https:\/\/www.lauriecornillon.com\/wp-content\/uploads\/sites\/5\/2021\/04\/photographies-mariage-antibes-480x719.jpg 480w\" data-sizes=\"auto\" class=\"wp-image-17566 lazyload\" title=\"Fotografie di matrimonio Saint-Laurent-du-Var\" alt=\"Fotografie di matrimonio Saint-Laurent-du-Var\" src=\"data:image\/svg+xml;base64,PHN2ZyB3aWR0aD0iMSIgaGVpZ2h0PSIxIiB4bWxucz0iaHR0cDovL3d3dy53My5vcmcvMjAwMC9zdmciPjwvc3ZnPg==\" style=\"--smush-placeholder-width: 1708px; --smush-placeholder-aspect-ratio: 1708\/2560;\" data-original-sizes=\"(min-width: 0px) and (max-width: 480px) 480px, (min-width: 481px) and (max-width: 980px) 980px, (min-width: 981px) and (max-width: 1280px) 1280px, (min-width: 1281px) 1708px, 100vw\" \/><\/span><\/div><\/div><div class=\"et_pb_column_11 et_pb_column et_pb_column_1_3 et-last-child et_block_column et_pb_css_mix_blend_mode_passthrough\"><div class=\"et_pb_image_7 et_pb_image et_pb_module et_block_module\"><span class=\"et_pb_image_wrap\"><img decoding=\"async\" data-src=\"https:\/\/www.lauriecornillon.com\/wp-content\/uploads\/sites\/5\/2021\/04\/photographe-mariage-de-prestige-antibes.jpg\" width=\"1709\" height=\"2560\" data-srcset=\"https:\/\/www.lauriecornillon.com\/wp-content\/uploads\/sites\/5\/2021\/04\/photographe-mariage-de-prestige-antibes.jpg 1709w, https:\/\/www.lauriecornillon.com\/wp-content\/uploads\/sites\/5\/2021\/04\/photographe-mariage-de-prestige-antibes-1280x1917.jpg 1280w, https:\/\/www.lauriecornillon.com\/wp-content\/uploads\/sites\/5\/2021\/04\/photographe-mariage-de-prestige-antibes-980x1468.jpg 980w, https:\/\/www.lauriecornillon.com\/wp-content\/uploads\/sites\/5\/2021\/04\/photographe-mariage-de-prestige-antibes-480x719.jpg 480w\" data-sizes=\"auto\" class=\"wp-image-17567 lazyload\" title=\"Fotografo di matrimonio di prestigio Saint-Laurent-du-Var\" alt=\"Fotografo di matrimonio di prestigio Saint-Laurent-du-Var\" src=\"data:image\/svg+xml;base64,PHN2ZyB3aWR0aD0iMSIgaGVpZ2h0PSIxIiB4bWxucz0iaHR0cDovL3d3dy53My5vcmcvMjAwMC9zdmciPjwvc3ZnPg==\" style=\"--smush-placeholder-width: 1709px; --smush-placeholder-aspect-ratio: 1709\/2560;\" data-original-sizes=\"(min-width: 0px) and (max-width: 480px) 480px, (min-width: 481px) and (max-width: 980px) 980px, (min-width: 981px) and (max-width: 1280px) 1280px, (min-width: 1281px) 1709px, 100vw\" \/><\/span><\/div><\/div><\/div><\/div>","protected":false},"excerpt":{"rendered":"","protected":false},"author":1,"featured_media":0,"parent":0,"menu_order":0,"comment_status":"closed","ping_status":"closed","template":"","meta":{"footnotes":""},"class_list":["post-17623","page","type-page","status-publish","hentry"],"_links":{"self":[{"href":"https:\/\/www.lauriecornillon.com\/it\/wp-json\/wp\/v2\/pages\/17623","targetHints":{"allow":["GET"]}}],"collection":[{"href":"https:\/\/www.lauriecornillon.com\/it\/wp-json\/wp\/v2\/pages"}],"about":[{"href":"https:\/\/www.lauriecornillon.com\/it\/wp-json\/wp\/v2\/types\/page"}],"author":[{"embeddable":true,"href":"https:\/\/www.lauriecornillon.com\/it\/wp-json\/wp\/v2\/users\/1"}],"replies":[{"embeddable":true,"href":"https:\/\/www.lauriecornillon.com\/it\/wp-json\/wp\/v2\/comments?post=17623"}],"version-history":[{"count":0,"href":"https:\/\/www.lauriecornillon.com\/it\/wp-json\/wp\/v2\/pages\/17623\/revisions"}],"wp:attachment":[{"href":"https:\/\/www.lauriecornillon.com\/it\/wp-json\/wp\/v2\/media?parent=17623"}],"curies":[{"name":"wp","href":"https:\/\/api.w.org\/{rel}","templated":true}]}}