{"id":17668,"date":"2021-04-23T10:28:37","date_gmt":"2021-04-23T08:28:37","guid":{"rendered":"https:\/\/www.lauriecornillon.com\/?page_id=17668"},"modified":"2026-03-03T17:10:18","modified_gmt":"2026-03-03T16:10:18","slug":"fotografo-di-matrimonio-vallauris","status":"publish","type":"page","link":"https:\/\/www.lauriecornillon.com\/it\/photographe-mariage-vallauris\/","title":{"rendered":"Fotografo di matrimonio Vallauris"},"content":{"rendered":"<div class=\"et_pb_section_0 et_pb_section et_pb_fullwidth_section et_section_regular et_block_section\"><\/div><div class=\"et_pb_section_1 et_pb_section et_section_regular et_block_section\"><div class=\"et_pb_row_0 et_pb_row et_block_row\"><div class=\"et_pb_column_0 et_pb_column et_pb_column_4_4 et-last-child et_block_column et_pb_css_mix_blend_mode_passthrough\"><div class=\"et_pb_image_0 et_pb_image et_pb_module et_block_module\"><span class=\"et_pb_image_wrap\"><img decoding=\"async\" data-src=\"https:\/\/www.lauriecornillon.com\/wp-content\/smush-webp\/sites\/5\/2021\/02\/wedding-photographer-icon-4-gold.png.webp\" width=\"32\" height=\"32\" data-sizes=\"(max-width: 32px) 100vw, 32px\" class=\"wp-image-35 lazyload\" title=\"matrimonio-fotografo-icona-4-oro\" src=\"data:image\/svg+xml;base64,PHN2ZyB3aWR0aD0iMSIgaGVpZ2h0PSIxIiB4bWxucz0iaHR0cDovL3d3dy53My5vcmcvMjAwMC9zdmciPjwvc3ZnPg==\" style=\"--smush-placeholder-width: 32px; --smush-placeholder-aspect-ratio: 32\/32;\" \/><\/span><\/div><div class=\"et_pb_text_0 et_pb_text et_pb_bg_layout_light et_pb_module et_block_module et_pb_text_align_center\"><div class=\"et_pb_text_inner\"><p>Matrimonio<\/p>\n<\/div><\/div><div class=\"et_pb_text_1 et_pb_text et_pb_bg_layout_light et_pb_module et_block_module et_pb_text_align_center\"><div class=\"et_pb_text_inner\"><h1>Fotografo di matrimonio Vallauris<\/h1>\n<\/div><\/div><div class=\"et_pb_text_2 et_pb_text et_pb_bg_layout_light et_pb_module et_block_module et_pb_text_align_center\"><div class=\"et_pb_text_inner\"><h4>Salve, sono Laurie Cornillon<\/h4>\n<div class=\"col col-4 w-overlap-box\">\n<div class=\"col-inner\">\n<div class=\"w-text-block\">\n<p><span style=\"font-size: large;\">In qualit\u00e0 di fotografo contemporaneo a Vallauris ed esperto in fotografia di matrimonio, \u00e8 molto importante per me catturare per voi i ricordi pi\u00f9 belli di questo grande giorno. La mia visione fotografica \u00e8 moderna e creativa.<\/span><\/p>\n<p><span style=\"font-size: large;\">Guardando il mio libro, scoprirete che <a href=\"https:\/\/www.lauriecornillon.com\/it\/galleria\/\">galleria<\/a> la mia visione della fotografia di matrimonio, molto vicina a un servizio fotografico documentario di matrimonio. Voglio che le mie immagini riflettano l'emozione del momento e l'atmosfera naturale del giorno del vostro matrimonio a Vallauris. Mi preoccupo in particolare di realizzare foto naturali e autentiche, pur nella discrezione. Le immagini saranno un ricordo senza tempo del vostro grande giorno.<\/span><\/p>\n<\/div>\n<\/div>\n<\/div>\n<div class=\"col col-8\">\n<div class=\"col-inner\"><\/div>\n<\/div>\n<\/div><\/div><\/div><\/div><div class=\"et_pb_row_1 et_pb_row et_block_row\"><div class=\"et_pb_column_1 et_pb_column et_pb_column_4_4 et-last-child et_block_column et_pb_css_mix_blend_mode_passthrough\"><div class=\"et_pb_text_3 et_pb_text et_pb_bg_layout_light et_pb_module et_block_module\"><div class=\"et_pb_text_inner\"><h2><span style=\"font-size: xx-large;\">Il vostro matrimonio a Vallauris<\/span><\/h2>\n<\/div><\/div><\/div><\/div><div class=\"et_pb_row_2 et_pb_row et_block_row\"><div class=\"et_pb_column_2 et_pb_column et_pb_column_4_4 et-last-child et_block_column et_pb_css_mix_blend_mode_passthrough\"><div class=\"et_pb_text_4 et_pb_text et_pb_bg_layout_light et_pb_module et_block_module\"><div class=\"et_pb_text_inner\"><p>Con il suo sublime panorama della Baia di <a href=\"https:\/\/www.lauriecornillon.com\/it\/fotografo-di-matrimonio\/\">Cannes<\/a>Situata nel cuore della Costa Azzurra, tra le isole di L\u00e9rins e Golfe-Juan, la citt\u00e0 di Vallauris \u00e8 uno dei gioielli della Costa Azzurra. Oltre a questi magnifici paesaggi, Vallauris \u00e8 anche la capitale della ceramica. Citt\u00e0 d'arte e d'argilla, la citt\u00e0 ha la forte impronta del passaggio di Pablo Picasso. \u00c8 qui che ha creato la sua famosa opera \"Guerra e pace\".<\/p>\n<\/div><\/div><div class=\"et_pb_image_1 et_pb_image et_pb_module et_block_module\"><span class=\"et_pb_image_wrap\"><img decoding=\"async\" data-src=\"https:\/\/www.lauriecornillon.com\/wp-content\/uploads\/sites\/5\/2022\/07\/mariage-saint-paul-de-vence-37.jpg\" width=\"2500\" height=\"1668\" data-srcset=\"https:\/\/www.lauriecornillon.com\/wp-content\/uploads\/sites\/5\/2022\/07\/mariage-saint-paul-de-vence-37.jpg 2500w, https:\/\/www.lauriecornillon.com\/wp-content\/uploads\/sites\/5\/2022\/07\/mariage-saint-paul-de-vence-37-1280x854.jpg 1280w, https:\/\/www.lauriecornillon.com\/wp-content\/uploads\/sites\/5\/2022\/07\/mariage-saint-paul-de-vence-37-980x654.jpg 980w, https:\/\/www.lauriecornillon.com\/wp-content\/uploads\/sites\/5\/2022\/07\/mariage-saint-paul-de-vence-37-480x320.jpg 480w\" data-sizes=\"auto\" class=\"wp-image-28735 lazyload\" title=\"matrimonio-saint-paul-de-vence-37\" alt=\"Fotografo di matrimonio Vallauris\" src=\"data:image\/svg+xml;base64,PHN2ZyB3aWR0aD0iMSIgaGVpZ2h0PSIxIiB4bWxucz0iaHR0cDovL3d3dy53My5vcmcvMjAwMC9zdmciPjwvc3ZnPg==\" style=\"--smush-placeholder-width: 2500px; --smush-placeholder-aspect-ratio: 2500\/1668;\" data-original-sizes=\"(min-width: 0px) and (max-width: 480px) 480px, (min-width: 481px) and (max-width: 980px) 980px, (min-width: 981px) and (max-width: 1280px) 1280px, (min-width: 1281px) 2500px, 100vw\" \/><\/span><\/div><div class=\"et_pb_text_5 et_pb_text et_pb_bg_layout_light et_pb_module et_block_module\"><div class=\"et_pb_text_inner\"><h3><span style=\"font-family: 'Cormorant Garamond'; font-weight: normal;\">Sublimi fotografie di matrimonio a Vallauris<\/span><\/h3>\n<\/div><\/div><div class=\"et_pb_text_6 et_pb_text et_pb_bg_layout_light et_pb_module et_block_module\"><div class=\"et_pb_text_inner\"><p>Celebrare il vostro matrimonio a Vallauris \u00e8 un'opportunit\u00e0 incredibile. La citt\u00e0 di Vallauris \u00e8 la location perfetta per un servizio fotografico di matrimonio di alta qualit\u00e0. Con il suo sublime panorama su tutta la baia di <a href=\"https:\/\/www.lauriecornillon.com\/it\/fotografo-di-matrimonio\/\">Cannes<\/a> e Golfe Juan, Vallauris \u00e8 uno dei luoghi pi\u00f9 belli per celebrare il vostro matrimonio. Possiamo immortalare le fotografie del vostro giorno di nozze nell'antica Vallauris, un luogo di tradizione e cultura dell'argilla. La citt\u00e0 vecchia \u00e8 costruita a griglia, secondo i piani di Lascaris. Offre tutto il fascino della <a href=\"https:\/\/www.lauriecornillon.com\/it\/fotografo-matrimonio-provence\/\">Provenza :<\/a> facciate colorate, stradine acciottolate, negozi di artisti e artigiani locali.<\/p>\n<p>Tante risorse per realizzare magnifiche fotografie di matrimonio in un ambiente unico. In un'atmosfera bucolica, possiamo anche realizzare fotografie di matrimonio nel Parc du Paradou, con il suo meraviglioso panorama, o nel Parc de la Valmasque.<\/p>\n<\/div><\/div><div class=\"et_pb_text_7 et_pb_text et_pb_bg_layout_light et_pb_module et_block_module\"><div class=\"et_pb_text_inner\"><h2><span style=\"font-size: xx-large;\">Il vostro fotografo di matrimonio a Vallauris<\/span><\/h2>\n<\/div><\/div><div class=\"et_pb_image_2 et_pb_image et_pb_module et_block_module\"><span class=\"et_pb_image_wrap\"><img decoding=\"async\" data-src=\"https:\/\/www.lauriecornillon.com\/wp-content\/uploads\/sites\/5\/2022\/07\/mariage-saint-paul-de-vence-16.jpg\" width=\"2500\" height=\"1668\" data-srcset=\"https:\/\/www.lauriecornillon.com\/wp-content\/uploads\/sites\/5\/2022\/07\/mariage-saint-paul-de-vence-16.jpg 2500w, https:\/\/www.lauriecornillon.com\/wp-content\/uploads\/sites\/5\/2022\/07\/mariage-saint-paul-de-vence-16-1280x854.jpg 1280w, https:\/\/www.lauriecornillon.com\/wp-content\/uploads\/sites\/5\/2022\/07\/mariage-saint-paul-de-vence-16-980x654.jpg 980w, https:\/\/www.lauriecornillon.com\/wp-content\/uploads\/sites\/5\/2022\/07\/mariage-saint-paul-de-vence-16-480x320.jpg 480w\" data-sizes=\"auto\" class=\"wp-image-28634 lazyload\" title=\"matrimonio-saint-paul-de-vence-16\" alt=\"Foto matrimonio Vallauris\" src=\"data:image\/svg+xml;base64,PHN2ZyB3aWR0aD0iMSIgaGVpZ2h0PSIxIiB4bWxucz0iaHR0cDovL3d3dy53My5vcmcvMjAwMC9zdmciPjwvc3ZnPg==\" style=\"--smush-placeholder-width: 2500px; --smush-placeholder-aspect-ratio: 2500\/1668;\" data-original-sizes=\"(min-width: 0px) and (max-width: 480px) 480px, (min-width: 481px) and (max-width: 980px) 980px, (min-width: 981px) and (max-width: 1280px) 1280px, (min-width: 1281px) 2500px, 100vw\" \/><\/span><\/div><div class=\"et_pb_text_8 et_pb_text et_pb_bg_layout_light et_pb_module et_block_module\"><div class=\"et_pb_text_inner\"><p style=\"text-align: justify;\"><span style=\"font-size: large;\">Mi sforzo di dare autenticit\u00e0 alle mie immagini in modo che siano piene di emozioni. Il matrimonio \u00e8 un momento speciale in cui tutta la tenerezza si riunisce in un giorno unico.<\/span><\/p>\n<p style=\"text-align: justify;\"><span style=\"font-size: large;\">Il giorno del matrimonio inizia con l'eccitazione dei preparativi, poi l'eccitazione si trasforma in stress e tensione quando si percorre la navata verso la sala nuziale prima che appaia il futuro marito\/moglie. Osservando il vostro futuro marito\/moglie, vi infatuerete di nuovo. Tra adorazione e soddisfazione, c'\u00e8 spesso la possibilit\u00e0 di una piccola lacrima nel ritratto degli sposi e delle loro famiglie. Alla fine la festa si trasformer\u00e0 in un'esplosione di felicit\u00e0. \u00c8 l'insieme di queste sensibilit\u00e0 che conferisce un tessuto inimitabile al vostro matrimonio a Vallauris, ed \u00e8 in questo onore che mi preoccupo particolarmente di realizzare un servizio fotografico sensibile. L'aggiunta di questi momenti felici \u00e8 inevitabile nelle mie fotografie.<\/span><\/p>\n<p style=\"text-align: justify;\"><span style=\"font-size: large;\">Con la mia attrezzatura professionale, fotografo tutti quei minuti impareggiabili, momenti autentici presi per offrirvi scatti incantevoli del vostro matrimonio a Vallauris. Il mio intento \u00e8 inequivocabile: farvi godere la giornata sapendo che tutti questi momenti eccezionali saranno immortalati.<\/span><\/p>\n<\/div><\/div><div class=\"et_pb_text_9 et_pb_text et_pb_bg_layout_light et_pb_module et_block_module\"><div class=\"et_pb_text_inner\"><h3><span style=\"font-family: 'Cormorant Garamond'; font-weight: normal;\">Le emozioni al centro delle mie fotografie<\/span><\/h3>\n<\/div><\/div><div class=\"et_pb_image_3 et_pb_image et_pb_module et_block_module\"><span class=\"et_pb_image_wrap\"><img decoding=\"async\" data-src=\"https:\/\/www.lauriecornillon.com\/wp-content\/uploads\/sites\/5\/2021\/04\/photographe-mariage-professionnel-antibes.jpg\" width=\"2560\" height=\"1709\" data-srcset=\"https:\/\/www.lauriecornillon.com\/wp-content\/uploads\/sites\/5\/2021\/04\/photographe-mariage-professionnel-antibes.jpg 2560w, https:\/\/www.lauriecornillon.com\/wp-content\/uploads\/sites\/5\/2021\/04\/photographe-mariage-professionnel-antibes-1280x855.jpg 1280w, https:\/\/www.lauriecornillon.com\/wp-content\/uploads\/sites\/5\/2021\/04\/photographe-mariage-professionnel-antibes-980x654.jpg 980w, https:\/\/www.lauriecornillon.com\/wp-content\/uploads\/sites\/5\/2021\/04\/photographe-mariage-professionnel-antibes-480x320.jpg 480w\" data-sizes=\"auto\" class=\"wp-image-17562 lazyload\" title=\"Fotografo di matrimonio professionista Vallauris\" alt=\"Fotografo di matrimonio professionista Vallauris\" src=\"data:image\/svg+xml;base64,PHN2ZyB3aWR0aD0iMSIgaGVpZ2h0PSIxIiB4bWxucz0iaHR0cDovL3d3dy53My5vcmcvMjAwMC9zdmciPjwvc3ZnPg==\" style=\"--smush-placeholder-width: 2560px; --smush-placeholder-aspect-ratio: 2560\/1709;\" data-original-sizes=\"(min-width: 0px) and (max-width: 480px) 480px, (min-width: 481px) and (max-width: 980px) 980px, (min-width: 981px) and (max-width: 1280px) 1280px, (min-width: 1281px) 2560px, 100vw\" \/><\/span><\/div><div class=\"et_pb_text_10 et_pb_text et_pb_bg_layout_light et_pb_module et_block_module\"><div class=\"et_pb_text_inner\"><p style=\"text-align: justify;\"><span style=\"font-size: large;\">Durante il vostro D-Day a Vallauris, presto attenzione ai minuti pi\u00f9 puri, con l'unico scopo di creare ricordi del vostro grande giorno in seguito. Presento scatti che mostrano l'adorazione tra voi e i vostri ospiti durante il giorno pi\u00f9 bello della vostra vita. Il matrimonio \u00e8 una di quelle occasioni impareggiabili in cui la famiglia e gli amici sono presenti a Vallauris per celebrare un'unione. In questo giorno speciale, mi piace catturare i momenti di complicit\u00e0 tra i partner e i loro fratelli, e tra gli sposi e i loro amici. Con la mia macchina fotografica, mostro il vostro amore e le storie della vostra cerchia familiare.<\/span><\/p>\n<p style=\"text-align: justify;\"><span style=\"font-size: large;\">Testimoni di questo grande giorno, le fotografie di questi minuti speciali rimarranno in mezzo al vostro entourage per molte generazioni. Le magiche impronte senza tempo del vostro grande giorno rimarranno per tutta la vita come foto del vostro matrimonio a Vallauris. Vi porteranno in mezzo al piacevole ricordo della vostra unione. Le fotografie esporranno ai vostri figli la storia della vostra relazione.<\/span><\/p>\n<\/div><\/div><div class=\"et_pb_image_4 et_pb_image et_pb_module et_block_module\"><span class=\"et_pb_image_wrap\"><img decoding=\"async\" data-src=\"https:\/\/www.lauriecornillon.com\/wp-content\/uploads\/sites\/5\/2022\/07\/mariage-silvi-alexis-69.jpg\" width=\"2500\" height=\"1668\" data-srcset=\"https:\/\/www.lauriecornillon.com\/wp-content\/uploads\/sites\/5\/2022\/07\/mariage-silvi-alexis-69.jpg 2500w, https:\/\/www.lauriecornillon.com\/wp-content\/uploads\/sites\/5\/2022\/07\/mariage-silvi-alexis-69-1280x854.jpg 1280w, https:\/\/www.lauriecornillon.com\/wp-content\/uploads\/sites\/5\/2022\/07\/mariage-silvi-alexis-69-980x654.jpg 980w, https:\/\/www.lauriecornillon.com\/wp-content\/uploads\/sites\/5\/2022\/07\/mariage-silvi-alexis-69-480x320.jpg 480w\" data-sizes=\"auto\" class=\"wp-image-28631 lazyload\" title=\"matrimonio-silvi-alexis-69\" alt=\"Fotografo Vallauris\" src=\"data:image\/svg+xml;base64,PHN2ZyB3aWR0aD0iMSIgaGVpZ2h0PSIxIiB4bWxucz0iaHR0cDovL3d3dy53My5vcmcvMjAwMC9zdmciPjwvc3ZnPg==\" style=\"--smush-placeholder-width: 2500px; --smush-placeholder-aspect-ratio: 2500\/1668;\" data-original-sizes=\"(min-width: 0px) and (max-width: 480px) 480px, (min-width: 481px) and (max-width: 980px) 980px, (min-width: 981px) and (max-width: 1280px) 1280px, (min-width: 1281px) 2500px, 100vw\" \/><\/span><\/div><div class=\"et_pb_module et_pb_button_module_wrapper et_pb_button_0_wrapper\"><a class=\"et_pb_button_0 et_pb_button et_pb_bg_layout_light et_pb_module et_block_module\" href=\"\/it\/galleria\/\">Visualizza la galleria<\/a><\/div><\/div><\/div><\/div><div class=\"et_pb_section_2 et_pb_section et_section_regular et_block_section\"><div class=\"et_pb_row_3 et_pb_row et_block_row\"><div class=\"et_pb_column_3 et_pb_column et_pb_column_4_4 et-last-child et_block_column et_pb_css_mix_blend_mode_passthrough\"><div class=\"et_pb_text_11 et_pb_text et_pb_bg_layout_light et_pb_module et_block_module\"><div class=\"et_pb_text_inner\"><h4><span style=\"font-size: xx-large;\">Fotografo pluripremiato in Europa<\/span><\/h4>\n<\/div><\/div><\/div><\/div><div class=\"et_pb_row_4 et_pb_row et_block_row\"><div class=\"et_pb_column_4 et_pb_column et_pb_column_4_4 et-last-child et_block_column et_pb_css_mix_blend_mode_passthrough\"><div class=\"et_pb_text_12 et_pb_text et_pb_bg_layout_light et_pb_module et_block_module\"><div class=\"et_pb_text_inner\"><p style=\"text-align: center;\">Laurie \u00e8 un'artista del <a href=\"https:\/\/www.lauriecornillon.com\/it\/fotografo-di-matrimonio-cote-azur\/\">Costa Azzurra<\/a> premiata da prestigiosi siti web in Europa per l'inventiva delle sue foto e le sue qualit\u00e0 tecniche. Avrete la garanzia di avere a disposizione uno dei migliori fotografi di matrimonio di Vallauris e del <a href=\"https:\/\/www.lauriecornillon.com\/it\/fotografo-di-matrimonio-cote-azur\/\">Costa Azzurra<\/a> per il vostro grande giorno.<\/p>\n<\/div><\/div><\/div><\/div><div class=\"et_pb_row_5 et_pb_row et_block_row\"><div class=\"et_pb_column_5 et_pb_column et_pb_column_1_3 et_block_column et_pb_css_mix_blend_mode_passthrough\"><div class=\"et_pb_text_13 et_pb_text et_pb_bg_layout_light et_pb_module et_block_module\"><div class=\"et_pb_text_inner\"><p style=\"text-align: center;\"><span color=\"#ffffff\" style=\"color: #ffffff;\">Premi di nozze<\/span><\/p>\n<p style=\"text-align: center;\"><em><span style=\"color: #b9a06f;\">Premi Wedding.net\u00a0<\/span><\/em><\/p>\n<\/div><\/div><\/div><div class=\"et_pb_column_6 et_pb_column et_pb_column_1_3 et_block_column et_pb_css_mix_blend_mode_passthrough\"><div class=\"et_pb_text_14 et_pb_text et_pb_bg_layout_light et_pb_module et_block_module\"><div class=\"et_pb_text_inner\"><p style=\"text-align: center;\"><span style=\"color: #ffffff;\">Premi europei <\/span><\/p>\n<p style=\"text-align: center;\"><em><span style=\"color: #b9a06f;\">Premio Pixedo nella categoria paesaggio<\/span><\/em><\/p>\n<\/div><\/div><\/div><div class=\"et_pb_column_7 et_pb_column et_pb_column_1_3 et-last-child et_block_column et_pb_css_mix_blend_mode_passthrough\"><div class=\"et_pb_text_15 et_pb_text et_pb_bg_layout_light et_pb_module et_block_module\"><div class=\"et_pb_text_inner\"><p style=\"text-align: center;\"><span style=\"color: #ffffff;\">Fotografia dell'anno<\/span><\/p>\n<p style=\"text-align: center;\"><em><span style=\"color: #b9a06f;\">Premio Costa Azzurra Francia 2017<\/span><\/em><\/p>\n<\/div><\/div><\/div><\/div><\/div><div class=\"et_pb_section_3 et_pb_section et_section_regular et_block_section\"><div class=\"et_pb_row_6 et_pb_row et_block_row\"><div class=\"et_pb_column_8 et_pb_column et_pb_column_4_4 et-last-child et_block_column et_pb_css_mix_blend_mode_passthrough\"><div class=\"et_pb_text_16 et_pb_text et_pb_bg_layout_light et_pb_module et_block_module\"><div class=\"et_pb_text_inner\"><h2><span style=\"font-size: xx-large;\">Parliamo del vostro progetto di matrimonio a Vallauris<\/span><\/h2>\n<\/div><\/div><div class=\"et_pb_text_17 et_pb_text et_pb_bg_layout_light et_pb_module et_block_module\"><div class=\"et_pb_text_inner\"><p style=\"text-align: justify;\"><span style=\"font-size: large;\">Presento una fotografia di matrimonio creativa e autentica. Voglio dare alle mie immagini una grandezza ineguagliabile per abbagliare il vostro meraviglioso grande giorno. Vi invito a parlare con me in modo da poter lavorare insieme per creare il reportage fotografico del vostro matrimonio a Vallauris. Sarebbe un piacere essere coinvolti nei momenti impareggiabili del vostro matrimonio.<\/span><\/p>\n<p>&nbsp;<\/p>\n<\/div><\/div><div class=\"et_pb_module et_pb_button_module_wrapper et_pb_button_1_wrapper\"><a class=\"et_pb_button_1 et_pb_button et_pb_bg_layout_light et_pb_module et_block_module\" href=\"\/it\/contatto\/\">Contattatemi<\/a><\/div><\/div><\/div><div class=\"et_pb_row_7 et_pb_row et_block_row\"><div class=\"et_pb_column_9 et_pb_column et_pb_column_1_3 et_block_column et_pb_css_mix_blend_mode_passthrough\"><div class=\"et_pb_image_5 et_pb_image et_pb_module et_block_module\"><span class=\"et_pb_image_wrap\"><img decoding=\"async\" data-src=\"https:\/\/www.lauriecornillon.com\/wp-content\/uploads\/sites\/5\/2021\/04\/photographe-professionnel-antibes.jpg\" width=\"1704\" height=\"2560\" data-srcset=\"https:\/\/www.lauriecornillon.com\/wp-content\/uploads\/sites\/5\/2021\/04\/photographe-professionnel-antibes.jpg 1704w, https:\/\/www.lauriecornillon.com\/wp-content\/uploads\/sites\/5\/2021\/04\/photographe-professionnel-antibes-1280x1923.jpg 1280w, https:\/\/www.lauriecornillon.com\/wp-content\/uploads\/sites\/5\/2021\/04\/photographe-professionnel-antibes-980x1472.jpg 980w, https:\/\/www.lauriecornillon.com\/wp-content\/uploads\/sites\/5\/2021\/04\/photographe-professionnel-antibes-480x721.jpg 480w\" data-sizes=\"auto\" class=\"wp-image-17565 lazyload\" title=\"Fotografo professionista Vallauris\" alt=\"Fotografo professionista Vallauris\" src=\"data:image\/svg+xml;base64,PHN2ZyB3aWR0aD0iMSIgaGVpZ2h0PSIxIiB4bWxucz0iaHR0cDovL3d3dy53My5vcmcvMjAwMC9zdmciPjwvc3ZnPg==\" style=\"--smush-placeholder-width: 1704px; --smush-placeholder-aspect-ratio: 1704\/2560;\" data-original-sizes=\"(min-width: 0px) and (max-width: 480px) 480px, (min-width: 481px) and (max-width: 980px) 980px, (min-width: 981px) and (max-width: 1280px) 1280px, (min-width: 1281px) 1704px, 100vw\" \/><\/span><\/div><\/div><div class=\"et_pb_column_10 et_pb_column et_pb_column_1_3 et_block_column et_pb_css_mix_blend_mode_passthrough\"><div class=\"et_pb_image_6 et_pb_image et_pb_module et_block_module\"><span class=\"et_pb_image_wrap\"><img decoding=\"async\" data-src=\"https:\/\/www.lauriecornillon.com\/wp-content\/uploads\/sites\/5\/2021\/03\/galerie-119.jpg\" width=\"1668\" height=\"2500\" data-srcset=\"https:\/\/www.lauriecornillon.com\/wp-content\/uploads\/sites\/5\/2021\/03\/galerie-119.jpg 1668w, https:\/\/www.lauriecornillon.com\/wp-content\/uploads\/sites\/5\/2021\/03\/galerie-119-1280x1918.jpg 1280w, https:\/\/www.lauriecornillon.com\/wp-content\/uploads\/sites\/5\/2021\/03\/galerie-119-980x1469.jpg 980w, https:\/\/www.lauriecornillon.com\/wp-content\/uploads\/sites\/5\/2021\/03\/galerie-119-480x719.jpg 480w\" data-sizes=\"auto\" class=\"wp-image-29166 lazyload\" title=\"galleria-119\" alt=\"Fotografia di matrimonio Vallauris\" src=\"data:image\/svg+xml;base64,PHN2ZyB3aWR0aD0iMSIgaGVpZ2h0PSIxIiB4bWxucz0iaHR0cDovL3d3dy53My5vcmcvMjAwMC9zdmciPjwvc3ZnPg==\" style=\"--smush-placeholder-width: 1668px; --smush-placeholder-aspect-ratio: 1668\/2500;\" data-original-sizes=\"(min-width: 0px) and (max-width: 480px) 480px, (min-width: 481px) and (max-width: 980px) 980px, (min-width: 981px) and (max-width: 1280px) 1280px, (min-width: 1281px) 1668px, 100vw\" \/><\/span><\/div><\/div><div class=\"et_pb_column_11 et_pb_column et_pb_column_1_3 et-last-child et_block_column et_pb_css_mix_blend_mode_passthrough\"><div class=\"et_pb_image_7 et_pb_image et_pb_module et_block_module\"><span class=\"et_pb_image_wrap\"><img decoding=\"async\" data-src=\"https:\/\/www.lauriecornillon.com\/wp-content\/uploads\/sites\/5\/2021\/04\/photographe-mariage-de-prestige-antibes.jpg\" width=\"1709\" height=\"2560\" data-srcset=\"https:\/\/www.lauriecornillon.com\/wp-content\/uploads\/sites\/5\/2021\/04\/photographe-mariage-de-prestige-antibes.jpg 1709w, https:\/\/www.lauriecornillon.com\/wp-content\/uploads\/sites\/5\/2021\/04\/photographe-mariage-de-prestige-antibes-1280x1917.jpg 1280w, https:\/\/www.lauriecornillon.com\/wp-content\/uploads\/sites\/5\/2021\/04\/photographe-mariage-de-prestige-antibes-980x1468.jpg 980w, https:\/\/www.lauriecornillon.com\/wp-content\/uploads\/sites\/5\/2021\/04\/photographe-mariage-de-prestige-antibes-480x719.jpg 480w\" data-sizes=\"auto\" class=\"wp-image-17567 lazyload\" title=\"Fotografo di matrimonio di prestigio Vallauris\" alt=\"Fotografo di matrimonio di prestigio Vallauris\" src=\"data:image\/svg+xml;base64,PHN2ZyB3aWR0aD0iMSIgaGVpZ2h0PSIxIiB4bWxucz0iaHR0cDovL3d3dy53My5vcmcvMjAwMC9zdmciPjwvc3ZnPg==\" style=\"--smush-placeholder-width: 1709px; --smush-placeholder-aspect-ratio: 1709\/2560;\" data-original-sizes=\"(min-width: 0px) and (max-width: 480px) 480px, (min-width: 481px) and (max-width: 980px) 980px, (min-width: 981px) and (max-width: 1280px) 1280px, (min-width: 1281px) 1709px, 100vw\" \/><\/span><\/div><\/div><\/div><\/div>","protected":false},"excerpt":{"rendered":"","protected":false},"author":1,"featured_media":0,"parent":0,"menu_order":0,"comment_status":"closed","ping_status":"closed","template":"","meta":{"footnotes":""},"class_list":["post-17668","page","type-page","status-publish","hentry"],"_links":{"self":[{"href":"https:\/\/www.lauriecornillon.com\/it\/wp-json\/wp\/v2\/pages\/17668","targetHints":{"allow":["GET"]}}],"collection":[{"href":"https:\/\/www.lauriecornillon.com\/it\/wp-json\/wp\/v2\/pages"}],"about":[{"href":"https:\/\/www.lauriecornillon.com\/it\/wp-json\/wp\/v2\/types\/page"}],"author":[{"embeddable":true,"href":"https:\/\/www.lauriecornillon.com\/it\/wp-json\/wp\/v2\/users\/1"}],"replies":[{"embeddable":true,"href":"https:\/\/www.lauriecornillon.com\/it\/wp-json\/wp\/v2\/comments?post=17668"}],"version-history":[{"count":0,"href":"https:\/\/www.lauriecornillon.com\/it\/wp-json\/wp\/v2\/pages\/17668\/revisions"}],"wp:attachment":[{"href":"https:\/\/www.lauriecornillon.com\/it\/wp-json\/wp\/v2\/media?parent=17668"}],"curies":[{"name":"wp","href":"https:\/\/api.w.org\/{rel}","templated":true}]}}