{"id":17679,"date":"2021-04-23T10:50:43","date_gmt":"2021-04-23T08:50:43","guid":{"rendered":"https:\/\/www.lauriecornillon.com\/?page_id=17679"},"modified":"2026-03-03T17:10:27","modified_gmt":"2026-03-03T16:10:27","slug":"matrimonio-fotografo-beausoleil","status":"publish","type":"page","link":"https:\/\/www.lauriecornillon.com\/it\/photographe-mariage-beausoleil\/","title":{"rendered":"Fotografo di matrimonio Beausoleil"},"content":{"rendered":"<div class=\"et_pb_section_0 et_pb_section et_pb_fullwidth_section et_section_regular et_block_section\"><\/div><div class=\"et_pb_section_1 et_pb_section et_section_regular et_block_section\"><div class=\"et_pb_row_0 et_pb_row et_block_row\"><div class=\"et_pb_column_0 et_pb_column et_pb_column_4_4 et-last-child et_block_column et_pb_css_mix_blend_mode_passthrough\"><div class=\"et_pb_image_0 et_pb_image et_pb_module et_block_module\"><span class=\"et_pb_image_wrap\"><img decoding=\"async\" data-src=\"https:\/\/www.lauriecornillon.com\/wp-content\/smush-webp\/sites\/5\/2021\/02\/wedding-photographer-icon-4-gold.png.webp\" width=\"32\" height=\"32\" data-sizes=\"(max-width: 32px) 100vw, 32px\" class=\"wp-image-35 lazyload\" title=\"matrimonio-fotografo-icona-4-oro\" src=\"data:image\/svg+xml;base64,PHN2ZyB3aWR0aD0iMSIgaGVpZ2h0PSIxIiB4bWxucz0iaHR0cDovL3d3dy53My5vcmcvMjAwMC9zdmciPjwvc3ZnPg==\" style=\"--smush-placeholder-width: 32px; --smush-placeholder-aspect-ratio: 32\/32;\" \/><\/span><\/div><div class=\"et_pb_text_0 et_pb_text et_pb_bg_layout_light et_pb_module et_block_module et_pb_text_align_center\"><div class=\"et_pb_text_inner\"><p>Matrimonio<\/p>\n<\/div><\/div><div class=\"et_pb_text_1 et_pb_text et_pb_bg_layout_light et_pb_module et_block_module et_pb_text_align_center\"><div class=\"et_pb_text_inner\"><h1>Fotografo di matrimonio Beausoleil<\/h1>\n<\/div><\/div><div class=\"et_pb_text_2 et_pb_text et_pb_bg_layout_light et_pb_module et_block_module et_pb_text_align_center\"><div class=\"et_pb_text_inner\"><h4>Salve, sono Laurie Cornillon<\/h4>\n<div class=\"col col-4 w-overlap-box\">\n<div class=\"col-inner\">\n<div class=\"w-text-block\">\n<p><span style=\"font-size: large;\">In qualit\u00e0 di fotografo di matrimonio esperto a Beausoleil, desidero catturare per voi i ricordi pi\u00f9 belli del vostro giorno di nozze. La mia visione fotografica \u00e8 naturale e autentica.<\/span><\/p>\n<p><span style=\"font-size: large;\">Guardando il mio libro, scoprirete che <a href=\"https:\/\/www.lauriecornillon.com\/it\/galleria\/\">galleria<\/a> la mia concezione di fotografia di matrimonio, molto vicina a un reportage fotografico. Attribuisco grande importanza al fatto che le mie fotografie trasmettano l'emozione del momento e l'atmosfera naturale del vostro matrimonio a Beausoleil. Sono convinto che le immagini saranno la testimonianza indimenticabile della vostra unione.<\/span><\/p>\n<\/div>\n<\/div>\n<\/div>\n<div class=\"col col-8\">\n<div class=\"col-inner\"><\/div>\n<\/div>\n<\/div><\/div><\/div><\/div><div class=\"et_pb_row_1 et_pb_row et_block_row\"><div class=\"et_pb_column_1 et_pb_column et_pb_column_4_4 et-last-child et_block_column et_pb_css_mix_blend_mode_passthrough\"><div class=\"et_pb_text_3 et_pb_text et_pb_bg_layout_light et_pb_module et_block_module\"><div class=\"et_pb_text_inner\"><h2><span style=\"font-size: xx-large;\">Il vostro matrimonio a Beausoleil<\/span><\/h2>\n<\/div><\/div><\/div><\/div><div class=\"et_pb_row_2 et_pb_row et_block_row\"><div class=\"et_pb_column_2 et_pb_column et_pb_column_4_4 et-last-child et_block_column et_pb_css_mix_blend_mode_passthrough\"><div class=\"et_pb_text_4 et_pb_text et_pb_bg_layout_light et_pb_module et_block_module\"><div class=\"et_pb_text_inner\"><p>A due passi da <a href=\"https:\/\/www.lauriecornillon.com\/it\/fotografo-di-matrimonio-monaco\/\">Monaco<\/a>Il comune di Beausoleil si trova nel dipartimento delle Alpi Marittime. Beausoleil vanta numerosi edifici Belle \u00c9poque che conferiscono alla citt\u00e0 un fascino e un carattere incredibili. Un vero e proprio balcone sul Mar Mediterraneo e su <a href=\"https:\/\/www.lauriecornillon.com\/it\/fotografo-di-matrimonio-monaco\/\">Monaco<\/a>Beausoleil \u00e8 una delle citt\u00e0 pi\u00f9 importanti della Costa Azzurra.<\/p>\n<p>Beausoleil \u00e8 un luogo assolutamente splendido per la fotografia di matrimonio. Con le sue strade acciottolate, gli edifici colorati e le splendide viste sul Mar Mediterraneo, Beausoleil offre un ambiente idilliaco per le coppie che desiderano immortalare i momenti pi\u00f9 importanti del loro matrimonio.<\/p>\n<p>Sono sempre felice di scattare foto di matrimonio a Beausoleil, perch\u00e9 ci sono cos\u00ec tante belle location per catturare momenti indimenticabili. Che si tratti di foto in riva al mare, nelle stradine acciottolate o sulle terrazze panoramiche, Beausoleil offre un'incredibile variet\u00e0 di ambientazioni per le foto di matrimonio.<\/p>\n<p>L'architettura pittoresca di Beausoleil e i suoi numerosi giardini mediterranei sono una delizia per gli occhi. Sono sempre desideroso di catturare momenti romantici in questo ambiente idilliaco. Sono certo che le coppie che scelgono Beausoleil per il loro matrimonio saranno felici di vedere le meravigliose immagini che posso catturare per loro.<\/p>\n<\/div><\/div><div class=\"et_pb_image_1 et_pb_image et_pb_module et_block_module\"><span class=\"et_pb_image_wrap\"><img decoding=\"async\" data-src=\"https:\/\/www.lauriecornillon.com\/wp-content\/uploads\/sites\/5\/2021\/04\/photographe-mariage-laurie-cornillon-1.jpg\" width=\"2560\" height=\"1709\" data-srcset=\"https:\/\/www.lauriecornillon.com\/wp-content\/uploads\/sites\/5\/2021\/04\/photographe-mariage-laurie-cornillon-1.jpg 2560w, https:\/\/www.lauriecornillon.com\/wp-content\/uploads\/sites\/5\/2021\/04\/photographe-mariage-laurie-cornillon-1-1280x855.jpg 1280w, https:\/\/www.lauriecornillon.com\/wp-content\/uploads\/sites\/5\/2021\/04\/photographe-mariage-laurie-cornillon-1-980x654.jpg 980w, https:\/\/www.lauriecornillon.com\/wp-content\/uploads\/sites\/5\/2021\/04\/photographe-mariage-laurie-cornillon-1-480x320.jpg 480w\" data-sizes=\"auto\" class=\"wp-image-17857 lazyload\" title=\"Fotografo di matrimonio Beausoleil\" alt=\"Fotografo di matrimonio Beausoleil\" src=\"data:image\/svg+xml;base64,PHN2ZyB3aWR0aD0iMSIgaGVpZ2h0PSIxIiB4bWxucz0iaHR0cDovL3d3dy53My5vcmcvMjAwMC9zdmciPjwvc3ZnPg==\" style=\"--smush-placeholder-width: 2560px; --smush-placeholder-aspect-ratio: 2560\/1709;\" data-original-sizes=\"(min-width: 0px) and (max-width: 480px) 480px, (min-width: 481px) and (max-width: 980px) 980px, (min-width: 981px) and (max-width: 1280px) 1280px, (min-width: 1281px) 2560px, 100vw\" \/><\/span><\/div><div class=\"et_pb_text_5 et_pb_text et_pb_bg_layout_light et_pb_module et_block_module\"><div class=\"et_pb_text_inner\"><h3><span style=\"font-family: 'Cormorant Garamond'; font-weight: normal;\">Bellissima fotografia di matrimonio a Beausoleil<\/span><\/h3>\n<\/div><\/div><div class=\"et_pb_text_6 et_pb_text et_pb_bg_layout_light et_pb_module et_block_module\"><div class=\"et_pb_text_inner\"><p>La citt\u00e0 di Beausoleil \u00e8 un luogo magico per celebrare la vostra unione. La citt\u00e0 \u00e8 bellissima e questo rende Beausoleil la cornice ideale per la fotografia di matrimonio.<\/p>\n<p>Con la mia macchina fotografica, immortaler\u00f2 il vostro amore in questa atmosfera unica, dove l'architettura Belle \u00c9poque si fonde con il sublime panorama del Principato di <a href=\"https:\/\/www.lauriecornillon.com\/it\/fotografo-di-matrimonio-monaco\/\">Monaco<\/a>. Possiamo anche fotografare il vostro matrimonio a Beausoleil presso il Mont des Mules, rinomato per la sua vista mozzafiato. Beausoleil offre l'opportunit\u00e0 unica di immortalare il vostro matrimonio al Riviera Palace, in particolare sotto il tetto di vetro del giardino d'inverno creato da Gustave Eiffel.<\/p>\n<\/div><\/div><div class=\"et_pb_text_7 et_pb_text et_pb_bg_layout_light et_pb_module et_block_module\"><div class=\"et_pb_text_inner\"><h2><span style=\"font-size: xx-large;\">Il vostro fotografo di matrimonio a Beausoleil<\/span><\/h2>\n<\/div><\/div><div class=\"et_pb_image_2 et_pb_image et_pb_module et_block_module\"><span class=\"et_pb_image_wrap\"><img decoding=\"async\" data-src=\"https:\/\/www.lauriecornillon.com\/wp-content\/uploads\/sites\/5\/2022\/07\/mariage-villefranche-sur-mer-100.jpg\" width=\"2500\" height=\"1668\" data-srcset=\"https:\/\/www.lauriecornillon.com\/wp-content\/uploads\/sites\/5\/2022\/07\/mariage-villefranche-sur-mer-100.jpg 2500w, https:\/\/www.lauriecornillon.com\/wp-content\/uploads\/sites\/5\/2022\/07\/mariage-villefranche-sur-mer-100-1280x854.jpg 1280w, https:\/\/www.lauriecornillon.com\/wp-content\/uploads\/sites\/5\/2022\/07\/mariage-villefranche-sur-mer-100-980x654.jpg 980w, https:\/\/www.lauriecornillon.com\/wp-content\/uploads\/sites\/5\/2022\/07\/mariage-villefranche-sur-mer-100-480x320.jpg 480w\" data-sizes=\"auto\" class=\"wp-image-28961 lazyload\" title=\"matrimonio-citt\u00e0-franche-sur-mer-100\" alt=\"Foto del matrimonio Beausoleil\" src=\"data:image\/svg+xml;base64,PHN2ZyB3aWR0aD0iMSIgaGVpZ2h0PSIxIiB4bWxucz0iaHR0cDovL3d3dy53My5vcmcvMjAwMC9zdmciPjwvc3ZnPg==\" style=\"--smush-placeholder-width: 2500px; --smush-placeholder-aspect-ratio: 2500\/1668;\" data-original-sizes=\"(min-width: 0px) and (max-width: 480px) 480px, (min-width: 481px) and (max-width: 980px) 980px, (min-width: 981px) and (max-width: 1280px) 1280px, (min-width: 1281px) 2500px, 100vw\" \/><\/span><\/div><div class=\"et_pb_text_8 et_pb_text et_pb_bg_layout_light et_pb_module et_block_module\"><div class=\"et_pb_text_inner\"><p style=\"text-align: justify;\"><span style=\"font-size: large;\">Mi impegno al massimo per dare autenticit\u00e0 alle mie fotografie, affinch\u00e9 siano piene d'amore. Un matrimonio \u00e8 un risultato senza precedenti, in cui la totalit\u00e0 delle passioni si riunisce in un unico giorno.<\/span><\/p>\n<p style=\"text-align: justify;\"><span style=\"font-size: large;\">Il vostro matrimonio inizia con l'eccitazione dei preparativi, che si trasformer\u00e0 poi in effervescenza e stress, che si protrarranno per un breve periodo prima che vi avviciniate ai gradini del municipio per rivelare il vostro futuro marito\/moglie. Quando tornerete dal vostro futuro marito\/moglie, sarete innamorati come la prima volta. Tra l'adorazione e l'esaltazione, \u00e8 normale vedere una piccola lacrima passare sui lineamenti dei futuri sposi e delle loro trib\u00f9. Alla fine della giornata, la festa sar\u00e0 in pieno svolgimento. \u00c8 la combinazione di questi aspetti emotivi che rende il vostro matrimonio a Beausoleil cos\u00ec speciale, e sar\u00f2 lieto di immortalare tutti questi bei momenti.\u00a0<\/span><\/p>\n<p style=\"text-align: justify;\"><span style=\"font-size: large;\">Con la mia attrezzatura professionale, catturo quei momenti speciali, emozioni sincere immortalate per portarvi un ricordo indimenticabile del vostro matrimonio a Beausoleil. La mia missione \u00e8 senza pretese, \u00e8 quella di permettervi di godervi la giornata sapendo che tutti i vostri momenti preziosi saranno immortalati.<\/span><\/p>\n<\/div><\/div><div class=\"et_pb_text_9 et_pb_text et_pb_bg_layout_light et_pb_module et_block_module\"><div class=\"et_pb_text_inner\"><h3><span style=\"font-family: 'Cormorant Garamond'; font-weight: normal;\">Le emozioni al centro delle mie fotografie<\/span><\/h3>\n<\/div><\/div><div class=\"et_pb_image_3 et_pb_image et_pb_module et_block_module\"><span class=\"et_pb_image_wrap\"><img decoding=\"async\" data-src=\"https:\/\/www.lauriecornillon.com\/wp-content\/uploads\/sites\/5\/2021\/04\/photographe-mariage-professionnel-antibes.jpg\" width=\"2560\" height=\"1709\" data-srcset=\"https:\/\/www.lauriecornillon.com\/wp-content\/uploads\/sites\/5\/2021\/04\/photographe-mariage-professionnel-antibes.jpg 2560w, https:\/\/www.lauriecornillon.com\/wp-content\/uploads\/sites\/5\/2021\/04\/photographe-mariage-professionnel-antibes-1280x855.jpg 1280w, https:\/\/www.lauriecornillon.com\/wp-content\/uploads\/sites\/5\/2021\/04\/photographe-mariage-professionnel-antibes-980x654.jpg 980w, https:\/\/www.lauriecornillon.com\/wp-content\/uploads\/sites\/5\/2021\/04\/photographe-mariage-professionnel-antibes-480x320.jpg 480w\" data-sizes=\"auto\" class=\"wp-image-17562 lazyload\" title=\"Fotografo professionista di matrimonio Beausoleil\" alt=\"Fotografo professionista di matrimonio Beausoleil\" src=\"data:image\/svg+xml;base64,PHN2ZyB3aWR0aD0iMSIgaGVpZ2h0PSIxIiB4bWxucz0iaHR0cDovL3d3dy53My5vcmcvMjAwMC9zdmciPjwvc3ZnPg==\" style=\"--smush-placeholder-width: 2560px; --smush-placeholder-aspect-ratio: 2560\/1709;\" data-original-sizes=\"(min-width: 0px) and (max-width: 480px) 480px, (min-width: 481px) and (max-width: 980px) 980px, (min-width: 981px) and (max-width: 1280px) 1280px, (min-width: 1281px) 2560px, 100vw\" \/><\/span><\/div><div class=\"et_pb_text_10 et_pb_text et_pb_bg_layout_light et_pb_module et_block_module\"><div class=\"et_pb_text_inner\"><p>Le emozioni sono al centro della mia fotografia a Beausoleil. Come fotografo di matrimonio professionista, sono appassionato nel catturare i momenti pi\u00f9 preziosi e intimi delle vostre celebrazioni. Sono orgoglioso di dire che sono conosciuto per il mio approccio naturale nel catturare la bellezza autentica dei vostri momenti speciali.<\/p>\n<p>La mia visione professionale, le impeccabili capacit\u00e0 tecniche e la perfetta gestione della luce si combinano per produrre immagini che catturano la magia di quei momenti unici. Sono costantemente alla ricerca della luce perfetta per illuminare ogni momento e ogni dettaglio importante.<\/p>\n<p>In termini di composizione, le mie foto sono sempre perfette senza alcuna messa in scena. Credo che i momenti migliori siano quelli catturati in modo naturale e autentico. Il mio stile fotografico documentaristico cattura la vera essenza di ogni celebrazione e vi regala immagini che vi trasporteranno ogni volta che le guarderete.<\/p>\n<p>Sono determinata a regalarvi le migliori foto delle vostre celebrazioni. Credo che le emozioni siano al centro di ogni foto e mi appassiona catturare quei momenti preziosi per voi. Con il mio approccio naturale, la mia visione professionale, le mie impeccabili capacit\u00e0 tecniche, la perfetta gestione della luce e lo stile fotografico documentaristico, sono certa che sarete soddisfatti del risultato finale.<\/p>\n<\/div><\/div><div class=\"et_pb_image_4 et_pb_image et_pb_module et_block_module\"><span class=\"et_pb_image_wrap\"><img decoding=\"async\" data-src=\"https:\/\/www.lauriecornillon.com\/wp-content\/uploads\/sites\/5\/2022\/07\/mariage-silvi-alexis-69.jpg\" width=\"2500\" height=\"1668\" data-srcset=\"https:\/\/www.lauriecornillon.com\/wp-content\/uploads\/sites\/5\/2022\/07\/mariage-silvi-alexis-69.jpg 2500w, https:\/\/www.lauriecornillon.com\/wp-content\/uploads\/sites\/5\/2022\/07\/mariage-silvi-alexis-69-1280x854.jpg 1280w, https:\/\/www.lauriecornillon.com\/wp-content\/uploads\/sites\/5\/2022\/07\/mariage-silvi-alexis-69-980x654.jpg 980w, https:\/\/www.lauriecornillon.com\/wp-content\/uploads\/sites\/5\/2022\/07\/mariage-silvi-alexis-69-480x320.jpg 480w\" data-sizes=\"auto\" class=\"wp-image-28631 lazyload\" title=\"matrimonio-silvi-alexis-69\" alt=\"Fotografo Beausoleil\" src=\"data:image\/svg+xml;base64,PHN2ZyB3aWR0aD0iMSIgaGVpZ2h0PSIxIiB4bWxucz0iaHR0cDovL3d3dy53My5vcmcvMjAwMC9zdmciPjwvc3ZnPg==\" style=\"--smush-placeholder-width: 2500px; --smush-placeholder-aspect-ratio: 2500\/1668;\" data-original-sizes=\"(min-width: 0px) and (max-width: 480px) 480px, (min-width: 481px) and (max-width: 980px) 980px, (min-width: 981px) and (max-width: 1280px) 1280px, (min-width: 1281px) 2500px, 100vw\" \/><\/span><\/div><div class=\"et_pb_module et_pb_button_module_wrapper et_pb_button_0_wrapper\"><a class=\"et_pb_button_0 et_pb_button et_pb_bg_layout_light et_pb_module et_block_module\" href=\"\/it\/galleria\/\">Visualizza la galleria<\/a><\/div><\/div><\/div><\/div><div class=\"et_pb_section_2 et_pb_section et_section_regular et_block_section\"><div class=\"et_pb_row_3 et_pb_row et_block_row\"><div class=\"et_pb_column_3 et_pb_column et_pb_column_4_4 et-last-child et_block_column et_pb_css_mix_blend_mode_passthrough\"><div class=\"et_pb_text_11 et_pb_text et_pb_bg_layout_light et_pb_module et_block_module\"><div class=\"et_pb_text_inner\"><h4><span style=\"font-size: xx-large;\">Fotografo pluripremiato in Europa<\/span><\/h4>\n<\/div><\/div><\/div><\/div><div class=\"et_pb_row_4 et_pb_row et_block_row\"><div class=\"et_pb_column_4 et_pb_column et_pb_column_4_4 et-last-child et_block_column et_pb_css_mix_blend_mode_passthrough\"><div class=\"et_pb_text_12 et_pb_text et_pb_bg_layout_light et_pb_module et_block_module\"><div class=\"et_pb_text_inner\"><p style=\"text-align: center;\">Laurie \u00e8 una fotografa di matrimonio professionista di Nizza che ha vinto numerosi premi da importanti riviste internazionali per la sua fantasia e le sue capacit\u00e0 tecniche. Questa \u00e8 la vostra occasione per essere in compagnia di uno dei migliori fotografi di matrimonio di Beausoleil e dintorni. <a href=\"https:\/\/www.lauriecornillon.com\/it\/fotografo-di-matrimonio-cote-azur\/\">Costa Azzurra<\/a> per il vostro grande giorno.<\/p>\n<\/div><\/div><\/div><\/div><div class=\"et_pb_row_5 et_pb_row et_block_row\"><div class=\"et_pb_column_5 et_pb_column et_pb_column_1_3 et_block_column et_pb_css_mix_blend_mode_passthrough\"><div class=\"et_pb_text_13 et_pb_text et_pb_bg_layout_light et_pb_module et_block_module\"><div class=\"et_pb_text_inner\"><p style=\"text-align: center;\"><span color=\"#ffffff\" style=\"color: #ffffff;\">Premi di nozze<\/span><\/p>\n<p style=\"text-align: center;\"><em><span style=\"color: #b9a06f;\">Premi Wedding.net\u00a0<\/span><\/em><\/p>\n<\/div><\/div><\/div><div class=\"et_pb_column_6 et_pb_column et_pb_column_1_3 et_block_column et_pb_css_mix_blend_mode_passthrough\"><div class=\"et_pb_text_14 et_pb_text et_pb_bg_layout_light et_pb_module et_block_module\"><div class=\"et_pb_text_inner\"><p style=\"text-align: center;\"><span style=\"color: #ffffff;\">Premi europei <\/span><\/p>\n<p style=\"text-align: center;\"><em><span style=\"color: #b9a06f;\">Premio Pixedo nella categoria paesaggio<\/span><\/em><\/p>\n<\/div><\/div><\/div><div class=\"et_pb_column_7 et_pb_column et_pb_column_1_3 et-last-child et_block_column et_pb_css_mix_blend_mode_passthrough\"><div class=\"et_pb_text_15 et_pb_text et_pb_bg_layout_light et_pb_module et_block_module\"><div class=\"et_pb_text_inner\"><p style=\"text-align: center;\"><span style=\"color: #ffffff;\">Fotografia dell'anno<\/span><\/p>\n<p style=\"text-align: center;\"><em><span style=\"color: #b9a06f;\">Premio Costa Azzurra Francia 2017<\/span><\/em><\/p>\n<\/div><\/div><\/div><\/div><\/div><div class=\"et_pb_section_3 et_pb_section et_section_regular et_block_section\"><div class=\"et_pb_row_6 et_pb_row et_block_row\"><div class=\"et_pb_column_8 et_pb_column et_pb_column_4_4 et-last-child et_block_column et_pb_css_mix_blend_mode_passthrough\"><div class=\"et_pb_text_16 et_pb_text et_pb_bg_layout_light et_pb_module et_block_module\"><div class=\"et_pb_text_inner\"><h2 style=\"text-align: center;\"><span style=\"font-size: xx-large;\">Parliamo del vostro progetto di matrimonio a Beausoleil<\/span><\/h2>\n<\/div><\/div><div class=\"et_pb_text_17 et_pb_text et_pb_bg_layout_light et_pb_module et_block_module\"><div class=\"et_pb_text_inner\"><p style=\"text-align: center;\">Vi invito a discutere i vostri progetti di matrimonio in modo da creare fotografie di matrimonio naturali che catturino l'essenza della vostra celebrazione. Sono convinto che i momenti migliori siano quelli catturati in modo naturale e autentico, senza alcuna messa in scena. Per questo motivo mi impegno a lavorare con voi per capire i vostri desideri e le vostre aspettative, in modo da produrre immagini che vi rispecchino.<\/p>\n<p style=\"text-align: center;\">Il mio approccio naturale, la mia visione professionale, le mie impeccabili capacit\u00e0 tecniche e la perfetta gestione della luce si combinano per produrre immagini che catturano la magia di quei momenti unici. Sono costantemente alla ricerca della luce perfetta per illuminare ogni momento e ogni dettaglio importante.<\/p>\n<p style=\"text-align: center;\">Credo che le emozioni siano al centro di ogni foto e mi appassiona catturare quei momenti preziosi per voi. Sono certa che sarete soddisfatti del risultato finale.<\/p>\n<p style=\"text-align: center;\">Non esitate a contattarmi per discutere i vostri progetti di matrimonio e le vostre esigenze fotografiche. Non vedo l'ora di lavorare con voi e di catturare quei momenti preziosi per sempre.<\/p>\n<p style=\"text-align: center;\">Non vediamo l'ora di incontrarvi.<\/p>\n<p style=\"text-align: center;\">\n<\/div><\/div><div class=\"et_pb_module et_pb_button_module_wrapper et_pb_button_1_wrapper\"><a class=\"et_pb_button_1 et_pb_button et_pb_bg_layout_light et_pb_module et_block_module\" href=\"\/it\/contatto\/\">Contattatemi<\/a><\/div><\/div><\/div><div class=\"et_pb_row_7 et_pb_row et_block_row\"><div class=\"et_pb_column_9 et_pb_column et_pb_column_1_3 et_block_column et_pb_css_mix_blend_mode_passthrough\"><div class=\"et_pb_image_5 et_pb_image et_pb_module et_block_module\"><span class=\"et_pb_image_wrap\"><img decoding=\"async\" data-src=\"https:\/\/www.lauriecornillon.com\/wp-content\/uploads\/sites\/5\/2021\/04\/photographe-professionnel-antibes.jpg\" width=\"1704\" height=\"2560\" data-srcset=\"https:\/\/www.lauriecornillon.com\/wp-content\/uploads\/sites\/5\/2021\/04\/photographe-professionnel-antibes.jpg 1704w, https:\/\/www.lauriecornillon.com\/wp-content\/uploads\/sites\/5\/2021\/04\/photographe-professionnel-antibes-1280x1923.jpg 1280w, https:\/\/www.lauriecornillon.com\/wp-content\/uploads\/sites\/5\/2021\/04\/photographe-professionnel-antibes-980x1472.jpg 980w, https:\/\/www.lauriecornillon.com\/wp-content\/uploads\/sites\/5\/2021\/04\/photographe-professionnel-antibes-480x721.jpg 480w\" data-sizes=\"auto\" class=\"wp-image-17565 lazyload\" title=\"Fotografo professionista Beausoleil\" alt=\"Fotografo professionista Beausoleil\" src=\"data:image\/svg+xml;base64,PHN2ZyB3aWR0aD0iMSIgaGVpZ2h0PSIxIiB4bWxucz0iaHR0cDovL3d3dy53My5vcmcvMjAwMC9zdmciPjwvc3ZnPg==\" style=\"--smush-placeholder-width: 1704px; --smush-placeholder-aspect-ratio: 1704\/2560;\" data-original-sizes=\"(min-width: 0px) and (max-width: 480px) 480px, (min-width: 481px) and (max-width: 980px) 980px, (min-width: 981px) and (max-width: 1280px) 1280px, (min-width: 1281px) 1704px, 100vw\" \/><\/span><\/div><\/div><div class=\"et_pb_column_10 et_pb_column et_pb_column_1_3 et_block_column et_pb_css_mix_blend_mode_passthrough\"><div class=\"et_pb_image_6 et_pb_image et_pb_module et_block_module\"><span class=\"et_pb_image_wrap\"><img decoding=\"async\" data-src=\"https:\/\/www.lauriecornillon.com\/wp-content\/uploads\/sites\/5\/2021\/03\/galerie-119.jpg\" width=\"1668\" height=\"2500\" data-srcset=\"https:\/\/www.lauriecornillon.com\/wp-content\/uploads\/sites\/5\/2021\/03\/galerie-119.jpg 1668w, https:\/\/www.lauriecornillon.com\/wp-content\/uploads\/sites\/5\/2021\/03\/galerie-119-1280x1918.jpg 1280w, https:\/\/www.lauriecornillon.com\/wp-content\/uploads\/sites\/5\/2021\/03\/galerie-119-980x1469.jpg 980w, https:\/\/www.lauriecornillon.com\/wp-content\/uploads\/sites\/5\/2021\/03\/galerie-119-480x719.jpg 480w\" data-sizes=\"auto\" class=\"wp-image-29166 lazyload\" title=\"galleria-119\" alt=\"Fotografia di matrimonio Beausoleil\" src=\"data:image\/svg+xml;base64,PHN2ZyB3aWR0aD0iMSIgaGVpZ2h0PSIxIiB4bWxucz0iaHR0cDovL3d3dy53My5vcmcvMjAwMC9zdmciPjwvc3ZnPg==\" style=\"--smush-placeholder-width: 1668px; --smush-placeholder-aspect-ratio: 1668\/2500;\" data-original-sizes=\"(min-width: 0px) and (max-width: 480px) 480px, (min-width: 481px) and (max-width: 980px) 980px, (min-width: 981px) and (max-width: 1280px) 1280px, (min-width: 1281px) 1668px, 100vw\" \/><\/span><\/div><\/div><div class=\"et_pb_column_11 et_pb_column et_pb_column_1_3 et-last-child et_block_column et_pb_css_mix_blend_mode_passthrough\"><div class=\"et_pb_image_7 et_pb_image et_pb_module et_block_module\"><span class=\"et_pb_image_wrap\"><img decoding=\"async\" data-src=\"https:\/\/www.lauriecornillon.com\/wp-content\/uploads\/sites\/5\/2021\/04\/photographe-mariage-de-prestige-antibes.jpg\" width=\"1709\" height=\"2560\" data-srcset=\"https:\/\/www.lauriecornillon.com\/wp-content\/uploads\/sites\/5\/2021\/04\/photographe-mariage-de-prestige-antibes.jpg 1709w, https:\/\/www.lauriecornillon.com\/wp-content\/uploads\/sites\/5\/2021\/04\/photographe-mariage-de-prestige-antibes-1280x1917.jpg 1280w, https:\/\/www.lauriecornillon.com\/wp-content\/uploads\/sites\/5\/2021\/04\/photographe-mariage-de-prestige-antibes-980x1468.jpg 980w, https:\/\/www.lauriecornillon.com\/wp-content\/uploads\/sites\/5\/2021\/04\/photographe-mariage-de-prestige-antibes-480x719.jpg 480w\" data-sizes=\"auto\" class=\"wp-image-17567 lazyload\" title=\"Fotografo di matrimonio di prestigio Beausoleil\" alt=\"Fotografo di matrimonio di prestigio Beausoleil\" src=\"data:image\/svg+xml;base64,PHN2ZyB3aWR0aD0iMSIgaGVpZ2h0PSIxIiB4bWxucz0iaHR0cDovL3d3dy53My5vcmcvMjAwMC9zdmciPjwvc3ZnPg==\" style=\"--smush-placeholder-width: 1709px; --smush-placeholder-aspect-ratio: 1709\/2560;\" data-original-sizes=\"(min-width: 0px) and (max-width: 480px) 480px, (min-width: 481px) and (max-width: 980px) 980px, (min-width: 981px) and (max-width: 1280px) 1280px, (min-width: 1281px) 1709px, 100vw\" \/><\/span><\/div><\/div><\/div><\/div>","protected":false},"excerpt":{"rendered":"","protected":false},"author":1,"featured_media":0,"parent":0,"menu_order":0,"comment_status":"closed","ping_status":"closed","template":"","meta":{"footnotes":""},"class_list":["post-17679","page","type-page","status-publish","hentry"],"_links":{"self":[{"href":"https:\/\/www.lauriecornillon.com\/it\/wp-json\/wp\/v2\/pages\/17679","targetHints":{"allow":["GET"]}}],"collection":[{"href":"https:\/\/www.lauriecornillon.com\/it\/wp-json\/wp\/v2\/pages"}],"about":[{"href":"https:\/\/www.lauriecornillon.com\/it\/wp-json\/wp\/v2\/types\/page"}],"author":[{"embeddable":true,"href":"https:\/\/www.lauriecornillon.com\/it\/wp-json\/wp\/v2\/users\/1"}],"replies":[{"embeddable":true,"href":"https:\/\/www.lauriecornillon.com\/it\/wp-json\/wp\/v2\/comments?post=17679"}],"version-history":[{"count":0,"href":"https:\/\/www.lauriecornillon.com\/it\/wp-json\/wp\/v2\/pages\/17679\/revisions"}],"wp:attachment":[{"href":"https:\/\/www.lauriecornillon.com\/it\/wp-json\/wp\/v2\/media?parent=17679"}],"curies":[{"name":"wp","href":"https:\/\/api.w.org\/{rel}","templated":true}]}}