{"id":32021,"date":"2025-03-27T18:18:17","date_gmt":"2025-03-27T17:18:17","guid":{"rendered":"https:\/\/www.lauriecornillon.com\/?page_id=32021"},"modified":"2026-03-03T21:33:41","modified_gmt":"2026-03-03T20:33:41","slug":"famiglia-foto-scatto-citta-franche-sur-mer","status":"publish","type":"page","link":"https:\/\/www.lauriecornillon.com\/it\/seance-photo-famille-villefranche-sur-mer\/","title":{"rendered":"Sessione fotografica di famiglia a Villefranche-sur-Mer - Fotografo di famiglia Villefranche-sur-Mer"},"content":{"rendered":"<div class=\"et_pb_section_0 et_pb_section et_section_specialty et_pb_gutters3 et_block_section\"><div class=\"et_pb_row et_block_row\">\n<div class=\"et_pb_column_0 et_pb_column et_pb_column_single et_pb_column_1_2 et_block_column et_pb_css_mix_blend_mode_passthrough\">\n<div class=\"et_pb_text_0 et_pb_text et_pb_bg_layout_light et_pb_module et_block_module\"><div class=\"et_pb_text_inner\"><h1>Servizio fotografico di famiglia a Villefranche-sur-Mer<\/h1>\n<p style=\"text-align: justify;\"><i>Creare ricordi indimenticabili in un incantevole villaggio mediterraneo<\/i><\/p>\n<p style=\"text-align: justify;\">Cercate un luogo incantevole per immortalare la vostra famiglia? Villefranche-sur-Mer \u00e8 la destinazione perfetta, che unisce l'autenticit\u00e0 a splendidi panorami. Con le sue facciate colorate, le strade pittoresche e il porto pieno di luce, ogni angolo della citt\u00e0 offre uno sfondo eccezionale per un servizio fotografico unico.<\/p>\n<p style=\"text-align: justify;\">Che siate in vacanza o residenti, questa sessione \u00e8 molto pi\u00f9 di un semplice servizio fotografico: \u00e8 un momento di condivisione, risate e tenerezza nel cuore di uno dei pi\u00f9 bei villaggi della Costa Azzurra. Con la sua calda atmosfera e la luce mediterranea, Villefranche-sur-Mer \u00e8 un vero tesoro per catturare i ricordi pi\u00f9 belli della vostra famiglia.<\/p>\n<p style=\"text-align: justify;\">Come fotografo professionista specializzato in sessioni all'aperto, vi offro un'esperienza rilassata e amichevole. Insieme, creeremo immagini naturali, luminose e piene di vita, da conservare per sempre.<\/p>\n<\/div><\/div>\n<\/div>\n\n<div class=\"et_pb_column_1 et_pb_column et_pb_specialty_column et_pb_column_1_2 et-last-child et_block_column et_pb_css_mix_blend_mode_passthrough\">\n<div class=\"et_pb_row_inner_0 et_pb_row_inner et_block_row\">\n<div class=\"et_pb_column_inner_0 et_pb_column_inner et_pb_column et_pb_column_4_4 et-last-child et_block_column et_pb_css_mix_blend_mode_passthrough\">\n<div class=\"et_pb_image_0 et_pb_image et_animated et_pb_module et_block_module\"><span class=\"et_pb_image_wrap\"><img decoding=\"async\" data-src=\"https:\/\/www.lauriecornillon.com\/wp-content\/smush-webp\/sites\/5\/2025\/03\/famille-4053-Modifie.jpg.webp\" width=\"1367\" height=\"2048\" data-srcset=\"https:\/\/www.lauriecornillon.com\/wp-content\/smush-webp\/sites\/5\/2025\/03\/famille-4053-Modifie.jpg.webp 1367w, https:\/\/www.lauriecornillon.com\/wp-content\/smush-webp\/sites\/5\/2025\/03\/famille-4053-Modifie-1280x1918.jpg.webp 1280w, https:\/\/www.lauriecornillon.com\/wp-content\/smush-webp\/sites\/5\/2025\/03\/famille-4053-Modifie-980x1468.jpg.webp 980w, https:\/\/www.lauriecornillon.com\/wp-content\/smush-webp\/sites\/5\/2025\/03\/famille-4053-Modifie-480x719.jpg.webp 480w\" data-sizes=\"auto\" class=\"wp-image-32250 lazyload\" title=\"famiglia-4053 - modificato\" src=\"data:image\/svg+xml;base64,PHN2ZyB3aWR0aD0iMSIgaGVpZ2h0PSIxIiB4bWxucz0iaHR0cDovL3d3dy53My5vcmcvMjAwMC9zdmciPjwvc3ZnPg==\" style=\"--smush-placeholder-width: 1367px; --smush-placeholder-aspect-ratio: 1367\/2048;\" data-original-sizes=\"(min-width: 0px) and (max-width: 480px) 480px, (min-width: 481px) and (max-width: 980px) 980px, (min-width: 981px) and (max-width: 1280px) 1280px, (min-width: 1281px) 1367px, 100vw\" \/><\/span><\/div>\n<\/div>\n<\/div>\n<\/div>\n<\/div><\/div>\n\n<div class=\"et_pb_section_1 et_pb_section et_section_regular et_block_section\">\n<div class=\"et_pb_row_0 et_pb_row et_block_row\">\n<div class=\"et_pb_column_2 et_pb_column et_pb_column_4_4 et-last-child et_block_column et_pb_css_mix_blend_mode_passthrough\">\n<div class=\"et_pb_text_1 et_pb_text et_pb_bg_layout_light et_pb_module et_block_module\"><div class=\"et_pb_text_inner\"><h2 class=\"police\">Fotografo di famiglia a Villefranche-sur-Mer<\/h2>\n<\/div><\/div>\n<\/div>\n<\/div>\n\n<div class=\"et_pb_row_1 et_pb_row et_block_row\">\n<div class=\"et_pb_column_3 et_pb_column et_pb_column_1_2 et_block_column et_pb_css_mix_blend_mode_passthrough\">\n<div class=\"et_pb_text_2 et_pb_text et_pb_bg_layout_light et_pb_module et_block_module\"><div class=\"et_pb_text_inner\"><h3>Un ambiente autentico e colorato<\/h3>\n<p style=\"text-align: justify;\">Villefranche-sur-Mer \u00e8 immediatamente affascinante, con le sue case colorate, le sue strade strette e il suo pittoresco porto vecchio. \u00c8 un ambiente vivace, caldo e tipicamente mediterraneo, perfetto per foto piene di carattere e autenticit\u00e0.<\/p>\n<h3>Un'atmosfera amichevole e tranquilla<\/h3>\n<p style=\"text-align: justify;\">A differenza delle grandi localit\u00e0 balneari, Villefranche-sur-Mer offre un'atmosfera pi\u00f9 tranquilla e intima. \u00c8 un luogo ideale per passeggiare, godersi il momento e catturare i momenti spontanei della famiglia senza la pressione.<\/p>\n<\/div><\/div>\n<\/div>\n\n<div class=\"et_pb_column_4 et_pb_column et_pb_column_1_2 et-last-child et_block_column et_pb_css_mix_blend_mode_passthrough\">\n<div class=\"et_pb_text_3 et_pb_text et_pb_bg_layout_light et_pb_module et_block_module\"><div class=\"et_pb_text_inner\"><h3>Panorami eccezionali<\/h3>\n<p style=\"text-align: justify;\">Con il mare come sfondo, il porto con le sue acque cristalline e le verdi colline, ogni punto di osservazione a Villefranche \u00e8 un'opportunit\u00e0 per magnifici scatti. La luce, spesso morbida e dorata, aggiunge un tocco magico a ogni scatto.<\/p>\n<h3>Ricordi senza tempo<\/h3>\n<p style=\"text-align: justify;\">Le immagini scattate a Villefranche-sur-Mer respirano il Mediterraneo, la gioia di vivere e la semplicit\u00e0. Sono ricordi che dureranno per tutta la vita, catturando l'essenza della vostra famiglia in una location eccezionale.<\/p>\n<\/div><\/div>\n<\/div>\n<\/div>\n\n<div class=\"et_pb_row_2 et_pb_row et_block_row\">\n<div class=\"et_pb_column_5 et_pb_column et_pb_column_1_3 et_block_column et_pb_css_mix_blend_mode_passthrough\">\n<div class=\"et_pb_image_1 et_pb_image et_pb_module et_block_module\"><span class=\"et_pb_image_wrap\"><img decoding=\"async\" data-src=\"https:\/\/www.lauriecornillon.com\/wp-content\/smush-webp\/sites\/5\/2025\/03\/famille-4050.jpg.webp\" width=\"1367\" height=\"2048\" data-srcset=\"https:\/\/www.lauriecornillon.com\/wp-content\/smush-webp\/sites\/5\/2025\/03\/famille-4050.jpg.webp 1367w, https:\/\/www.lauriecornillon.com\/wp-content\/smush-webp\/sites\/5\/2025\/03\/famille-4050-1280x1918.jpg.webp 1280w, https:\/\/www.lauriecornillon.com\/wp-content\/smush-webp\/sites\/5\/2025\/03\/famille-4050-980x1468.jpg.webp 980w, https:\/\/www.lauriecornillon.com\/wp-content\/smush-webp\/sites\/5\/2025\/03\/famille-4050-480x719.jpg.webp 480w\" data-sizes=\"auto\" class=\"wp-image-32249 lazyload\" title=\"famiglia-4050\" alt=\"Fotografo di bambini di Chin\" src=\"data:image\/svg+xml;base64,PHN2ZyB3aWR0aD0iMSIgaGVpZ2h0PSIxIiB4bWxucz0iaHR0cDovL3d3dy53My5vcmcvMjAwMC9zdmciPjwvc3ZnPg==\" style=\"--smush-placeholder-width: 1367px; --smush-placeholder-aspect-ratio: 1367\/2048;\" data-original-sizes=\"(min-width: 0px) and (max-width: 480px) 480px, (min-width: 481px) and (max-width: 980px) 980px, (min-width: 981px) and (max-width: 1280px) 1280px, (min-width: 1281px) 1367px, 100vw\" \/><\/span><\/div>\n<\/div>\n\n<div class=\"et_pb_column_6 et_pb_column et_pb_column_1_3 et_block_column et_pb_css_mix_blend_mode_passthrough\">\n<div class=\"et_pb_image_2 et_pb_image et_pb_module et_block_module\"><span class=\"et_pb_image_wrap\"><img decoding=\"async\" data-src=\"https:\/\/www.lauriecornillon.com\/wp-content\/smush-webp\/sites\/5\/2025\/03\/famille-4052.jpg.webp\" width=\"1367\" height=\"2048\" data-srcset=\"https:\/\/www.lauriecornillon.com\/wp-content\/smush-webp\/sites\/5\/2025\/03\/famille-4052.jpg.webp 1367w, https:\/\/www.lauriecornillon.com\/wp-content\/smush-webp\/sites\/5\/2025\/03\/famille-4052-1280x1918.jpg.webp 1280w, https:\/\/www.lauriecornillon.com\/wp-content\/smush-webp\/sites\/5\/2025\/03\/famille-4052-980x1468.jpg.webp 980w, https:\/\/www.lauriecornillon.com\/wp-content\/smush-webp\/sites\/5\/2025\/03\/famille-4052-480x719.jpg.webp 480w\" data-sizes=\"auto\" class=\"wp-image-32246 lazyload\" title=\"famiglia-4052\" alt=\"Fotografo di gravidanza Nizza\" src=\"data:image\/svg+xml;base64,PHN2ZyB3aWR0aD0iMSIgaGVpZ2h0PSIxIiB4bWxucz0iaHR0cDovL3d3dy53My5vcmcvMjAwMC9zdmciPjwvc3ZnPg==\" style=\"--smush-placeholder-width: 1367px; --smush-placeholder-aspect-ratio: 1367\/2048;\" data-original-sizes=\"(min-width: 0px) and (max-width: 480px) 480px, (min-width: 481px) and (max-width: 980px) 980px, (min-width: 981px) and (max-width: 1280px) 1280px, (min-width: 1281px) 1367px, 100vw\" \/><\/span><\/div>\n<\/div>\n\n<div class=\"et_pb_column_7 et_pb_column et_pb_column_1_3 et-last-child et_block_column et_pb_css_mix_blend_mode_passthrough\">\n<div class=\"et_pb_image_3 et_pb_image et_pb_module et_block_module\"><span class=\"et_pb_image_wrap\"><img decoding=\"async\" data-src=\"https:\/\/www.lauriecornillon.com\/wp-content\/smush-webp\/sites\/5\/2025\/03\/famille-998.jpg.webp\" width=\"1367\" height=\"2048\" data-srcset=\"https:\/\/www.lauriecornillon.com\/wp-content\/smush-webp\/sites\/5\/2025\/03\/famille-998.jpg.webp 1367w, https:\/\/www.lauriecornillon.com\/wp-content\/smush-webp\/sites\/5\/2025\/03\/famille-998-1280x1918.jpg.webp 1280w, https:\/\/www.lauriecornillon.com\/wp-content\/smush-webp\/sites\/5\/2025\/03\/famille-998-980x1468.jpg.webp 980w, https:\/\/www.lauriecornillon.com\/wp-content\/smush-webp\/sites\/5\/2025\/03\/famille-998-480x719.jpg.webp 480w\" data-sizes=\"auto\" class=\"wp-image-32243 lazyload\" title=\"famiglia-998\" alt=\"Fotografia di gravidanza Nizza\" src=\"data:image\/svg+xml;base64,PHN2ZyB3aWR0aD0iMSIgaGVpZ2h0PSIxIiB4bWxucz0iaHR0cDovL3d3dy53My5vcmcvMjAwMC9zdmciPjwvc3ZnPg==\" style=\"--smush-placeholder-width: 1367px; --smush-placeholder-aspect-ratio: 1367\/2048;\" data-original-sizes=\"(min-width: 0px) and (max-width: 480px) 480px, (min-width: 481px) and (max-width: 980px) 980px, (min-width: 981px) and (max-width: 1280px) 1280px, (min-width: 1281px) 1367px, 100vw\" \/><\/span><\/div>\n<\/div>\n<\/div>\n\n<div class=\"et_pb_row_3 et_pb_row et_block_row\">\n<div class=\"et_pb_column_8 et_pb_column et_pb_column_4_4 et-last-child et_block_column et_pb_css_mix_blend_mode_passthrough\">\n<div class=\"et_pb_code_0 et_pb_code et_pb_module\"><div class=\"et_pb_code_inner\"><div class=\"et_pb_row et_pb_row_2\">\n\n\n\n<div class=\"et_pb_column et_pb_column_4_4 et_pb_column_5 et_pb_css_mix_blend_mode_passthrough et-last-child\">\n\n\n \n \n \n \n\n<div class=\"et_pb_button_module_wrapper et_pb_button_0_wrapper et_pb_button_alignment_center et_pb_module\">\n <a class=\"et_pb_button et_pb_button_0 os_trigger_booking et_pb_bg_layout_light\" data-selected-service-category=\"11\" data-selected-location=\"5\">PRENOTA ONLINE<\/a>\n<\/div>\n\n\n\n<\/div>\n\n \n \n \n \n\n\n<\/div>\n<\/div><\/div>\n<\/div>\n<\/div>\n<\/div>\n\n<div class=\"et_pb_section_2 et_pb_section et_section_regular et_block_section\">\n<div class=\"et_pb_row_4 et_pb_row et_block_row\">\n<div class=\"et_pb_column_9 et_pb_column et_pb_column_4_4 et-last-child et_block_column et_pb_css_mix_blend_mode_passthrough\">\n<div class=\"et_pb_text_4 et_pb_text et_pb_bg_layout_light et_pb_module et_block_module\"><div class=\"et_pb_text_inner\"><h2 class=\"police\">Il mio approccio: naturale, caldo e su misura<\/h2>\n<\/div><\/div>\n<\/div>\n<\/div>\n\n<div class=\"et_pb_row_5 et_pb_row et_block_row\">\n<div class=\"et_pb_column_10 et_pb_column et_pb_column_4_4 et-last-child et_block_column et_pb_css_mix_blend_mode_passthrough\">\n<div class=\"et_pb_text_5 et_pb_text et_pb_bg_layout_light et_pb_module et_block_module\"><div class=\"et_pb_text_inner\"><h3>Ricordi autentici e spontanei<\/h3>\n<p style=\"text-align: justify;\">Il mio obiettivo \u00e8 catturare la naturale complicit\u00e0 che vi unisce, senza pose fisse o sorrisi forzati. Ogni famiglia \u00e8 unica e io mi prendo il tempo per adattarmi alla vostra energia, ai vostri desideri e alla personalit\u00e0 dei vostri figli.<\/p>\n<h3>Un momento fluido e rilassato<\/h3>\n<p style=\"text-align: justify;\">Durante la sessione, vi guider\u00f2 con delicatezza in modo che tutti si sentano a proprio agio. Che siate abituati o meno alle sessioni fotografiche, l'esperienza sar\u00e0 piacevole, priva di stress e persino divertente. La rilassante cornice di Villefranche-sur-Mer rende il tutto ancora pi\u00f9 piacevole.<\/p>\n<h3>Immagini piene di vita e di emozioni<\/h3>\n<p style=\"text-align: justify;\">Cerco soprattutto momenti sinceri: scoppi di risa, sguardi complici, gesti teneri. Sono questi momenti, sublimati dalla luce di Villefranche, che cerco di immortalare. Il risultato: immagini senza tempo, autentiche e vibranti.<\/p>\n<\/div><\/div>\n<\/div>\n<\/div>\n\n<div class=\"et_pb_row_6 et_pb_row et_block_row\">\n<div class=\"et_pb_column_11 et_pb_column et_pb_column_1_3 et_block_column et_pb_css_mix_blend_mode_passthrough\">\n<div class=\"et_pb_image_4 et_pb_image et_pb_module et_block_module\"><span class=\"et_pb_image_wrap\"><img decoding=\"async\" data-src=\"https:\/\/www.lauriecornillon.com\/wp-content\/smush-webp\/sites\/5\/2025\/03\/famille-721.jpg.webp\" width=\"1367\" height=\"2048\" data-srcset=\"https:\/\/www.lauriecornillon.com\/wp-content\/smush-webp\/sites\/5\/2025\/03\/famille-721.jpg.webp 1367w, https:\/\/www.lauriecornillon.com\/wp-content\/smush-webp\/sites\/5\/2025\/03\/famille-721-1280x1918.jpg.webp 1280w, https:\/\/www.lauriecornillon.com\/wp-content\/smush-webp\/sites\/5\/2025\/03\/famille-721-980x1468.jpg.webp 980w, https:\/\/www.lauriecornillon.com\/wp-content\/smush-webp\/sites\/5\/2025\/03\/famille-721-480x719.jpg.webp 480w\" data-sizes=\"auto\" class=\"wp-image-32231 lazyload\" title=\"famiglia-721\" alt=\"Fotografo di bambini di Chin\" src=\"data:image\/svg+xml;base64,PHN2ZyB3aWR0aD0iMSIgaGVpZ2h0PSIxIiB4bWxucz0iaHR0cDovL3d3dy53My5vcmcvMjAwMC9zdmciPjwvc3ZnPg==\" style=\"--smush-placeholder-width: 1367px; --smush-placeholder-aspect-ratio: 1367\/2048;\" data-original-sizes=\"(min-width: 0px) and (max-width: 480px) 480px, (min-width: 481px) and (max-width: 980px) 980px, (min-width: 981px) and (max-width: 1280px) 1280px, (min-width: 1281px) 1367px, 100vw\" \/><\/span><\/div>\n<\/div>\n\n<div class=\"et_pb_column_12 et_pb_column et_pb_column_1_3 et_block_column et_pb_css_mix_blend_mode_passthrough\">\n<div class=\"et_pb_image_5 et_pb_image et_pb_module et_block_module\"><span class=\"et_pb_image_wrap\"><img decoding=\"async\" data-src=\"https:\/\/www.lauriecornillon.com\/wp-content\/smush-webp\/sites\/5\/2025\/03\/famille-719.jpg.webp\" width=\"1367\" height=\"2048\" data-srcset=\"https:\/\/www.lauriecornillon.com\/wp-content\/smush-webp\/sites\/5\/2025\/03\/famille-719.jpg.webp 1367w, https:\/\/www.lauriecornillon.com\/wp-content\/smush-webp\/sites\/5\/2025\/03\/famille-719-1280x1918.jpg.webp 1280w, https:\/\/www.lauriecornillon.com\/wp-content\/smush-webp\/sites\/5\/2025\/03\/famille-719-980x1468.jpg.webp 980w, https:\/\/www.lauriecornillon.com\/wp-content\/smush-webp\/sites\/5\/2025\/03\/famille-719-480x719.jpg.webp 480w\" data-sizes=\"auto\" class=\"wp-image-32232 lazyload\" title=\"famiglia-719\" alt=\"Fotografo di gravidanza Nizza\" src=\"data:image\/svg+xml;base64,PHN2ZyB3aWR0aD0iMSIgaGVpZ2h0PSIxIiB4bWxucz0iaHR0cDovL3d3dy53My5vcmcvMjAwMC9zdmciPjwvc3ZnPg==\" style=\"--smush-placeholder-width: 1367px; --smush-placeholder-aspect-ratio: 1367\/2048;\" data-original-sizes=\"(min-width: 0px) and (max-width: 480px) 480px, (min-width: 481px) and (max-width: 980px) 980px, (min-width: 981px) and (max-width: 1280px) 1280px, (min-width: 1281px) 1367px, 100vw\" \/><\/span><\/div>\n<\/div>\n\n<div class=\"et_pb_column_13 et_pb_column et_pb_column_1_3 et-last-child et_block_column et_pb_css_mix_blend_mode_passthrough\">\n<div class=\"et_pb_image_6 et_pb_image et_pb_module et_block_module\"><span class=\"et_pb_image_wrap\"><img decoding=\"async\" data-src=\"https:\/\/www.lauriecornillon.com\/wp-content\/smush-webp\/sites\/5\/2025\/03\/famille-718.jpg.webp\" width=\"1367\" height=\"2048\" data-srcset=\"https:\/\/www.lauriecornillon.com\/wp-content\/smush-webp\/sites\/5\/2025\/03\/famille-718.jpg.webp 1367w, https:\/\/www.lauriecornillon.com\/wp-content\/smush-webp\/sites\/5\/2025\/03\/famille-718-1280x1918.jpg.webp 1280w, https:\/\/www.lauriecornillon.com\/wp-content\/smush-webp\/sites\/5\/2025\/03\/famille-718-980x1468.jpg.webp 980w, https:\/\/www.lauriecornillon.com\/wp-content\/smush-webp\/sites\/5\/2025\/03\/famille-718-480x719.jpg.webp 480w\" data-sizes=\"auto\" class=\"wp-image-32233 lazyload\" title=\"famiglia-718\" alt=\"Fotografia di gravidanza Nizza\" src=\"data:image\/svg+xml;base64,PHN2ZyB3aWR0aD0iMSIgaGVpZ2h0PSIxIiB4bWxucz0iaHR0cDovL3d3dy53My5vcmcvMjAwMC9zdmciPjwvc3ZnPg==\" style=\"--smush-placeholder-width: 1367px; --smush-placeholder-aspect-ratio: 1367\/2048;\" data-original-sizes=\"(min-width: 0px) and (max-width: 480px) 480px, (min-width: 481px) and (max-width: 980px) 980px, (min-width: 981px) and (max-width: 1280px) 1280px, (min-width: 1281px) 1367px, 100vw\" \/><\/span><\/div>\n<\/div>\n<\/div>\n\n<div class=\"et_pb_row_7 et_pb_row et_block_row\">\n<div class=\"et_pb_column_14 et_pb_column et_pb_column_4_4 et-last-child et_block_column et_pb_css_mix_blend_mode_passthrough\">\n<div class=\"et_pb_text_6 et_pb_text et_pb_bg_layout_light et_pb_module et_block_module\"><div class=\"et_pb_text_inner\"><h2 class=\"police\">I luoghi pi\u00f9 belli per il vostro servizio fotografico di famiglia a Villefranche-sur-Mer<\/h2>\n<\/div><\/div>\n\n<div class=\"et_pb_text_7 et_pb_text et_pb_bg_layout_light et_pb_module et_block_module\"><div class=\"et_pb_text_inner\"><p style=\"text-align: justify;\"><strong data-start=\"169\" data-end=\"265\">Villefranche-sur-Mer \u00e8 un ambiente veramente mediterraneo, tranquillo e incantevole.<\/strong> Ideale sia per i ritratti intimi che per i momenti felici della famiglia, la citt\u00e0 offre uno scenario naturale e autentico. Ogni sessione fotografica prende la forma di una passeggiata nei luoghi migliori, al ritmo della vostra famiglia, dell'energia del momento e della luce. Insieme, esploreremo una serie di luoghi iconici, catturando i vostri ricordi e aiutandovi a scoprire il fascino discreto di Villefranche-sur-Mer.<\/p>\n<p style=\"text-align: justify;\">Ci lasciamo trasportare dal momento, esplorando gli angoli pi\u00f9 belli della citt\u00e0 in base al trambusto, all'atmosfera e a ci\u00f2 che la scena ci ispira. Non c'\u00e8 nulla di prestabilito: i luoghi che scegliamo dipendono da tanti piccoli dettagli - la calma di un giardino, il calore di un vicolo, un raggio di sole inaspettato. L'idea \u00e8 quella di farvi scoprire Villefranche in modo diverso, immortalando questi momenti di complicit\u00e0 in modo naturale e spontaneo.<\/p>\n<h3 style=\"text-align: justify;\">Il vecchio porto di Villefranche<\/h3>\n<p style=\"text-align: justify;\">Con le sue facciate colorate, le barche da pesca e l'atmosfera tranquilla, il porto vecchio \u00e8 uno scenario affascinante. Offre uno scenario vivace e autentico, ideale per catturare l'intimit\u00e0 della famiglia.<\/p>\n<h3 style=\"text-align: justify;\">Le pittoresche stradine della citt\u00e0 vecchia<\/h3>\n<p style=\"text-align: justify;\">Le strette strade acciottolate, fiancheggiate da case color pastello e ornate di fiori, sono perfette per scatti caldi e spontanei. I bambini possono gironzolare in tutta sicurezza e ogni angolo della strada rivela uno scenario unico.<\/p>\n<h3 style=\"text-align: justify;\">Le banchine sul mare<\/h3>\n<p style=\"text-align: justify;\">Lungo le banchine, il mare scintilla nella luce mediterranea. \u00c8 uno scenario rilassante per foto serene. Una passeggiata in famiglia lungo le banchine \u00e8 un momento perfetto per foto naturali e luminose.<\/p>\n<h3 style=\"text-align: justify;\">I giardini pensili<\/h3>\n<p style=\"text-align: justify;\">Vicino alla citt\u00e0 vecchia, alcuni giardini si affacciano sulla baia e offrono una vista panoramica. Questi spazi verdi e tranquilli creano un affascinante contrasto con il trambusto del porto. Perfetti per cambiare l'atmosfera e arricchire la vostra galleria fotografica.<\/p>\n<\/div><\/div>\n<\/div>\n<\/div>\n\n<div class=\"et_pb_row_8 et_pb_row et_block_row\">\n<div class=\"et_pb_column_15 et_pb_column et_pb_column_1_3 et_block_column et_pb_css_mix_blend_mode_passthrough\">\n<div class=\"et_pb_image_7 et_pb_image et_pb_module et_block_module\"><span class=\"et_pb_image_wrap\"><img decoding=\"async\" data-src=\"https:\/\/www.lauriecornillon.com\/wp-content\/uploads\/sites\/5\/2024\/05\/brenda-85-scaled.jpg\" width=\"1707\" height=\"2560\" data-srcset=\"https:\/\/www.lauriecornillon.com\/wp-content\/uploads\/sites\/5\/2024\/05\/brenda-85-scaled.jpg 1707w, https:\/\/www.lauriecornillon.com\/wp-content\/uploads\/sites\/5\/2024\/05\/brenda-85-1280x1920.jpg 1280w, https:\/\/www.lauriecornillon.com\/wp-content\/uploads\/sites\/5\/2024\/05\/brenda-85-980x1470.jpg 980w, https:\/\/www.lauriecornillon.com\/wp-content\/uploads\/sites\/5\/2024\/05\/brenda-85-480x720.jpg 480w\" data-sizes=\"auto\" class=\"wp-image-31651 lazyload\" title=\"brenda-85\" alt=\"Fotografo di bambini di Chin\" src=\"data:image\/svg+xml;base64,PHN2ZyB3aWR0aD0iMSIgaGVpZ2h0PSIxIiB4bWxucz0iaHR0cDovL3d3dy53My5vcmcvMjAwMC9zdmciPjwvc3ZnPg==\" style=\"--smush-placeholder-width: 1707px; --smush-placeholder-aspect-ratio: 1707\/2560;\" data-original-sizes=\"(min-width: 0px) and (max-width: 480px) 480px, (min-width: 481px) and (max-width: 980px) 980px, (min-width: 981px) and (max-width: 1280px) 1280px, (min-width: 1281px) 1707px, 100vw\" \/><\/span><\/div>\n<\/div>\n\n<div class=\"et_pb_column_16 et_pb_column et_pb_column_1_3 et_block_column et_pb_css_mix_blend_mode_passthrough\">\n<div class=\"et_pb_image_8 et_pb_image et_pb_module et_block_module\"><span class=\"et_pb_image_wrap\"><img decoding=\"async\" data-src=\"https:\/\/www.lauriecornillon.com\/wp-content\/uploads\/sites\/5\/2024\/05\/brenda-31-scaled.jpg\" width=\"1707\" height=\"2560\" data-srcset=\"https:\/\/www.lauriecornillon.com\/wp-content\/uploads\/sites\/5\/2024\/05\/brenda-31-scaled.jpg 1707w, https:\/\/www.lauriecornillon.com\/wp-content\/uploads\/sites\/5\/2024\/05\/brenda-31-1280x1920.jpg 1280w, https:\/\/www.lauriecornillon.com\/wp-content\/uploads\/sites\/5\/2024\/05\/brenda-31-980x1470.jpg 980w, https:\/\/www.lauriecornillon.com\/wp-content\/uploads\/sites\/5\/2024\/05\/brenda-31-480x720.jpg 480w\" data-sizes=\"auto\" class=\"wp-image-31644 lazyload\" title=\"brenda-31\" alt=\"Servizio fotografico di famiglia Costa Azzurra\" src=\"data:image\/svg+xml;base64,PHN2ZyB3aWR0aD0iMSIgaGVpZ2h0PSIxIiB4bWxucz0iaHR0cDovL3d3dy53My5vcmcvMjAwMC9zdmciPjwvc3ZnPg==\" style=\"--smush-placeholder-width: 1707px; --smush-placeholder-aspect-ratio: 1707\/2560;\" data-original-sizes=\"(min-width: 0px) and (max-width: 480px) 480px, (min-width: 481px) and (max-width: 980px) 980px, (min-width: 981px) and (max-width: 1280px) 1280px, (min-width: 1281px) 1707px, 100vw\" \/><\/span><\/div>\n<\/div>\n\n<div class=\"et_pb_column_17 et_pb_column et_pb_column_1_3 et-last-child et_block_column et_pb_css_mix_blend_mode_passthrough\">\n<div class=\"et_pb_image_9 et_pb_image et_pb_module et_block_module\"><span class=\"et_pb_image_wrap\"><img decoding=\"async\" data-src=\"https:\/\/www.lauriecornillon.com\/wp-content\/smush-webp\/sites\/5\/2025\/03\/famille-4055.jpg.webp\" width=\"1366\" height=\"2048\" data-srcset=\"https:\/\/www.lauriecornillon.com\/wp-content\/smush-webp\/sites\/5\/2025\/03\/famille-4055.jpg.webp 1366w, https:\/\/www.lauriecornillon.com\/wp-content\/smush-webp\/sites\/5\/2025\/03\/famille-4055-1280x1919.jpg.webp 1280w, https:\/\/www.lauriecornillon.com\/wp-content\/smush-webp\/sites\/5\/2025\/03\/famille-4055-980x1469.jpg.webp 980w, https:\/\/www.lauriecornillon.com\/wp-content\/smush-webp\/sites\/5\/2025\/03\/famille-4055-480x720.jpg.webp 480w\" data-sizes=\"auto\" class=\"wp-image-32252 lazyload\" title=\"famiglia-4055\" alt=\"fotografo di famiglia Mentone\" src=\"data:image\/svg+xml;base64,PHN2ZyB3aWR0aD0iMSIgaGVpZ2h0PSIxIiB4bWxucz0iaHR0cDovL3d3dy53My5vcmcvMjAwMC9zdmciPjwvc3ZnPg==\" style=\"--smush-placeholder-width: 1366px; --smush-placeholder-aspect-ratio: 1366\/2048;\" data-original-sizes=\"(min-width: 0px) and (max-width: 480px) 480px, (min-width: 481px) and (max-width: 980px) 980px, (min-width: 981px) and (max-width: 1280px) 1280px, (min-width: 1281px) 1366px, 100vw\" \/><\/span><\/div>\n<\/div>\n<\/div>\n\n<div class=\"et_pb_row_9 et_pb_row et_block_row\">\n<div class=\"et_pb_column_18 et_pb_column et_pb_column_4_4 et-last-child et_block_column et_pb_css_mix_blend_mode_passthrough\">\n<div class=\"et_pb_code_1 et_pb_code et_pb_module\"><div class=\"et_pb_code_inner\"><div class=\"et_pb_row et_pb_row_2\">\n\n\n\n<div class=\"et_pb_column et_pb_column_4_4 et_pb_column_5 et_pb_css_mix_blend_mode_passthrough et-last-child\">\n\n\n \n \n \n \n\n<div class=\"et_pb_button_module_wrapper et_pb_button_0_wrapper et_pb_button_alignment_center et_pb_module\">\n <a class=\"et_pb_button et_pb_button_0 os_trigger_booking et_pb_bg_layout_light\" data-selected-service-category=\"11\" data-selected-location=\"5\" data-selected-agent=\"1\">PRENOTA ONLINE UNA SESSIONE FOTOGRAFICA DI FAMIGLIA A VILLEFRANCHE-SUR-MER<\/a>\n \n\n<\/div>\n\n\n\n<\/div>\n\n \n \n \n \n\n\n<\/div>\n<\/div><\/div>\n<\/div>\n<\/div>\n\n<div class=\"et_pb_row_10 et_pb_row et_block_row\">\n<div class=\"et_pb_column_19 et_pb_column et_pb_column_4_4 et-last-child et_block_column et_pb_css_mix_blend_mode_passthrough\">\n<div class=\"et_pb_text_8 et_pb_text et_pb_bg_layout_light et_pb_module et_block_module\"><div class=\"et_pb_text_inner\"><h3 class=\"police\">Avete in mente un luogo particolare? Discutiamone!<\/h3>\n<\/div><\/div>\n\n<div class=\"et_pb_text_9 et_pb_text et_pb_bg_layout_light et_pb_module et_block_module\"><div class=\"et_pb_text_inner\"><p style=\"text-align: justify;\">Regalate alla vostra famiglia un momento senza tempo in uno dei pi\u00f9 bei villaggi della Costa Azzurra. Un servizio fotografico a Villefranche-sur-Mer \u00e8 un'opportunit\u00e0 per creare ricordi vividi e sentiti, in un ambiente luminoso e colorato che riflette il dolce stile di vita mediterraneo.<\/p>\n<p style=\"text-align: justify;\">Lavoro con voi con delicatezza e gentilezza per garantire che l'esperienza sia naturale, fluida e fedele allo spirito della vostra famiglia. Non fisso la scena, ma mi adatto alla personalit\u00e0 di ciascuno per catturare momenti reali che riflettono chi siete. L'obiettivo: creare ricordi sinceri e luminosi in un'atmosfera rilassata.<\/p>\n<p style=\"text-align: justify;\">Avete un desiderio particolare, un luogo che vi sta a cuore o un'idea specifica in mente? Sar\u00f2 lieto di discuterne con voi. Se desiderate organizzare il servizio fotografico in un luogo privato, condividere in anticipo un'informazione importante o semplicemente dirmi cosa avete in mente, non esitate a contattarmi. Le sessioni seguono un processo semplice e naturale, ma ogni famiglia \u00e8 unica, cos\u00ec come i vostri desideri. Sono qui per ascoltarvi affinch\u00e9 il vostro servizio fotografico di famiglia a Villefranche-sur-mer sia come lo desiderate, in un'atmosfera di fiducia e gentilezza.<\/p>\n<\/div><\/div>\n\n<div class=\"et_pb_module et_pb_button_module_wrapper et_pb_button_0_wrapper\"><a class=\"et_pb_button_0 et_pb_button et_pb_bg_layout_light et_pb_module et_block_module\" href=\"https:\/\/www.lauriecornillon.com\/it\/contatto\/\">CONTATTO<\/a><\/div>\n<\/div>\n<\/div>\n\n<div class=\"et_pb_row_11 et_pb_row et_block_row\">\n<div class=\"et_pb_column_20 et_pb_column et_pb_column_4_4 et-last-child et_block_column et_pb_css_mix_blend_mode_passthrough\">\n<div class=\"et_pb_image_10 et_pb_image et_pb_module et_block_module\"><span class=\"et_pb_image_wrap\"><img decoding=\"async\" data-src=\"https:\/\/www.lauriecornillon.com\/wp-content\/smush-webp\/sites\/5\/2025\/03\/famille-966.jpg.webp\" width=\"2048\" height=\"1367\" data-srcset=\"https:\/\/www.lauriecornillon.com\/wp-content\/smush-webp\/sites\/5\/2025\/03\/famille-966.jpg.webp 2048w, https:\/\/www.lauriecornillon.com\/wp-content\/smush-webp\/sites\/5\/2025\/03\/famille-966-1280x854.jpg.webp 1280w, https:\/\/www.lauriecornillon.com\/wp-content\/smush-webp\/sites\/5\/2025\/03\/famille-966-980x654.jpg.webp 980w, https:\/\/www.lauriecornillon.com\/wp-content\/smush-webp\/sites\/5\/2025\/03\/famille-966-480x320.jpg.webp 480w\" data-sizes=\"auto\" class=\"wp-image-32242 lazyload\" title=\"famiglia-966\" src=\"data:image\/svg+xml;base64,PHN2ZyB3aWR0aD0iMSIgaGVpZ2h0PSIxIiB4bWxucz0iaHR0cDovL3d3dy53My5vcmcvMjAwMC9zdmciPjwvc3ZnPg==\" style=\"--smush-placeholder-width: 2048px; --smush-placeholder-aspect-ratio: 2048\/1367;\" data-original-sizes=\"(min-width: 0px) and (max-width: 480px) 480px, (min-width: 481px) and (max-width: 980px) 980px, (min-width: 981px) and (max-width: 1280px) 1280px, (min-width: 1281px) 2048px, 100vw\" \/><\/span><\/div>\n<\/div>\n<\/div>\n\n<div class=\"et_pb_row_12 et_pb_row et_block_row\">\n<div class=\"et_pb_column_21 et_pb_column et_pb_column_4_4 et-last-child et_block_column et_pb_css_mix_blend_mode_passthrough\">\n<div class=\"et_pb_text_10 et_pb_text et_pb_bg_layout_light et_pb_module et_block_module\"><div class=\"et_pb_text_inner\"><h2 class=\"police\">Programma dettagliato per la vostra sessione fotografica di famiglia a Villefranche-sur-Mer<\/h2>\n<\/div><\/div>\n\n<div class=\"et_pb_text_11 et_pb_text et_pb_bg_layout_light et_pb_module et_block_module\"><div class=\"et_pb_text_inner\"><h3 style=\"text-align: justify;\">Fase 1: prenotazione online del servizio fotografico a Villefranche-sur-Mer<\/h3>\n<p style=\"text-align: justify;\">Prenotate la vostra sessione direttamente online. Una volta confermata la prenotazione, vi invier\u00f2 un'e-mail di riepilogo con il luogo esatto del vostro appuntamento a Villefranche-sur-Mer, oltre a tutti i miei consigli su come prepararvi alla sessione.<\/p>\n<h3 style=\"text-align: justify;\">Fase 2: la sessione in loco<\/h3>\n<p style=\"text-align: justify;\">Il giorno della sessione ci incontriamo al punto d'incontro. La sessione dura un'ora e consiste in una passeggiata fotografica dolce e naturale attraverso i luoghi pi\u00f9 belli di Villefranche-sur-Mer. Mi adatto alla luce, all'energia del momento e al ritmo della vostra famiglia. Alterniamo momenti spontanei a pose guidate, per ottenere immagini vivaci, eleganti e autentiche.<\/p>\n<h3 style=\"text-align: justify;\">Fase 3: Consegna delle foto<\/h3>\n<p style=\"text-align: justify;\">Pochi giorni dopo, riceverete una galleria privata online con tutte le vostre foto accuratamente ritoccate. Potrete selezionare le vostre preferite o scegliere l'intera galleria. Ogni immagine \u00e8 stata realizzata con cura per evidenziare i vostri legami, le vostre emozioni e la bellezza unica di Villefranche.<\/p>\n<p style=\"text-align: justify;\">Il mio obiettivo \u00e8 quello di offrirvi un'esperienza dolce, calorosa e indimenticabile, in un ambiente al tempo stesso dolce e mediterraneo e ricco di fascino.<\/p>\n<\/div><\/div>\n\n<div class=\"et_pb_code_2 et_pb_code et_pb_module\"><div class=\"et_pb_code_inner\"><div class=\"et_pb_row et_pb_row_2\">\n\n\n\n<div class=\"et_pb_column et_pb_column_4_4 et_pb_column_5 et_pb_css_mix_blend_mode_passthrough et-last-child\">\n\n\n \n \n \n \n\n<div class=\"et_pb_button_module_wrapper et_pb_button_0_wrapper et_pb_button_alignment_center et_pb_module\">\n <a class=\"et_pb_button et_pb_button_0 os_trigger_booking et_pb_bg_layout_light\" data-selected-service-category=\"11\" data-selected-location=\"5\" data-selected-agent=\"1\">PRENOTA ORA<\/a>\n<\/div>\n\n\n\n<\/div>\n\n \n \n \n \n\n\n<\/div>\n<\/div><\/div>\n<\/div>\n<\/div>\n\n<div class=\"et_pb_row_13 et_pb_row et_block_row\">\n<div class=\"et_pb_column_22 et_pb_column et_pb_column_1_3 et_block_column et_pb_css_mix_blend_mode_passthrough\">\n<div class=\"et_pb_image_11 et_pb_image et_pb_module et_block_module\"><span class=\"et_pb_image_wrap\"><img decoding=\"async\" data-src=\"https:\/\/www.lauriecornillon.com\/wp-content\/smush-webp\/sites\/5\/2025\/03\/famille-4057.jpg.webp\" width=\"1367\" height=\"2048\" data-srcset=\"https:\/\/www.lauriecornillon.com\/wp-content\/smush-webp\/sites\/5\/2025\/03\/famille-4057.jpg.webp 1367w, https:\/\/www.lauriecornillon.com\/wp-content\/smush-webp\/sites\/5\/2025\/03\/famille-4057-1280x1918.jpg.webp 1280w, https:\/\/www.lauriecornillon.com\/wp-content\/smush-webp\/sites\/5\/2025\/03\/famille-4057-980x1468.jpg.webp 980w, https:\/\/www.lauriecornillon.com\/wp-content\/smush-webp\/sites\/5\/2025\/03\/famille-4057-480x719.jpg.webp 480w\" data-sizes=\"auto\" class=\"wp-image-32254 lazyload\" title=\"famiglia-4057\" alt=\"Fotografo di bambini di Chin\" src=\"data:image\/svg+xml;base64,PHN2ZyB3aWR0aD0iMSIgaGVpZ2h0PSIxIiB4bWxucz0iaHR0cDovL3d3dy53My5vcmcvMjAwMC9zdmciPjwvc3ZnPg==\" style=\"--smush-placeholder-width: 1367px; --smush-placeholder-aspect-ratio: 1367\/2048;\" data-original-sizes=\"(min-width: 0px) and (max-width: 480px) 480px, (min-width: 481px) and (max-width: 980px) 980px, (min-width: 981px) and (max-width: 1280px) 1280px, (min-width: 1281px) 1367px, 100vw\" \/><\/span><\/div>\n<\/div>\n\n<div class=\"et_pb_column_23 et_pb_column et_pb_column_1_3 et_block_column et_pb_css_mix_blend_mode_passthrough\">\n<div class=\"et_pb_image_12 et_pb_image et_pb_module et_block_module\"><span class=\"et_pb_image_wrap\"><img decoding=\"async\" data-src=\"https:\/\/www.lauriecornillon.com\/wp-content\/smush-webp\/sites\/5\/2025\/03\/famille-4054.jpg.webp\" width=\"1367\" height=\"2048\" data-srcset=\"https:\/\/www.lauriecornillon.com\/wp-content\/smush-webp\/sites\/5\/2025\/03\/famille-4054.jpg.webp 1367w, https:\/\/www.lauriecornillon.com\/wp-content\/smush-webp\/sites\/5\/2025\/03\/famille-4054-1280x1918.jpg.webp 1280w, https:\/\/www.lauriecornillon.com\/wp-content\/smush-webp\/sites\/5\/2025\/03\/famille-4054-980x1468.jpg.webp 980w, https:\/\/www.lauriecornillon.com\/wp-content\/smush-webp\/sites\/5\/2025\/03\/famille-4054-480x719.jpg.webp 480w\" data-sizes=\"auto\" class=\"wp-image-32245 lazyload\" title=\"famiglia-4054\" alt=\"Servizio fotografico di famiglia Costa Azzurra\" src=\"data:image\/svg+xml;base64,PHN2ZyB3aWR0aD0iMSIgaGVpZ2h0PSIxIiB4bWxucz0iaHR0cDovL3d3dy53My5vcmcvMjAwMC9zdmciPjwvc3ZnPg==\" style=\"--smush-placeholder-width: 1367px; --smush-placeholder-aspect-ratio: 1367\/2048;\" data-original-sizes=\"(min-width: 0px) and (max-width: 480px) 480px, (min-width: 481px) and (max-width: 980px) 980px, (min-width: 981px) and (max-width: 1280px) 1280px, (min-width: 1281px) 1367px, 100vw\" \/><\/span><\/div>\n<\/div>\n\n<div class=\"et_pb_column_24 et_pb_column et_pb_column_1_3 et-last-child et_block_column et_pb_css_mix_blend_mode_passthrough\">\n<div class=\"et_pb_image_13 et_pb_image et_pb_module et_block_module\"><span class=\"et_pb_image_wrap\"><img decoding=\"async\" data-src=\"https:\/\/www.lauriecornillon.com\/wp-content\/smush-webp\/sites\/5\/2025\/03\/famille-4056.jpg.webp\" width=\"1367\" height=\"2048\" data-srcset=\"https:\/\/www.lauriecornillon.com\/wp-content\/smush-webp\/sites\/5\/2025\/03\/famille-4056.jpg.webp 1367w, https:\/\/www.lauriecornillon.com\/wp-content\/smush-webp\/sites\/5\/2025\/03\/famille-4056-1280x1918.jpg.webp 1280w, https:\/\/www.lauriecornillon.com\/wp-content\/smush-webp\/sites\/5\/2025\/03\/famille-4056-980x1468.jpg.webp 980w, https:\/\/www.lauriecornillon.com\/wp-content\/smush-webp\/sites\/5\/2025\/03\/famille-4056-480x719.jpg.webp 480w\" data-sizes=\"auto\" class=\"wp-image-32253 lazyload\" title=\"famiglia-4056\" alt=\"fotografo di famiglia Mentone\" src=\"data:image\/svg+xml;base64,PHN2ZyB3aWR0aD0iMSIgaGVpZ2h0PSIxIiB4bWxucz0iaHR0cDovL3d3dy53My5vcmcvMjAwMC9zdmciPjwvc3ZnPg==\" style=\"--smush-placeholder-width: 1367px; --smush-placeholder-aspect-ratio: 1367\/2048;\" data-original-sizes=\"(min-width: 0px) and (max-width: 480px) 480px, (min-width: 481px) and (max-width: 980px) 980px, (min-width: 981px) and (max-width: 1280px) 1280px, (min-width: 1281px) 1367px, 100vw\" \/><\/span><\/div>\n<\/div>\n<\/div>\n\n<div class=\"et_pb_row_14 et_pb_row et_block_row\">\n<div class=\"et_pb_column_25 et_pb_column et_pb_column_4_4 et-last-child et_block_column et_pb_css_mix_blend_mode_passthrough\">\n<div class=\"et_pb_text_12 et_pb_text et_pb_bg_layout_light et_pb_module et_block_module\"><div class=\"et_pb_text_inner\"><h2 class=\"police\">FAQ - Domande frequenti<\/h2>\n<\/div><\/div>\n\n<div class=\"et_pb_text_13 et_pb_text et_pb_bg_layout_light et_pb_module et_block_module\"><div class=\"et_pb_text_inner\"><h3 style=\"text-align: justify;\">Quanto dura il servizio fotografico?<\/h3>\n<p style=\"text-align: justify;\">La sessione dura un'ora. \u00c8 un tempo ideale per catturare una variet\u00e0 di momenti, mantenendo l'attenzione dei bambini e non stancandoli. Inoltre, ci d\u00e0 la possibilit\u00e0 di esplorare diversi luoghi della vecchia Villefranche.<\/p>\n<h3 style=\"text-align: justify;\">Cosa indossare per un servizio fotografico di successo?<\/h3>\n<p style=\"text-align: justify;\">Consiglio di indossare abiti coordinati in toni tenui o naturali: bianco, beige, blu, verde oliva... Questo mette in risalto l'atmosfera colorata di Villefranche-sur-Mer e garantisce una bella armonia visiva. Evitate i loghi visibili e le fantasie impegnative.<\/p>\n<h3 style=\"text-align: justify;\">I miei figli sono molto energici, \u00e8 un problema?<\/h3>\n<p style=\"text-align: justify;\">Niente affatto! Le sessioni sono concepite per essere dinamiche, divertenti e rilassate. Mi adatto ai ritmi dei vostri bambini e catturo la loro spontaneit\u00e0 senza mai forzarli. A Villefranche ci sono molti luoghi perfetti per muoversi liberamente.<\/p>\n<h3 style=\"text-align: justify;\">Possiamo scegliere la sede?<\/h3>\n<p style=\"text-align: justify;\">S\u00ec, naturalmente. Possiamo discutere insieme quale sia il luogo pi\u00f9 adatto a voi. Villefranche-sur-Mer offre molti ambienti diversi: porto, stradine, lungomare... Vi aiuter\u00f2 a fare la scelta giusta in base ai vostri desideri e all'et\u00e0 dei bambini.<\/p>\n<h3 style=\"text-align: justify;\">Si pu\u00f2 regalare una sessione?<\/h3>\n<p style=\"text-align: justify;\">S\u00ec, ed \u00e8 un'idea deliziosa. Offro eleganti buoni regalo personalizzati, perfetti per una nascita, un compleanno o semplicemente per fare un piacere a una persona cara che vive o visita Villefranche-sur-Mer.<\/p>\n<h3 style=\"text-align: justify;\">Come si prenota una sessione fotografica di famiglia?<\/h3>\n<p>Potete prenotare il vostro servizio fotografico di famiglia a Villefranche-sur-Mer direttamente cliccando sul pulsante \"Prenota online\". \u00c8 facile e veloce! Se avete domande, richieste particolari o desiderate ricevere la mia brochure completa, non esitate a contattarmi utilizzando il modulo di contatto. Sar\u00f2 lieta di aiutarvi a preparare questa meravigliosa esperienza familiare.<\/p>\n<\/div><\/div>\n\n<div class=\"et_pb_module et_pb_button_module_wrapper et_pb_button_1_wrapper\"><a class=\"et_pb_button_1 et_pb_button et_pb_bg_layout_light et_pb_module et_block_module\" href=\"https:\/\/www.lauriecornillon.com\/it\/contatto\/\">CONTATTO<\/a><\/div>\n\n<div class=\"et_pb_code_3 et_pb_code et_pb_module\"><div class=\"et_pb_code_inner\"><div class=\"et_pb_row et_pb_row_2\">\n\n\n\n<div class=\"et_pb_column et_pb_column_4_4 et_pb_column_5 et_pb_css_mix_blend_mode_passthrough et-last-child\">\n\n\n \n \n \n \n\n<div class=\"et_pb_button_module_wrapper et_pb_button_0_wrapper et_pb_button_alignment_center et_pb_module\">\n <a class=\"et_pb_button et_pb_button_0 os_trigger_booking et_pb_bg_layout_light\" data-selected-service-category=\"11\" data-selected-location=\"5\" data-selected-agent=\"1\">PRENOTA ORA<\/a>\n<\/div>\n\n\n\n<\/div>\n\n \n \n \n \n\n\n<\/div>\n<\/div><\/div>\n<\/div>\n<\/div>\n\n<div class=\"et_pb_row_15 et_pb_row et_block_row\">\n<div class=\"et_pb_column_26 et_pb_column et_pb_column_1_3 et_block_column et_pb_css_mix_blend_mode_passthrough\">\n<div class=\"et_pb_image_14 et_pb_image et_pb_module et_block_module\"><span class=\"et_pb_image_wrap\"><img decoding=\"async\" data-src=\"https:\/\/www.lauriecornillon.com\/wp-content\/smush-webp\/sites\/5\/2025\/03\/famille-699.jpg.webp\" width=\"1367\" height=\"2048\" data-srcset=\"https:\/\/www.lauriecornillon.com\/wp-content\/smush-webp\/sites\/5\/2025\/03\/famille-699.jpg.webp 1367w, https:\/\/www.lauriecornillon.com\/wp-content\/smush-webp\/sites\/5\/2025\/03\/famille-699-1280x1918.jpg.webp 1280w, https:\/\/www.lauriecornillon.com\/wp-content\/smush-webp\/sites\/5\/2025\/03\/famille-699-980x1468.jpg.webp 980w, https:\/\/www.lauriecornillon.com\/wp-content\/smush-webp\/sites\/5\/2025\/03\/famille-699-480x719.jpg.webp 480w\" data-sizes=\"auto\" class=\"wp-image-32237 lazyload\" title=\"famiglia-699\" alt=\"Fotografo di bambini di Chin\" src=\"data:image\/svg+xml;base64,PHN2ZyB3aWR0aD0iMSIgaGVpZ2h0PSIxIiB4bWxucz0iaHR0cDovL3d3dy53My5vcmcvMjAwMC9zdmciPjwvc3ZnPg==\" style=\"--smush-placeholder-width: 1367px; --smush-placeholder-aspect-ratio: 1367\/2048;\" data-original-sizes=\"(min-width: 0px) and (max-width: 480px) 480px, (min-width: 481px) and (max-width: 980px) 980px, (min-width: 981px) and (max-width: 1280px) 1280px, (min-width: 1281px) 1367px, 100vw\" \/><\/span><\/div>\n<\/div>\n\n<div class=\"et_pb_column_27 et_pb_column et_pb_column_1_3 et_block_column et_pb_css_mix_blend_mode_passthrough\">\n<div class=\"et_pb_image_15 et_pb_image et_pb_module et_block_module\"><span class=\"et_pb_image_wrap\"><img decoding=\"async\" data-src=\"https:\/\/www.lauriecornillon.com\/wp-content\/smush-webp\/sites\/5\/2025\/03\/famille-672.jpg.webp\" width=\"1367\" height=\"2048\" data-srcset=\"https:\/\/www.lauriecornillon.com\/wp-content\/smush-webp\/sites\/5\/2025\/03\/famille-672.jpg.webp 1367w, https:\/\/www.lauriecornillon.com\/wp-content\/smush-webp\/sites\/5\/2025\/03\/famille-672-1280x1918.jpg.webp 1280w, https:\/\/www.lauriecornillon.com\/wp-content\/smush-webp\/sites\/5\/2025\/03\/famille-672-980x1468.jpg.webp 980w, https:\/\/www.lauriecornillon.com\/wp-content\/smush-webp\/sites\/5\/2025\/03\/famille-672-480x719.jpg.webp 480w\" data-sizes=\"auto\" class=\"wp-image-32241 lazyload\" title=\"famiglia-672\" alt=\"Fotografo di gravidanza Nizza\" src=\"data:image\/svg+xml;base64,PHN2ZyB3aWR0aD0iMSIgaGVpZ2h0PSIxIiB4bWxucz0iaHR0cDovL3d3dy53My5vcmcvMjAwMC9zdmciPjwvc3ZnPg==\" style=\"--smush-placeholder-width: 1367px; --smush-placeholder-aspect-ratio: 1367\/2048;\" data-original-sizes=\"(min-width: 0px) and (max-width: 480px) 480px, (min-width: 481px) and (max-width: 980px) 980px, (min-width: 981px) and (max-width: 1280px) 1280px, (min-width: 1281px) 1367px, 100vw\" \/><\/span><\/div>\n<\/div>\n\n<div class=\"et_pb_column_28 et_pb_column et_pb_column_1_3 et-last-child et_block_column et_pb_css_mix_blend_mode_passthrough\">\n<div class=\"et_pb_image_16 et_pb_image et_pb_module et_block_module\"><span class=\"et_pb_image_wrap\"><img decoding=\"async\" data-src=\"https:\/\/www.lauriecornillon.com\/wp-content\/smush-webp\/sites\/5\/2025\/03\/famille-687.jpg.webp\" width=\"1367\" height=\"2048\" data-srcset=\"https:\/\/www.lauriecornillon.com\/wp-content\/smush-webp\/sites\/5\/2025\/03\/famille-687.jpg.webp 1367w, https:\/\/www.lauriecornillon.com\/wp-content\/smush-webp\/sites\/5\/2025\/03\/famille-687-1280x1918.jpg.webp 1280w, https:\/\/www.lauriecornillon.com\/wp-content\/smush-webp\/sites\/5\/2025\/03\/famille-687-980x1468.jpg.webp 980w, https:\/\/www.lauriecornillon.com\/wp-content\/smush-webp\/sites\/5\/2025\/03\/famille-687-480x719.jpg.webp 480w\" data-sizes=\"auto\" class=\"wp-image-32239 lazyload\" title=\"famiglia-687\" alt=\"Fotografia di gravidanza Nizza\" src=\"data:image\/svg+xml;base64,PHN2ZyB3aWR0aD0iMSIgaGVpZ2h0PSIxIiB4bWxucz0iaHR0cDovL3d3dy53My5vcmcvMjAwMC9zdmciPjwvc3ZnPg==\" style=\"--smush-placeholder-width: 1367px; --smush-placeholder-aspect-ratio: 1367\/2048;\" data-original-sizes=\"(min-width: 0px) and (max-width: 480px) 480px, (min-width: 481px) and (max-width: 980px) 980px, (min-width: 981px) and (max-width: 1280px) 1280px, (min-width: 1281px) 1367px, 100vw\" \/><\/span><\/div>\n<\/div>\n<\/div>\n\n<div class=\"et_pb_row_16 et_pb_row et_block_row\">\n<div class=\"et_pb_column_29 et_pb_column et_pb_column_4_4 et-last-child et_block_column et_pb_css_mix_blend_mode_passthrough\">\n<div class=\"et_pb_image_17 et_pb_image et_pb_module et_block_module\"><span class=\"et_pb_image_wrap\"><img decoding=\"async\" data-src=\"https:\/\/www.lauriecornillon.com\/wp-content\/smush-webp\/sites\/5\/2025\/03\/famille-683.jpg.webp\" width=\"2048\" height=\"1367\" data-srcset=\"https:\/\/www.lauriecornillon.com\/wp-content\/smush-webp\/sites\/5\/2025\/03\/famille-683.jpg.webp 2048w, https:\/\/www.lauriecornillon.com\/wp-content\/smush-webp\/sites\/5\/2025\/03\/famille-683-1280x854.jpg.webp 1280w, https:\/\/www.lauriecornillon.com\/wp-content\/smush-webp\/sites\/5\/2025\/03\/famille-683-980x654.jpg.webp 980w, https:\/\/www.lauriecornillon.com\/wp-content\/smush-webp\/sites\/5\/2025\/03\/famille-683-480x320.jpg.webp 480w\" data-sizes=\"auto\" class=\"wp-image-32235 lazyload\" title=\"famiglia-683\" alt=\"famiglia di tiro a segno Mentone\" src=\"data:image\/svg+xml;base64,PHN2ZyB3aWR0aD0iMSIgaGVpZ2h0PSIxIiB4bWxucz0iaHR0cDovL3d3dy53My5vcmcvMjAwMC9zdmciPjwvc3ZnPg==\" style=\"--smush-placeholder-width: 2048px; --smush-placeholder-aspect-ratio: 2048\/1367;\" data-original-sizes=\"(min-width: 0px) and (max-width: 480px) 480px, (min-width: 481px) and (max-width: 980px) 980px, (min-width: 981px) and (max-width: 1280px) 1280px, (min-width: 1281px) 2048px, 100vw\" \/><\/span><\/div>\n<\/div>\n<\/div>\n\n<div class=\"et_pb_row_17 et_pb_row et_block_row\">\n<div class=\"et_pb_column_30 et_pb_column et_pb_column_4_4 et-last-child et_block_column et_pb_css_mix_blend_mode_passthrough\">\n<div class=\"et_pb_text_14 et_pb_text et_pb_bg_layout_light et_pb_module et_block_module\"><div class=\"et_pb_text_inner\"><h2 class=\"police\">Prenotate il vostro servizio fotografico di famiglia a Villefranche-sur-Mer<\/h2>\n<\/div><\/div>\n\n<div class=\"et_pb_text_15 et_pb_text et_pb_bg_layout_light et_pb_module et_block_module\"><div class=\"et_pb_text_inner\"><p>Regalate alla vostra famiglia un momento senza tempo in uno dei pi\u00f9 bei villaggi della Costa Azzurra. Un servizio fotografico a Villefranche-sur-Mer \u00e8 un'opportunit\u00e0 per creare ricordi vividi e sentiti, in un ambiente luminoso e colorato che riflette il dolce stile di vita mediterraneo.<\/p>\n<p>La sessione si svolge come una passeggiata, al ritmo della vostra famiglia, adattandosi alla luce del giorno e all'umore del momento. Vi guider\u00f2 dolcemente attraverso l'esperienza, tenendo conto della personalit\u00e0 di ciascuno per catturare immagini naturali, spontanee e fedeli a ci\u00f2 che siete.<\/p>\n<p>Potete prenotare direttamente online con pochi clic. E se avete domande o richieste particolari, o se desiderate ricevere la mia brochure completa, non esitate a contattarmi utilizzando il modulo. Sar\u00f2 lieta di parlare con voi e di aiutarvi a preparare questa meravigliosa gita in famiglia.<\/p>\n<\/div><\/div>\n\n<div class=\"et_pb_module et_pb_button_module_wrapper et_pb_button_2_wrapper\"><a class=\"et_pb_button_2 et_pb_button et_pb_bg_layout_light et_pb_module et_block_module\" href=\"https:\/\/www.lauriecornillon.com\/it\/contatto\/\">CONTATTO<\/a><\/div>\n\n<div class=\"et_pb_code_4 et_pb_code et_pb_module\"><div class=\"et_pb_code_inner\"><div class=\"et_pb_row et_pb_row_2\">\n\n\n\n<div class=\"et_pb_column et_pb_column_4_4 et_pb_column_5 et_pb_css_mix_blend_mode_passthrough et-last-child\">\n\n\n \n \n \n \n\n<div class=\"et_pb_button_module_wrapper et_pb_button_0_wrapper et_pb_button_alignment_center et_pb_module\">\n <a class=\"et_pb_button et_pb_button_0 os_trigger_booking et_pb_bg_layout_light\" data-selected-service-category=\"11\" data-selected-location=\"5\" data-selected-agent=\"1\">PRENOTA ORA<\/a>\n<\/div>\n\n\n\n<\/div>\n\n \n \n \n \n\n\n<\/div>\n<\/div><\/div>\n<\/div>\n<\/div>\n<\/div>","protected":false},"excerpt":{"rendered":"","protected":false},"author":1,"featured_media":0,"parent":0,"menu_order":0,"comment_status":"closed","ping_status":"closed","template":"","meta":{"footnotes":""},"class_list":["post-32021","page","type-page","status-publish","hentry"],"_links":{"self":[{"href":"https:\/\/www.lauriecornillon.com\/it\/wp-json\/wp\/v2\/pages\/32021","targetHints":{"allow":["GET"]}}],"collection":[{"href":"https:\/\/www.lauriecornillon.com\/it\/wp-json\/wp\/v2\/pages"}],"about":[{"href":"https:\/\/www.lauriecornillon.com\/it\/wp-json\/wp\/v2\/types\/page"}],"author":[{"embeddable":true,"href":"https:\/\/www.lauriecornillon.com\/it\/wp-json\/wp\/v2\/users\/1"}],"replies":[{"embeddable":true,"href":"https:\/\/www.lauriecornillon.com\/it\/wp-json\/wp\/v2\/comments?post=32021"}],"version-history":[{"count":0,"href":"https:\/\/www.lauriecornillon.com\/it\/wp-json\/wp\/v2\/pages\/32021\/revisions"}],"wp:attachment":[{"href":"https:\/\/www.lauriecornillon.com\/it\/wp-json\/wp\/v2\/media?parent=32021"}],"curies":[{"name":"wp","href":"https:\/\/api.w.org\/{rel}","templated":true}]}}