{"id":32033,"date":"2025-03-27T18:36:39","date_gmt":"2025-03-27T17:36:39","guid":{"rendered":"https:\/\/www.lauriecornillon.com\/?page_id=32033"},"modified":"2026-03-03T21:38:59","modified_gmt":"2026-03-03T20:38:59","slug":"fotografo-famille-antibes","status":"publish","type":"page","link":"https:\/\/www.lauriecornillon.com\/it\/seance-photo-famille-antibes\/","title":{"rendered":"Servizio fotografico di famiglia ad Antibes"},"content":{"rendered":"<div class=\"et_pb_section_0 et_pb_section et_section_specialty et_pb_gutters3 et_block_section\"><div class=\"et_pb_row et_block_row\">\n<div class=\"et_pb_column_0 et_pb_column et_pb_column_single et_pb_column_1_2 et_block_column et_pb_css_mix_blend_mode_passthrough\">\n<div class=\"et_pb_text_0 et_pb_text et_pb_bg_layout_light et_pb_module et_block_module\"><div class=\"et_pb_text_inner\"><h1>Servizio fotografico di famiglia ad Antibes<\/h1>\n<p><i>Servizio fotografico famiglia ad Antibes. Cattura la gioia della tua famiglia con naturalezza al Cap d'Antibes o nella Citt\u00e0 Vecchia. Ricordi autentici e luminosi.<\/i>Volete immortalare momenti speciali con la vostra famiglia in un ambiente caldo e autentico? Antibes \u00e8 il luogo ideale. Questa citt\u00e0, incastonata tra la tradizione e il Mar Mediterraneo, offre una variet\u00e0 di scenari magnifici: strette strade fiorite, spiagge tranquille, il vecchio porto e i bastioni immersi nel sole.<\/p>\n<p>Che siate in visita in Costa Azzurra o che viviate nella regione, un servizio fotografico ad Antibes \u00e8 l'occasione perfetta per vivere un'esperienza familiare meravigliosa e partire con immagini naturali, piene di vita e di emozioni.<\/p>\n<p>Come fotografo professionista specializzato in servizi fotografici all'aperto, lavorer\u00f2 con voi per creare ricordi unici in un'atmosfera rilassata. Insieme, esploreremo gli angoli pi\u00f9 belli di Antibes per catturare i vostri legami, le vostre risate e la vostra autenticit\u00e0.<\/p>\n<\/div><\/div>\n<\/div>\n\n<div class=\"et_pb_column_1 et_pb_column et_pb_specialty_column et_pb_column_1_2 et-last-child et_block_column et_pb_css_mix_blend_mode_passthrough\">\n<div class=\"et_pb_row_inner_0 et_pb_row_inner et_block_row\">\n<div class=\"et_pb_column_inner_0 et_pb_column_inner et_pb_column et_pb_column_4_4 et-last-child et_block_column et_pb_css_mix_blend_mode_passthrough\">\n<div class=\"et_pb_image_0 et_pb_image et_animated et_pb_module et_block_module\"><span class=\"et_pb_image_wrap\"><img decoding=\"async\" data-src=\"https:\/\/www.lauriecornillon.com\/wp-content\/smush-webp\/sites\/5\/2025\/03\/famille-1996.jpg.webp\" width=\"1366\" height=\"2048\" data-srcset=\"https:\/\/www.lauriecornillon.com\/wp-content\/smush-webp\/sites\/5\/2025\/03\/famille-1996.jpg.webp 1366w, https:\/\/www.lauriecornillon.com\/wp-content\/smush-webp\/sites\/5\/2025\/03\/famille-1996-1280x1919.jpg.webp 1280w, https:\/\/www.lauriecornillon.com\/wp-content\/smush-webp\/sites\/5\/2025\/03\/famille-1996-980x1469.jpg.webp 980w, https:\/\/www.lauriecornillon.com\/wp-content\/smush-webp\/sites\/5\/2025\/03\/famille-1996-480x720.jpg.webp 480w\" data-sizes=\"auto\" class=\"wp-image-32440 lazyload\" title=\"famiglia-1996\" src=\"data:image\/svg+xml;base64,PHN2ZyB3aWR0aD0iMSIgaGVpZ2h0PSIxIiB4bWxucz0iaHR0cDovL3d3dy53My5vcmcvMjAwMC9zdmciPjwvc3ZnPg==\" style=\"--smush-placeholder-width: 1366px; --smush-placeholder-aspect-ratio: 1366\/2048;\" data-original-sizes=\"(min-width: 0px) and (max-width: 480px) 480px, (min-width: 481px) and (max-width: 980px) 980px, (min-width: 981px) and (max-width: 1280px) 1280px, (min-width: 1281px) 1366px, 100vw\" \/><\/span><\/div>\n<\/div>\n<\/div>\n<\/div>\n<\/div><\/div>\n\n<div class=\"et_pb_section_1 et_pb_section et_section_regular et_block_section\">\n<div class=\"et_pb_row_0 et_pb_row et_block_row\">\n<div class=\"et_pb_column_2 et_pb_column et_pb_column_4_4 et-last-child et_block_column et_pb_css_mix_blend_mode_passthrough\">\n<div class=\"et_pb_text_1 et_pb_text et_pb_bg_layout_light et_pb_module et_block_module\"><div class=\"et_pb_text_inner\"><h2 class=\"police\">Fotografo di famiglia ad Antibes<\/h2>\n<\/div><\/div>\n<\/div>\n<\/div>\n\n<div class=\"et_pb_row_1 et_pb_row et_block_row\">\n<div class=\"et_pb_column_3 et_pb_column et_pb_column_1_2 et_block_column et_pb_css_mix_blend_mode_passthrough\">\n<div class=\"et_pb_text_2 et_pb_text et_pb_bg_layout_light et_pb_module et_block_module\"><div class=\"et_pb_text_inner\"><h3>Un perfetto connubio tra natura, storia e mare<\/h3>\n<p>Antibes offre un equilibrio ideale tra strade storiche, mare turchese e paesaggi verdeggianti. \u00c8 una citt\u00e0 piena di fascino dove ogni angolo diventa uno sfondo naturale per i vostri ricordi di famiglia.<\/p>\n<h3>Un'atmosfera morbida e amichevole<\/h3>\n<p>A differenza delle citt\u00e0 trafficate, Antibes ha un'atmosfera tranquilla, ideale per un servizio fotografico rilassato. Qui il ritmo \u00e8 pi\u00f9 dolce e favorisce momenti sinceri e scambi naturali.<\/p>\n<\/div><\/div>\n<\/div>\n\n<div class=\"et_pb_column_4 et_pb_column et_pb_column_1_2 et-last-child et_block_column et_pb_css_mix_blend_mode_passthrough\">\n<div class=\"et_pb_text_3 et_pb_text et_pb_bg_layout_light et_pb_module et_block_module\"><div class=\"et_pb_text_inner\"><h3>Eccezionale luce mediterranea<\/h3>\n<p>La luce di Antibes \u00e8 spesso dorata e avvolgente, perfetta per esaltare i toni della pelle e creare foto luminose, naturali e senza tempo. \u00c8 un vero vantaggio per un servizio fotografico all'aperto.<\/p>\n<h3>Un parco giochi ideale per i bambini<\/h3>\n<p>Antibes \u00e8 ricca di vicoli sicuri, spiagge tranquille e passeggiate dove i bambini possono correre liberamente. L'atmosfera rilassata permette di catturare la loro energia in modo divertente e spontaneo.<\/p>\n<\/div><\/div>\n<\/div>\n<\/div>\n\n<div class=\"et_pb_row_2 et_pb_row et_block_row\">\n<div class=\"et_pb_column_5 et_pb_column et_pb_column_4_4 et-last-child et_block_column et_pb_css_mix_blend_mode_passthrough\">\n<div class=\"et_pb_code_0 et_pb_code et_pb_module\"><div class=\"et_pb_code_inner\"><div class=\"et_pb_row et_pb_row_2\">\n\t\t\t\t<div class=\"et_pb_column et_pb_column_4_4 et_pb_column_5  et_pb_css_mix_blend_mode_passthrough et-last-child\">\n\t\t\t\t\n\t\t\t\t\n\t\t\t\t\n\t\t\t\t\n\t\t\t\t<div class=\"et_pb_button_module_wrapper et_pb_button_0_wrapper et_pb_button_alignment_center et_pb_module\">\n\t\t\t\t<a class=\"et_pb_button et_pb_button_0 os_trigger_booking et_pb_bg_layout_light\" data-selected-service-category=\"11\" data-selected-agent=\"1\" data-selected-location=\"8\"\t>PRENOTA ONLINE<\/a>\n\t\t\t<\/div>\n\t\t\t<\/div>\n\t\t\t\t\n\t\t\t\t\n\t\t\t\t\n\t\t\t\t\n\t\t\t<\/div><\/div><\/div>\n<\/div>\n<\/div>\n<\/div>\n\n<div class=\"et_pb_section_2 et_pb_section et_section_regular et_block_section\">\n<div class=\"et_pb_row_3 et_pb_row et_block_row\">\n<div class=\"et_pb_column_6 et_pb_column et_pb_column_4_4 et-last-child et_block_column et_pb_css_mix_blend_mode_passthrough\">\n<div class=\"et_pb_text_4 et_pb_text et_pb_bg_layout_light et_pb_module et_block_module\"><div class=\"et_pb_text_inner\"><h2 class=\"police\">Il mio approccio: naturale, caldo e su misura<\/h2>\n<\/div><\/div>\n<\/div>\n<\/div>\n\n<div class=\"et_pb_row_4 et_pb_row et_block_row\">\n<div class=\"et_pb_column_7 et_pb_column et_pb_column_1_3 et_block_column et_pb_css_mix_blend_mode_passthrough\">\n<div class=\"et_pb_image_1 et_pb_image et_pb_module et_block_module\"><span class=\"et_pb_image_wrap\"><img decoding=\"async\" data-src=\"https:\/\/www.lauriecornillon.com\/wp-content\/smush-webp\/sites\/5\/2025\/03\/famille-2258.jpg.webp\" width=\"1366\" height=\"2048\" data-srcset=\"https:\/\/www.lauriecornillon.com\/wp-content\/smush-webp\/sites\/5\/2025\/03\/famille-2258.jpg.webp 1366w, https:\/\/www.lauriecornillon.com\/wp-content\/smush-webp\/sites\/5\/2025\/03\/famille-2258-1280x1919.jpg.webp 1280w, https:\/\/www.lauriecornillon.com\/wp-content\/smush-webp\/sites\/5\/2025\/03\/famille-2258-980x1469.jpg.webp 980w, https:\/\/www.lauriecornillon.com\/wp-content\/smush-webp\/sites\/5\/2025\/03\/famille-2258-480x720.jpg.webp 480w\" data-sizes=\"auto\" class=\"wp-image-32432 lazyload\" title=\"famiglia-2258\" alt=\"Fotografo di bambini di Chin\" src=\"data:image\/svg+xml;base64,PHN2ZyB3aWR0aD0iMSIgaGVpZ2h0PSIxIiB4bWxucz0iaHR0cDovL3d3dy53My5vcmcvMjAwMC9zdmciPjwvc3ZnPg==\" style=\"--smush-placeholder-width: 1366px; --smush-placeholder-aspect-ratio: 1366\/2048;\" data-original-sizes=\"(min-width: 0px) and (max-width: 480px) 480px, (min-width: 481px) and (max-width: 980px) 980px, (min-width: 981px) and (max-width: 1280px) 1280px, (min-width: 1281px) 1366px, 100vw\" \/><\/span><\/div>\n<\/div>\n\n<div class=\"et_pb_column_8 et_pb_column et_pb_column_1_3 et_block_column et_pb_css_mix_blend_mode_passthrough\">\n<div class=\"et_pb_image_2 et_pb_image et_pb_module et_block_module\"><span class=\"et_pb_image_wrap\"><img decoding=\"async\" data-src=\"https:\/\/www.lauriecornillon.com\/wp-content\/smush-webp\/sites\/5\/2025\/03\/famille-2260.jpg.webp\" width=\"1366\" height=\"2048\" data-srcset=\"https:\/\/www.lauriecornillon.com\/wp-content\/smush-webp\/sites\/5\/2025\/03\/famille-2260.jpg.webp 1366w, https:\/\/www.lauriecornillon.com\/wp-content\/smush-webp\/sites\/5\/2025\/03\/famille-2260-1280x1919.jpg.webp 1280w, https:\/\/www.lauriecornillon.com\/wp-content\/smush-webp\/sites\/5\/2025\/03\/famille-2260-980x1469.jpg.webp 980w, https:\/\/www.lauriecornillon.com\/wp-content\/smush-webp\/sites\/5\/2025\/03\/famille-2260-480x720.jpg.webp 480w\" data-sizes=\"auto\" class=\"wp-image-32433 lazyload\" title=\"famiglia-2260\" alt=\"Fotografo di gravidanza Nizza\" src=\"data:image\/svg+xml;base64,PHN2ZyB3aWR0aD0iMSIgaGVpZ2h0PSIxIiB4bWxucz0iaHR0cDovL3d3dy53My5vcmcvMjAwMC9zdmciPjwvc3ZnPg==\" style=\"--smush-placeholder-width: 1366px; --smush-placeholder-aspect-ratio: 1366\/2048;\" data-original-sizes=\"(min-width: 0px) and (max-width: 480px) 480px, (min-width: 481px) and (max-width: 980px) 980px, (min-width: 981px) and (max-width: 1280px) 1280px, (min-width: 1281px) 1366px, 100vw\" \/><\/span><\/div>\n<\/div>\n\n<div class=\"et_pb_column_9 et_pb_column et_pb_column_1_3 et-last-child et_block_column et_pb_css_mix_blend_mode_passthrough\">\n<div class=\"et_pb_image_3 et_pb_image et_pb_module et_block_module\"><span class=\"et_pb_image_wrap\"><img decoding=\"async\" data-src=\"https:\/\/www.lauriecornillon.com\/wp-content\/smush-webp\/sites\/5\/2025\/03\/famille-2257.jpg.webp\" width=\"1366\" height=\"2048\" data-srcset=\"https:\/\/www.lauriecornillon.com\/wp-content\/smush-webp\/sites\/5\/2025\/03\/famille-2257.jpg.webp 1366w, https:\/\/www.lauriecornillon.com\/wp-content\/uploads\/sites\/5\/2025\/03\/famille-2257-1280x1919.jpg 1280w, https:\/\/www.lauriecornillon.com\/wp-content\/smush-webp\/sites\/5\/2025\/03\/famille-2257-980x1469.jpg.webp 980w, https:\/\/www.lauriecornillon.com\/wp-content\/smush-webp\/sites\/5\/2025\/03\/famille-2257-480x720.jpg.webp 480w\" data-sizes=\"auto\" class=\"wp-image-32434 lazyload\" title=\"famiglia-2257\" alt=\"Fotografia di gravidanza Nizza\" src=\"data:image\/svg+xml;base64,PHN2ZyB3aWR0aD0iMSIgaGVpZ2h0PSIxIiB4bWxucz0iaHR0cDovL3d3dy53My5vcmcvMjAwMC9zdmciPjwvc3ZnPg==\" style=\"--smush-placeholder-width: 1366px; --smush-placeholder-aspect-ratio: 1366\/2048;\" data-original-sizes=\"(min-width: 0px) and (max-width: 480px) 480px, (min-width: 481px) and (max-width: 980px) 980px, (min-width: 981px) and (max-width: 1280px) 1280px, (min-width: 1281px) 1366px, 100vw\" \/><\/span><\/div>\n<\/div>\n<\/div>\n\n<div class=\"et_pb_row_5 et_pb_row et_block_row\">\n<div class=\"et_pb_column_10 et_pb_column et_pb_column_4_4 et-last-child et_block_column et_pb_css_mix_blend_mode_passthrough\">\n<div class=\"et_pb_text_5 et_pb_text et_pb_bg_layout_light et_pb_module et_block_module\"><div class=\"et_pb_text_inner\"><h3>Immagini che raccontano la vostra storia<\/h3>\n<p>Non cerco di far posare le famiglie. Ci\u00f2 che conta per me \u00e8 catturare l'autenticit\u00e0: uno sguardo tenero, una risatina, una mano nell'altra. Ad Antibes, ogni vicolo, ogni angolo della spiaggia diventa lo sfondo vivente delle vostre emozioni.<\/p>\n<h3>Supporto delicato<\/h3>\n<p>Durante la sessione, vi guido con gentilezza, senza mai forzarvi. Mi adatto al ritmo della vostra famiglia in modo che l'esperienza sia fluida, piacevole e fedele alla vostra energia del momento.<\/p>\n<h3>Luce naturale per foto luminose<\/h3>\n<p>Lavoro esclusivamente con la luce naturale, che mi permette di creare immagini morbide, equilibrate e senza tempo. La ricchezza del paesaggio di Antibes e la sua luce mediterranea fanno emergere il meglio della vostra relazione in modo autentico.<\/p>\n<\/div><\/div>\n<\/div>\n<\/div>\n\n<div class=\"et_pb_row_6 et_pb_row et_block_row\">\n<div class=\"et_pb_column_11 et_pb_column et_pb_column_4_4 et-last-child et_block_column et_pb_css_mix_blend_mode_passthrough\">\n<div class=\"et_pb_image_4 et_pb_image et_pb_module et_block_module\"><span class=\"et_pb_image_wrap\"><img decoding=\"async\" data-src=\"https:\/\/www.lauriecornillon.com\/wp-content\/smush-webp\/sites\/5\/2025\/03\/famille-1998.jpg.webp\" width=\"2048\" height=\"1366\" data-srcset=\"https:\/\/www.lauriecornillon.com\/wp-content\/smush-webp\/sites\/5\/2025\/03\/famille-1998.jpg.webp 2048w, https:\/\/www.lauriecornillon.com\/wp-content\/smush-webp\/sites\/5\/2025\/03\/famille-1998-1280x854.jpg.webp 1280w, https:\/\/www.lauriecornillon.com\/wp-content\/smush-webp\/sites\/5\/2025\/03\/famille-1998-980x654.jpg.webp 980w, https:\/\/www.lauriecornillon.com\/wp-content\/smush-webp\/sites\/5\/2025\/03\/famille-1998-480x320.jpg.webp 480w\" data-sizes=\"auto\" class=\"wp-image-32431 lazyload\" title=\"famiglia-1998\" alt=\"servizio fotografico di famiglia Mentone\" src=\"data:image\/svg+xml;base64,PHN2ZyB3aWR0aD0iMSIgaGVpZ2h0PSIxIiB4bWxucz0iaHR0cDovL3d3dy53My5vcmcvMjAwMC9zdmciPjwvc3ZnPg==\" style=\"--smush-placeholder-width: 2048px; --smush-placeholder-aspect-ratio: 2048\/1366;\" data-original-sizes=\"(min-width: 0px) and (max-width: 480px) 480px, (min-width: 481px) and (max-width: 980px) 980px, (min-width: 981px) and (max-width: 1280px) 1280px, (min-width: 1281px) 2048px, 100vw\" \/><\/span><\/div>\n<\/div>\n<\/div>\n\n<div class=\"et_pb_row_7 et_pb_row et_block_row\">\n<div class=\"et_pb_column_12 et_pb_column et_pb_column_4_4 et-last-child et_block_column et_pb_css_mix_blend_mode_passthrough\">\n<div class=\"et_pb_text_6 et_pb_text et_pb_bg_layout_light et_pb_module et_block_module\"><div class=\"et_pb_text_inner\"><h2 class=\"police\">I luoghi pi\u00f9 belli per il vostro servizio fotografico di famiglia ad Antibes<\/h2>\n<\/div><\/div>\n\n<div class=\"et_pb_text_7 et_pb_text et_pb_bg_layout_light et_pb_module et_block_module\"><div class=\"et_pb_text_inner\"><p>Antibes \u00e8 un piccolo tesoro della Costa Azzurra, con le sue tradizioni provenzali, la luce del sud e lo stile di vita rilassato. Perfetta per teneri momenti di famiglia o ritratti autentici, la citt\u00e0 offre un'ampia variet\u00e0 di sfondi: antiche strade, bastioni assolati, insenature discrete e viste mozzafiato sul mare. Ogni sessione fotografica \u00e8 come un intermezzo di una passeggiata, progettato per adattarsi al vostro ritmo, all'umore del giorno e alla luce del momento.<\/p>\n<p>Nulla \u00e8 stabilito: ci lasciamo guidare dal momento, secondo l'ispirazione del luogo, le risate dei bambini, un gioco di ombre su una pietra antica o un angolo di pace di fronte al mare. Antibes si rivela con semplicit\u00e0 e fascino, lontano dal caos e dalla frenesia. Insieme, esploreremo luoghi emblematici e pi\u00f9 segreti per catturare le vostre emozioni con sincerit\u00e0, in uno stile naturale, vivace e spontaneo.<\/p>\n<h3>Le Vieil Antibes<\/h3>\n<p>Le sue strade acciottolate, le persiane colorate, le facciate fiorite e l'atmosfera provenzale ne fanno un ambiente caldo e senza tempo. Perfetto per immagini autentiche in un ambiente sicuro e pedonale.<\/p>\n<h3>I bastioni e il mare<\/h3>\n<p>La passeggiata lungo i bastioni offre una vista spettacolare sul Mediterraneo. \u00c8 un luogo iconico e tranquillo, ideale per le foto di famiglia con un magnifico sfondo marino.<\/p>\n<h3>Porto Vauban<\/h3>\n<p>Con i suoi yacht, le piccole imbarcazioni e il famoso \"Quai des Milliardaires\", il porto di Antibes offre un'atmosfera pi\u00f9 moderna o marina, perfetta per variare l'estetica della sessione.<\/p>\n<h3>Spiaggia La Gravette<\/h3>\n<p>Protetta e accessibile, questa piccola spiaggia ai piedi dei bastioni \u00e8 ideale per le famiglie con bambini. Ha un'ottima luce e un ambiente naturale, perfetto per le foto con i piedi nell'acqua.<\/p>\n<p>A seconda della stagione, del programma e del livello di energia della vostra famiglia, vi aiuter\u00f2 a scegliere il luogo pi\u00f9 adatto per vivere un'esperienza meravigliosa e creare ricordi unici.<\/p>\n<\/div><\/div>\n<\/div>\n<\/div>\n\n<div class=\"et_pb_row_8 et_pb_row et_block_row\">\n<div class=\"et_pb_column_13 et_pb_column et_pb_column_1_3 et_block_column et_pb_css_mix_blend_mode_passthrough\">\n<div class=\"et_pb_image_5 et_pb_image et_pb_module et_block_module\"><span class=\"et_pb_image_wrap\"><img decoding=\"async\" data-src=\"https:\/\/www.lauriecornillon.com\/wp-content\/smush-webp\/sites\/5\/2025\/03\/seance-photo-famille-a-antibes.jpg.webp\" width=\"1366\" height=\"2048\" data-srcset=\"https:\/\/www.lauriecornillon.com\/wp-content\/smush-webp\/sites\/5\/2025\/03\/seance-photo-famille-a-antibes.jpg.webp 1366w, https:\/\/www.lauriecornillon.com\/wp-content\/smush-webp\/sites\/5\/2025\/03\/seance-photo-famille-a-antibes-1280x1919.jpg.webp 1280w, https:\/\/www.lauriecornillon.com\/wp-content\/smush-webp\/sites\/5\/2025\/03\/seance-photo-famille-a-antibes-980x1469.jpg.webp 980w, https:\/\/www.lauriecornillon.com\/wp-content\/smush-webp\/sites\/5\/2025\/03\/seance-photo-famille-a-antibes-480x720.jpg.webp 480w\" data-sizes=\"auto\" class=\"wp-image-32560 lazyload\" title=\"servizio fotografico di famiglia ad antibes\" alt=\"Fotografo di bambini di Chin\" src=\"data:image\/svg+xml;base64,PHN2ZyB3aWR0aD0iMSIgaGVpZ2h0PSIxIiB4bWxucz0iaHR0cDovL3d3dy53My5vcmcvMjAwMC9zdmciPjwvc3ZnPg==\" style=\"--smush-placeholder-width: 1366px; --smush-placeholder-aspect-ratio: 1366\/2048;\" data-original-sizes=\"(min-width: 0px) and (max-width: 480px) 480px, (min-width: 481px) and (max-width: 980px) 980px, (min-width: 981px) and (max-width: 1280px) 1280px, (min-width: 1281px) 1366px, 100vw\" \/><\/span><\/div>\n<\/div>\n\n<div class=\"et_pb_column_14 et_pb_column et_pb_column_1_3 et_block_column et_pb_css_mix_blend_mode_passthrough\">\n<div class=\"et_pb_image_6 et_pb_image et_pb_module et_block_module\"><span class=\"et_pb_image_wrap\"><img decoding=\"async\" data-src=\"https:\/\/www.lauriecornillon.com\/wp-content\/smush-webp\/sites\/5\/2025\/03\/famille-8001.jpg.webp\" width=\"1366\" height=\"2048\" data-srcset=\"https:\/\/www.lauriecornillon.com\/wp-content\/smush-webp\/sites\/5\/2025\/03\/famille-8001.jpg.webp 1366w, https:\/\/www.lauriecornillon.com\/wp-content\/smush-webp\/sites\/5\/2025\/03\/famille-8001-1280x1919.jpg.webp 1280w, https:\/\/www.lauriecornillon.com\/wp-content\/smush-webp\/sites\/5\/2025\/03\/famille-8001-980x1469.jpg.webp 980w, https:\/\/www.lauriecornillon.com\/wp-content\/smush-webp\/sites\/5\/2025\/03\/famille-8001-480x720.jpg.webp 480w\" data-sizes=\"auto\" class=\"wp-image-32448 lazyload\" title=\"famiglia-8001\" alt=\"Fotografo di gravidanza Nizza\" src=\"data:image\/svg+xml;base64,PHN2ZyB3aWR0aD0iMSIgaGVpZ2h0PSIxIiB4bWxucz0iaHR0cDovL3d3dy53My5vcmcvMjAwMC9zdmciPjwvc3ZnPg==\" style=\"--smush-placeholder-width: 1366px; --smush-placeholder-aspect-ratio: 1366\/2048;\" data-original-sizes=\"(min-width: 0px) and (max-width: 480px) 480px, (min-width: 481px) and (max-width: 980px) 980px, (min-width: 981px) and (max-width: 1280px) 1280px, (min-width: 1281px) 1366px, 100vw\" \/><\/span><\/div>\n<\/div>\n\n<div class=\"et_pb_column_15 et_pb_column et_pb_column_1_3 et-last-child et_block_column et_pb_css_mix_blend_mode_passthrough\">\n<div class=\"et_pb_image_7 et_pb_image et_pb_module et_block_module\"><span class=\"et_pb_image_wrap\"><img decoding=\"async\" data-src=\"https:\/\/www.lauriecornillon.com\/wp-content\/smush-webp\/sites\/5\/2025\/03\/photo-famille.jpg.webp\" width=\"1366\" height=\"2048\" data-srcset=\"https:\/\/www.lauriecornillon.com\/wp-content\/smush-webp\/sites\/5\/2025\/03\/photo-famille.jpg.webp 1366w, https:\/\/www.lauriecornillon.com\/wp-content\/smush-webp\/sites\/5\/2025\/03\/photo-famille-1280x1919.jpg.webp 1280w, https:\/\/www.lauriecornillon.com\/wp-content\/smush-webp\/sites\/5\/2025\/03\/photo-famille-980x1469.jpg.webp 980w, https:\/\/www.lauriecornillon.com\/wp-content\/smush-webp\/sites\/5\/2025\/03\/photo-famille-480x720.jpg.webp 480w\" data-sizes=\"auto\" class=\"wp-image-32458 lazyload\" title=\"foto-famiglia\" alt=\"Fotografia di gravidanza Nizza\" src=\"data:image\/svg+xml;base64,PHN2ZyB3aWR0aD0iMSIgaGVpZ2h0PSIxIiB4bWxucz0iaHR0cDovL3d3dy53My5vcmcvMjAwMC9zdmciPjwvc3ZnPg==\" style=\"--smush-placeholder-width: 1366px; --smush-placeholder-aspect-ratio: 1366\/2048;\" data-original-sizes=\"(min-width: 0px) and (max-width: 480px) 480px, (min-width: 481px) and (max-width: 980px) 980px, (min-width: 981px) and (max-width: 1280px) 1280px, (min-width: 1281px) 1366px, 100vw\" \/><\/span><\/div>\n<\/div>\n<\/div>\n\n<div class=\"et_pb_row_9 et_pb_row et_block_row\">\n<div class=\"et_pb_column_16 et_pb_column et_pb_column_4_4 et-last-child et_block_column et_pb_css_mix_blend_mode_passthrough\">\n<div class=\"et_pb_code_1 et_pb_code et_pb_module\"><div class=\"et_pb_code_inner\"><div class=\"et_pb_row et_pb_row_2\">\n\t\t\t\t<div class=\"et_pb_column et_pb_column_4_4 et_pb_column_5  et_pb_css_mix_blend_mode_passthrough et-last-child\">\n\t\t\t\t\n\t\t\t\t\n\t\t\t\t\n\t\t\t\t\n\t\t\t\t<div class=\"et_pb_button_module_wrapper et_pb_button_0_wrapper et_pb_button_alignment_center et_pb_module\">\n\t\t\t\t<a class=\"et_pb_button et_pb_button_0 os_trigger_booking et_pb_bg_layout_light\" data-selected-location=\"8\" data-selected-service-category=\"11\" data-selected-agent=\"1\" \t>PRENOTA ONLINE UNA SESSIONE FOTOGRAFICA DI FAMIGLIA AD ANTIBES<\/a>\n \n\n\t\t\t<\/div>\n\t\t\t<\/div>\n\t\t\t\t\n\t\t\t\t\n\t\t\t\t\n\t\t\t\t\n\t\t\t<\/div><\/div><\/div>\n<\/div>\n<\/div>\n\n<div class=\"et_pb_row_10 et_pb_row et_block_row\">\n<div class=\"et_pb_column_17 et_pb_column et_pb_column_4_4 et-last-child et_block_column et_pb_css_mix_blend_mode_passthrough\">\n<div class=\"et_pb_text_8 et_pb_text et_pb_bg_layout_light et_pb_module et_block_module\"><div class=\"et_pb_text_inner\"><h2 class=\"police\">Programma dettagliato per la vostra sessione fotografica di famiglia ad Antibes<\/h2>\n<\/div><\/div>\n\n<div class=\"et_pb_text_9 et_pb_text et_pb_bg_layout_light et_pb_module et_block_module\"><div class=\"et_pb_text_inner\"><h3>Fase 1: Facile prenotazione online<\/h3>\n<p>Per pianificare il vostro servizio fotografico ad Antibes, \u00e8 sufficiente prenotare online. Una volta prenotata la sessione, vi invier\u00f2 un riepilogo completo.<\/p>\n<h3>Fase 2: una sessione al ritmo della vostra famiglia<\/h3>\n<p>Il grande giorno ci incontriamo in uno dei luoghi pittoreschi di Antibes. Per un'ora esploreremo insieme i luoghi pi\u00f9 emblematici, tra cui i bastioni, le stradine fiorite e la spiaggia. La sessione si svolge in un'atmosfera rilassata, adattandosi ai vostri bambini, alla luce e all'energia del momento. Vi guider\u00f2 lasciando ampio spazio alla spontaneit\u00e0.<\/p>\n<h3>Fase 3: Galleria online e selezione delle foto<\/h3>\n<p>Entro pochi giorni, riceverete un link alla vostra galleria privata con tutte le foto ritoccate. Potrete scegliere le vostre immagini preferite o optare per la collezione completa. Ogni foto \u00e8 stata accuratamente rielaborata per catturare l'atmosfera calda e colorata di Antibes.<\/p>\n<p>\u00c8 un ottimo modo per conservare ricordi veri e luminosi del vostro soggiorno in Costa Azzurra.<\/p>\n<\/div><\/div>\n\n<div class=\"et_pb_code_2 et_pb_code et_pb_module\"><div class=\"et_pb_code_inner\"><div class=\"et_pb_row et_pb_row_2\">\n\t\t\t\t<div class=\"et_pb_column et_pb_column_4_4 et_pb_column_5  et_pb_css_mix_blend_mode_passthrough et-last-child\">\n\t\t\t\t\n\t\t\t\t\n\t\t\t\t\n\t\t\t\t\n\t\t\t\t<div class=\"et_pb_button_module_wrapper et_pb_button_0_wrapper et_pb_button_alignment_center et_pb_module\">\n\t\t\t\t<a class=\"et_pb_button et_pb_button_0 os_trigger_booking et_pb_bg_layout_light\" data-selected-service-category=\"11\" data-selected-location=\"8\" data-selected-agent=\"1\" \t>PRENOTA ORA<\/a>\n\t\t\t<\/div>\n\t\t\t<\/div>\n\t\t\t\t\n\t\t\t\t\n\t\t\t\t\n\t\t\t\t\n\t\t\t<\/div><\/div><\/div>\n<\/div>\n<\/div>\n\n<div class=\"et_pb_row_11 et_pb_row et_block_row\">\n<div class=\"et_pb_column_18 et_pb_column et_pb_column_4_4 et-last-child et_block_column et_pb_css_mix_blend_mode_passthrough\">\n<div class=\"et_pb_image_8 et_pb_image et_pb_module et_block_module\"><span class=\"et_pb_image_wrap\"><img decoding=\"async\" data-src=\"https:\/\/www.lauriecornillon.com\/wp-content\/uploads\/sites\/5\/2025\/03\/b25c55a7-6861-4b7b-b79c-24b92e73fbb9.jpg\" width=\"2048\" height=\"1366\" data-srcset=\"https:\/\/www.lauriecornillon.com\/wp-content\/uploads\/sites\/5\/2025\/03\/b25c55a7-6861-4b7b-b79c-24b92e73fbb9.jpg 2048w, https:\/\/www.lauriecornillon.com\/wp-content\/smush-webp\/sites\/5\/2025\/03\/b25c55a7-6861-4b7b-b79c-24b92e73fbb9-1280x854.jpg.webp 1280w, https:\/\/www.lauriecornillon.com\/wp-content\/smush-webp\/sites\/5\/2025\/03\/b25c55a7-6861-4b7b-b79c-24b92e73fbb9-980x654.jpg.webp 980w, https:\/\/www.lauriecornillon.com\/wp-content\/smush-webp\/sites\/5\/2025\/03\/b25c55a7-6861-4b7b-b79c-24b92e73fbb9-480x320.jpg.webp 480w\" data-sizes=\"auto\" class=\"wp-image-32421 lazyload\" title=\"b25c55a7-6861-4b7b-b79c-24b92e73fbb9\" alt=\"famiglia di tiro a segno Mentone\" src=\"data:image\/svg+xml;base64,PHN2ZyB3aWR0aD0iMSIgaGVpZ2h0PSIxIiB4bWxucz0iaHR0cDovL3d3dy53My5vcmcvMjAwMC9zdmciPjwvc3ZnPg==\" style=\"--smush-placeholder-width: 2048px; --smush-placeholder-aspect-ratio: 2048\/1366;\" data-original-sizes=\"(min-width: 0px) and (max-width: 480px) 480px, (min-width: 481px) and (max-width: 980px) 980px, (min-width: 981px) and (max-width: 1280px) 1280px, (min-width: 1281px) 2048px, 100vw\" \/><\/span><\/div>\n<\/div>\n<\/div>\n\n<div class=\"et_pb_row_12 et_pb_row et_block_row\">\n<div class=\"et_pb_column_19 et_pb_column et_pb_column_4_4 et-last-child et_block_column et_pb_css_mix_blend_mode_passthrough\">\n<div class=\"et_pb_text_10 et_pb_text et_pb_bg_layout_light et_pb_module et_block_module\"><div class=\"et_pb_text_inner\"><h2 class=\"police\">FAQ - Domande frequenti<\/h2>\n<\/div><\/div>\n\n<div class=\"et_pb_text_11 et_pb_text et_pb_bg_layout_light et_pb_module et_block_module\"><div class=\"et_pb_text_inner\"><h3>Quanto dura il servizio fotografico?<\/h3>\n<p>La sessione dura un'ora. \u00c8 il tempo ideale per ambientarsi, esplorare i diversi luoghi di Antibes e catturare una variet\u00e0 di momenti senza stancare i bambini.<\/p>\n<h3>Cosa indossare per un servizio fotografico ad Antibes?<\/h3>\n<p>Consiglio di indossare abiti coordinati in tonalit\u00e0 chiare o naturali, come il bianco, il beige o il blu. Si abbinano perfettamente ai colori mediterranei della citt\u00e0. Evitate motivi o loghi troppo vistosi.<\/p>\n<h3>I miei figli si muovono molto, \u00e8 un problema?<\/h3>\n<p>Per niente! Mi adatto ai loro ritmi e questo rende le foto cos\u00ec vivaci e naturali. Adotto un approccio giocoso e senza fronzoli, in modo che tutti si sentano liberi e a proprio agio.<\/p>\n<h3>Possiamo scegliere la sede?<\/h3>\n<p>Assolutamente s\u00ec. Possiamo discutere con voi le vostre esigenze in anticipo per trovare il luogo pi\u00f9 adatto a voi. Che desideriate un'atmosfera autentica nelle stradine della vecchia Antibes, la dolcezza di una spiaggia al tramonto o un ambiente pi\u00f9 esclusivo come l'H\u00f4tel du Cap-Eden-Roc o un altro luogo privato, tutto \u00e8 possibile. Ogni sessione pu\u00f2 essere personalizzata in base alle vostre esigenze. Non esitate a contattarmi per discutere le vostre esigenze: sar\u00f2 lieta di aiutarvi a preparare questo momento unico.<\/p>\n<h3>\u00c8 possibile offrire una sessione come regalo?<\/h3>\n<p>S\u00ec, \u00e8 un'idea deliziosa. Offro deliziosi buoni regalo personalizzati, perfetti per compleanni, anniversari o per sorprendere amici e parenti in visita in Costa Azzurra.<\/p>\n<h3>Come si prenota un servizio fotografico ad Antibes?<\/h3>\n<p>Potete prenotare il vostro servizio fotografico ad Antibes facilmente online utilizzando il pulsante \"Prenota online\".<br \/>\nSe desiderate discutere in anticipo le vostre esigenze, fare domande o ricevere la mia brochure dettagliata con tutte le informazioni pratiche, non esitate a contattarmi tramite il modulo. Sar\u00f2 lieta di aiutarvi a rendere indimenticabile la vostra esperienza familiare ad Antibes.<\/p>\n<\/div><\/div>\n\n<div class=\"et_pb_module et_pb_button_module_wrapper et_pb_button_0_wrapper\"><a class=\"et_pb_button_0 et_pb_button et_pb_bg_layout_light et_pb_module et_block_module\" href=\"https:\/\/www.lauriecornillon.com\/it\/contatto\/\">CONTATTO<\/a><\/div>\n\n<div class=\"et_pb_code_3 et_pb_code et_pb_module\"><div class=\"et_pb_code_inner\"><div class=\"et_pb_row et_pb_row_2\">\n\t\t\t\t<div class=\"et_pb_column et_pb_column_4_4 et_pb_column_5  et_pb_css_mix_blend_mode_passthrough et-last-child\">\n\t\t\t\t\n\t\t\t\t\n\t\t\t\t\n\t\t\t\t\n\t\t\t\t<div class=\"et_pb_button_module_wrapper et_pb_button_0_wrapper et_pb_button_alignment_center et_pb_module\">\n\t\t\t\t<a class=\"et_pb_button et_pb_button_0 os_trigger_booking et_pb_bg_layout_light\" data-selected-service-category=\"11\" data-selected-location=\"8\" data-selected-agent=\"1\" \t>PRENOTA ONLINE<\/a>\n\t\t\t<\/div>\n\t\t\t<\/div>\n\t\t\t\t\n\t\t\t\t\n\t\t\t\t\n\t\t\t\t\n\t\t\t<\/div><\/div><\/div>\n<\/div>\n<\/div>\n\n<div class=\"et_pb_row_13 et_pb_row et_block_row\">\n<div class=\"et_pb_column_20 et_pb_column et_pb_column_1_3 et_block_column et_pb_css_mix_blend_mode_passthrough\">\n<div class=\"et_pb_image_9 et_pb_image et_pb_module et_block_module\"><span class=\"et_pb_image_wrap\"><img decoding=\"async\" data-src=\"https:\/\/www.lauriecornillon.com\/wp-content\/smush-webp\/sites\/5\/2025\/03\/famille-7000.jpg.webp\" width=\"1366\" height=\"2048\" data-srcset=\"https:\/\/www.lauriecornillon.com\/wp-content\/smush-webp\/sites\/5\/2025\/03\/famille-7000.jpg.webp 1366w, https:\/\/www.lauriecornillon.com\/wp-content\/smush-webp\/sites\/5\/2025\/03\/famille-7000-1280x1919.jpg.webp 1280w, https:\/\/www.lauriecornillon.com\/wp-content\/smush-webp\/sites\/5\/2025\/03\/famille-7000-980x1469.jpg.webp 980w, https:\/\/www.lauriecornillon.com\/wp-content\/smush-webp\/sites\/5\/2025\/03\/famille-7000-480x720.jpg.webp 480w\" data-sizes=\"auto\" class=\"wp-image-32430 lazyload\" title=\"famiglia-7000\" alt=\"Fotografo di bambini di Chin\" src=\"data:image\/svg+xml;base64,PHN2ZyB3aWR0aD0iMSIgaGVpZ2h0PSIxIiB4bWxucz0iaHR0cDovL3d3dy53My5vcmcvMjAwMC9zdmciPjwvc3ZnPg==\" style=\"--smush-placeholder-width: 1366px; --smush-placeholder-aspect-ratio: 1366\/2048;\" data-original-sizes=\"(min-width: 0px) and (max-width: 480px) 480px, (min-width: 481px) and (max-width: 980px) 980px, (min-width: 981px) and (max-width: 1280px) 1280px, (min-width: 1281px) 1366px, 100vw\" \/><\/span><\/div>\n<\/div>\n\n<div class=\"et_pb_column_21 et_pb_column et_pb_column_1_3 et_block_column et_pb_css_mix_blend_mode_passthrough\">\n<div class=\"et_pb_image_10 et_pb_image et_pb_module et_block_module\"><span class=\"et_pb_image_wrap\"><img decoding=\"async\" data-src=\"https:\/\/www.lauriecornillon.com\/wp-content\/smush-webp\/sites\/5\/2025\/03\/famille-2153.jpg.webp\" width=\"1366\" height=\"2048\" data-srcset=\"https:\/\/www.lauriecornillon.com\/wp-content\/smush-webp\/sites\/5\/2025\/03\/famille-2153.jpg.webp 1366w, https:\/\/www.lauriecornillon.com\/wp-content\/smush-webp\/sites\/5\/2025\/03\/famille-2153-1280x1919.jpg.webp 1280w, https:\/\/www.lauriecornillon.com\/wp-content\/smush-webp\/sites\/5\/2025\/03\/famille-2153-980x1469.jpg.webp 980w, https:\/\/www.lauriecornillon.com\/wp-content\/smush-webp\/sites\/5\/2025\/03\/famille-2153-480x720.jpg.webp 480w\" data-sizes=\"auto\" class=\"wp-image-32416 lazyload\" title=\"famiglia-2153\" alt=\"Fotografo di gravidanza Nizza\" src=\"data:image\/svg+xml;base64,PHN2ZyB3aWR0aD0iMSIgaGVpZ2h0PSIxIiB4bWxucz0iaHR0cDovL3d3dy53My5vcmcvMjAwMC9zdmciPjwvc3ZnPg==\" style=\"--smush-placeholder-width: 1366px; --smush-placeholder-aspect-ratio: 1366\/2048;\" data-original-sizes=\"(min-width: 0px) and (max-width: 480px) 480px, (min-width: 481px) and (max-width: 980px) 980px, (min-width: 981px) and (max-width: 1280px) 1280px, (min-width: 1281px) 1366px, 100vw\" \/><\/span><\/div>\n<\/div>\n\n<div class=\"et_pb_column_22 et_pb_column et_pb_column_1_3 et-last-child et_block_column et_pb_css_mix_blend_mode_passthrough\">\n<div class=\"et_pb_image_11 et_pb_image et_pb_module et_block_module\"><span class=\"et_pb_image_wrap\"><img decoding=\"async\" data-src=\"https:\/\/www.lauriecornillon.com\/wp-content\/smush-webp\/sites\/5\/2025\/03\/famille-2161.jpg.webp\" width=\"1366\" height=\"2048\" data-srcset=\"https:\/\/www.lauriecornillon.com\/wp-content\/smush-webp\/sites\/5\/2025\/03\/famille-2161.jpg.webp 1366w, https:\/\/www.lauriecornillon.com\/wp-content\/smush-webp\/sites\/5\/2025\/03\/famille-2161-1280x1919.jpg.webp 1280w, https:\/\/www.lauriecornillon.com\/wp-content\/smush-webp\/sites\/5\/2025\/03\/famille-2161-980x1469.jpg.webp 980w, https:\/\/www.lauriecornillon.com\/wp-content\/smush-webp\/sites\/5\/2025\/03\/famille-2161-480x720.jpg.webp 480w\" data-sizes=\"auto\" class=\"wp-image-32418 lazyload\" title=\"famiglia-2161\" alt=\"Fotografia di gravidanza Nizza\" src=\"data:image\/svg+xml;base64,PHN2ZyB3aWR0aD0iMSIgaGVpZ2h0PSIxIiB4bWxucz0iaHR0cDovL3d3dy53My5vcmcvMjAwMC9zdmciPjwvc3ZnPg==\" style=\"--smush-placeholder-width: 1366px; --smush-placeholder-aspect-ratio: 1366\/2048;\" data-original-sizes=\"(min-width: 0px) and (max-width: 480px) 480px, (min-width: 481px) and (max-width: 980px) 980px, (min-width: 981px) and (max-width: 1280px) 1280px, (min-width: 1281px) 1366px, 100vw\" \/><\/span><\/div>\n<\/div>\n<\/div>\n\n<div class=\"et_pb_row_14 et_pb_row et_block_row\">\n<div class=\"et_pb_column_23 et_pb_column et_pb_column_4_4 et-last-child et_block_column et_pb_css_mix_blend_mode_passthrough\">\n<div class=\"et_pb_image_12 et_pb_image et_pb_module et_block_module\"><span class=\"et_pb_image_wrap\"><img decoding=\"async\" data-src=\"https:\/\/www.lauriecornillon.com\/wp-content\/smush-webp\/sites\/5\/2025\/03\/famille-2158-1.jpg.webp\" width=\"2048\" height=\"1366\" data-srcset=\"https:\/\/www.lauriecornillon.com\/wp-content\/smush-webp\/sites\/5\/2025\/03\/famille-2158-1.jpg.webp 2048w, https:\/\/www.lauriecornillon.com\/wp-content\/smush-webp\/sites\/5\/2025\/03\/famille-2158-1-1280x854.jpg.webp 1280w, https:\/\/www.lauriecornillon.com\/wp-content\/smush-webp\/sites\/5\/2025\/03\/famille-2158-1-980x654.jpg.webp 980w, https:\/\/www.lauriecornillon.com\/wp-content\/smush-webp\/sites\/5\/2025\/03\/famille-2158-1-480x320.jpg.webp 480w\" data-sizes=\"auto\" class=\"wp-image-32415 lazyload\" title=\"famiglia-2158\" alt=\"famiglia di tiro a segno Mentone\" src=\"data:image\/svg+xml;base64,PHN2ZyB3aWR0aD0iMSIgaGVpZ2h0PSIxIiB4bWxucz0iaHR0cDovL3d3dy53My5vcmcvMjAwMC9zdmciPjwvc3ZnPg==\" style=\"--smush-placeholder-width: 2048px; --smush-placeholder-aspect-ratio: 2048\/1366;\" data-original-sizes=\"(min-width: 0px) and (max-width: 480px) 480px, (min-width: 481px) and (max-width: 980px) 980px, (min-width: 981px) and (max-width: 1280px) 1280px, (min-width: 1281px) 2048px, 100vw\" \/><\/span><\/div>\n<\/div>\n<\/div>\n\n<div class=\"et_pb_row_15 et_pb_row et_block_row\">\n<div class=\"et_pb_column_24 et_pb_column et_pb_column_4_4 et-last-child et_block_column et_pb_css_mix_blend_mode_passthrough\">\n<div class=\"et_pb_text_12 et_pb_text et_pb_bg_layout_light et_pb_module et_block_module\"><div class=\"et_pb_text_inner\"><h2 class=\"police\">Prenotate il vostro servizio fotografico di famiglia ad Antibes<\/h2>\n<\/div><\/div>\n\n<div class=\"et_pb_text_13 et_pb_text et_pb_bg_layout_light et_pb_module et_block_module\"><div class=\"et_pb_text_inner\"><p>Regalate alla vostra famiglia un momento di gioia, complicit\u00e0 e ricordi in uno degli scenari pi\u00f9 belli della Costa Azzurra. Un servizio fotografico ad Antibes \u00e8 l'occasione perfetta per prendersi una pausa in famiglia e ripartire con immagini autentiche, luminose e senza tempo.<\/p>\n<p>Vi seguir\u00f2 con delicatezza e professionalit\u00e0, dal primo incontro alla consegna delle foto. Ogni sessione \u00e8 personalizzata in modo che possiate godere appieno di questa esperienza unica.<\/p>\n<p>Prenotate il vostro servizio fotografico di famiglia ad Antibes in pochi clic utilizzando il nostro sistema di prenotazione online. Avete una richiesta speciale, una domanda sul processo o volete vedere la mia brochure prima di prenotare? Non esitate a contattarmi utilizzando il modulo. Sar\u00f2 felice di discutere i vostri piani per questa meravigliosa vacanza in famiglia ad Antibes.<\/p>\n<\/div><\/div>\n\n<div class=\"et_pb_module et_pb_button_module_wrapper et_pb_button_1_wrapper\"><a class=\"et_pb_button_1 et_pb_button et_pb_bg_layout_light et_pb_module et_block_module\" href=\"https:\/\/www.lauriecornillon.com\/it\/contatto\/\">CONTATTO<\/a><\/div>\n\n<div class=\"et_pb_code_4 et_pb_code et_pb_module\"><div class=\"et_pb_code_inner\"><div class=\"et_pb_row et_pb_row_2\">\n\t\t\t\t<div class=\"et_pb_column et_pb_column_4_4 et_pb_column_5  et_pb_css_mix_blend_mode_passthrough et-last-child\">\n\t\t\t\t\n\t\t\t\t\n\t\t\t\t\n\t\t\t\t\n\t\t\t\t<div class=\"et_pb_button_module_wrapper et_pb_button_0_wrapper et_pb_button_alignment_center et_pb_module\">\n\t\t\t\t<a class=\"et_pb_button et_pb_button_0 os_trigger_booking et_pb_bg_layout_light\" data-selected-service-category=\"11\" data-selected-agent=\"1\" data-selected-location=\"8\" \t>PRENOTA ORA<\/a>\n\t\t\t<\/div>\n\t\t\t<\/div>\n\t\t\t\t\n\t\t\t\t\n\t\t\t\t\n\t\t\t\t\n\t\t\t<\/div><\/div><\/div>\n<\/div>\n<\/div>\n<\/div>","protected":false},"excerpt":{"rendered":"","protected":false},"author":1,"featured_media":0,"parent":0,"menu_order":0,"comment_status":"closed","ping_status":"closed","template":"","meta":{"footnotes":""},"class_list":["post-32033","page","type-page","status-publish","hentry"],"_links":{"self":[{"href":"https:\/\/www.lauriecornillon.com\/it\/wp-json\/wp\/v2\/pages\/32033","targetHints":{"allow":["GET"]}}],"collection":[{"href":"https:\/\/www.lauriecornillon.com\/it\/wp-json\/wp\/v2\/pages"}],"about":[{"href":"https:\/\/www.lauriecornillon.com\/it\/wp-json\/wp\/v2\/types\/page"}],"author":[{"embeddable":true,"href":"https:\/\/www.lauriecornillon.com\/it\/wp-json\/wp\/v2\/users\/1"}],"replies":[{"embeddable":true,"href":"https:\/\/www.lauriecornillon.com\/it\/wp-json\/wp\/v2\/comments?post=32033"}],"version-history":[{"count":0,"href":"https:\/\/www.lauriecornillon.com\/it\/wp-json\/wp\/v2\/pages\/32033\/revisions"}],"wp:attachment":[{"href":"https:\/\/www.lauriecornillon.com\/it\/wp-json\/wp\/v2\/media?parent=32033"}],"curies":[{"name":"wp","href":"https:\/\/api.w.org\/{rel}","templated":true}]}}