{"id":32041,"date":"2025-03-27T18:18:42","date_gmt":"2025-03-27T17:18:42","guid":{"rendered":"https:\/\/www.lauriecornillon.com\/?page_id=32041"},"modified":"2026-03-03T21:35:34","modified_gmt":"2026-03-03T20:35:34","slug":"sessione-fotografica-di-famiglia-saint-paul-vence","status":"publish","type":"page","link":"https:\/\/www.lauriecornillon.com\/it\/seance-photo-famille-saint-paul-vence\/","title":{"rendered":"Sessione fotografica di famiglia a Saint-Paul-de-Vence - Fotografo di famiglia Saint-Paul-de-Vence"},"content":{"rendered":"<div class=\"et_pb_section_0 et_pb_section et_section_specialty et_pb_gutters3 et_block_section\"><div class=\"et_pb_row et_block_row\">\n<div class=\"et_pb_column_0 et_pb_column et_pb_column_single et_pb_column_1_2 et_block_column et_pb_css_mix_blend_mode_passthrough\">\n<div class=\"et_pb_text_0 et_pb_text et_pb_bg_layout_light et_pb_module et_block_module\"><div class=\"et_pb_text_inner\"><h1>Servizio fotografico di famiglia a Saint-Paul-de-Vence<\/h1>\n<p><i>Immortalate la vostra complicit\u00e0 in un villaggio eccezionale<\/i><\/p>\n<p>Sognate un servizio fotografico pieno di fascino e autenticit\u00e0 per catturare l'amore che unisce la vostra famiglia? Saint-Paul-de-Vence \u00e8 uno dei pi\u00f9 bei villaggi collinari della Costa Azzurra, ideale per ricordi indimenticabili.<\/p>\n<p>Con le sue strade acciottolate, le pietre ricche di storia, le antiche fontane e le viste spettacolari sulle colline circostanti, Saint-Paul-de-Vence offre un ambiente tranquillo, elegante e stimolante. Perfetto per una sessione familiare calda e naturale.<\/p>\n<p>Come fotografo professionista specializzato in servizi all'aperto, lavorer\u00f2 delicatamente con voi per creare immagini spontanee, piene di vita e tenerezza, che vi piacer\u00e0 rivedere, anno dopo anno.<\/p>\n<\/div><\/div>\n<\/div>\n\n<div class=\"et_pb_column_1 et_pb_column et_pb_specialty_column et_pb_column_1_2 et-last-child et_block_column et_pb_css_mix_blend_mode_passthrough\">\n<div class=\"et_pb_row_inner_0 et_pb_row_inner et_block_row\">\n<div class=\"et_pb_column_inner_0 et_pb_column_inner et_pb_column et_pb_column_4_4 et-last-child et_block_column et_pb_css_mix_blend_mode_passthrough\">\n<div class=\"et_pb_image_0 et_pb_image et_animated et_pb_module et_block_module\"><span class=\"et_pb_image_wrap\"><img decoding=\"async\" data-src=\"https:\/\/www.lauriecornillon.com\/wp-content\/smush-webp\/sites\/5\/2025\/03\/famille-1730.jpg.webp\" width=\"1366\" height=\"2048\" data-srcset=\"https:\/\/www.lauriecornillon.com\/wp-content\/smush-webp\/sites\/5\/2025\/03\/famille-1730.jpg.webp 1366w, https:\/\/www.lauriecornillon.com\/wp-content\/smush-webp\/sites\/5\/2025\/03\/famille-1730-1280x1919.jpg.webp 1280w, https:\/\/www.lauriecornillon.com\/wp-content\/smush-webp\/sites\/5\/2025\/03\/famille-1730-980x1469.jpg.webp 980w, https:\/\/www.lauriecornillon.com\/wp-content\/smush-webp\/sites\/5\/2025\/03\/famille-1730-480x720.jpg.webp 480w\" data-sizes=\"auto\" class=\"wp-image-32161 lazyload\" title=\"famiglia-1730\" alt=\"foto-famiglia\" src=\"data:image\/svg+xml;base64,PHN2ZyB3aWR0aD0iMSIgaGVpZ2h0PSIxIiB4bWxucz0iaHR0cDovL3d3dy53My5vcmcvMjAwMC9zdmciPjwvc3ZnPg==\" style=\"--smush-placeholder-width: 1366px; --smush-placeholder-aspect-ratio: 1366\/2048;\" data-original-sizes=\"(min-width: 0px) and (max-width: 480px) 480px, (min-width: 481px) and (max-width: 980px) 980px, (min-width: 981px) and (max-width: 1280px) 1280px, (min-width: 1281px) 1366px, 100vw\" \/><\/span><\/div>\n<\/div>\n<\/div>\n<\/div>\n<\/div><\/div>\n\n<div class=\"et_pb_section_1 et_pb_section et_section_regular et_block_section\">\n<div class=\"et_pb_row_0 et_pb_row et_block_row\">\n<div class=\"et_pb_column_2 et_pb_column et_pb_column_4_4 et-last-child et_block_column et_pb_css_mix_blend_mode_passthrough\">\n<div class=\"et_pb_text_1 et_pb_text et_pb_bg_layout_light et_pb_module et_block_module\"><div class=\"et_pb_text_inner\"><h2 class=\"police\">Fotografo di famiglia a Saint-Paul-de-Vence<\/h2>\n<\/div><\/div>\n<\/div>\n<\/div>\n\n<div class=\"et_pb_row_1 et_pb_row et_block_row\">\n<div class=\"et_pb_column_3 et_pb_column et_pb_column_1_2 et_block_column et_pb_css_mix_blend_mode_passthrough\">\n<div class=\"et_pb_text_2 et_pb_text et_pb_bg_layout_light et_pb_module et_block_module\"><div class=\"et_pb_text_inner\"><h3>Un ambiente medievale ricco di fascino<\/h3>\n<p>Saint-Paul-de-Vence \u00e8 uno dei villaggi pi\u00f9 emblematici della Costa Azzurra. Le sue strade acciottolate, gli archi in pietra, le piazze ombreggiate e le vecchie case offrono uno scenario unico per immagini senza tempo e piene di autenticit\u00e0.<\/p>\n<h3>Un'atmosfera tranquilla e stimolante<\/h3>\n<p>Lontano dal trambusto della costa, questo villaggio in collina invita a passeggiare e a rilassarsi. \u00c8 un luogo tranquillo dove le famiglie possono prendersi il loro tempo, stare insieme e godersi ogni momento della sessione.<\/p>\n<\/div><\/div>\n<\/div>\n\n<div class=\"et_pb_column_4 et_pb_column et_pb_column_1_2 et-last-child et_block_column et_pb_css_mix_blend_mode_passthrough\">\n<div class=\"et_pb_text_3 et_pb_text et_pb_bg_layout_light et_pb_module et_block_module\"><div class=\"et_pb_text_inner\"><h3>Un ambiente ideale per bambini e genitori<\/h3>\n<p>I vicoli pedonali e gli angoli nascosti sono perfetti da esplorare per i pi\u00f9 piccoli. I genitori, invece, possono godersi l'ambiente elegante e sereno, ideale per lasciarsi trasportare dal momento.<\/p>\n<h3>Luce morbida e naturale<\/h3>\n<p>La pietra chiara del villaggio riflette una luce dorata, perfetta per foto luminose, morbide e naturali. \u00c8 il modo perfetto per far risaltare la vostra complicit\u00e0, i vostri sguardi e i vostri sorrisi.<\/p>\n<\/div><\/div>\n<\/div>\n<\/div>\n\n<div class=\"et_pb_row_2 et_pb_row et_block_row\">\n<div class=\"et_pb_column_5 et_pb_column et_pb_column_1_3 et_block_column et_pb_css_mix_blend_mode_passthrough\">\n<div class=\"et_pb_image_1 et_pb_image et_pb_module et_block_module\"><span class=\"et_pb_image_wrap\"><img decoding=\"async\" data-src=\"https:\/\/www.lauriecornillon.com\/wp-content\/smush-webp\/sites\/5\/2025\/03\/famille-1732.jpg.webp\" width=\"1366\" height=\"2048\" data-srcset=\"https:\/\/www.lauriecornillon.com\/wp-content\/smush-webp\/sites\/5\/2025\/03\/famille-1732.jpg.webp 1366w, https:\/\/www.lauriecornillon.com\/wp-content\/smush-webp\/sites\/5\/2025\/03\/famille-1732-1280x1919.jpg.webp 1280w, https:\/\/www.lauriecornillon.com\/wp-content\/smush-webp\/sites\/5\/2025\/03\/famille-1732-980x1469.jpg.webp 980w, https:\/\/www.lauriecornillon.com\/wp-content\/smush-webp\/sites\/5\/2025\/03\/famille-1732-480x720.jpg.webp 480w\" data-sizes=\"auto\" class=\"wp-image-32139 lazyload\" title=\"famiglia-1732\" alt=\"Fotografo di bambini di Chin\" src=\"data:image\/svg+xml;base64,PHN2ZyB3aWR0aD0iMSIgaGVpZ2h0PSIxIiB4bWxucz0iaHR0cDovL3d3dy53My5vcmcvMjAwMC9zdmciPjwvc3ZnPg==\" style=\"--smush-placeholder-width: 1366px; --smush-placeholder-aspect-ratio: 1366\/2048;\" data-original-sizes=\"(min-width: 0px) and (max-width: 480px) 480px, (min-width: 481px) and (max-width: 980px) 980px, (min-width: 981px) and (max-width: 1280px) 1280px, (min-width: 1281px) 1366px, 100vw\" \/><\/span><\/div>\n<\/div>\n\n<div class=\"et_pb_column_6 et_pb_column et_pb_column_1_3 et_block_column et_pb_css_mix_blend_mode_passthrough\">\n<div class=\"et_pb_image_2 et_pb_image et_pb_module et_block_module\"><span class=\"et_pb_image_wrap\"><img decoding=\"async\" data-src=\"https:\/\/www.lauriecornillon.com\/wp-content\/smush-webp\/sites\/5\/2025\/03\/famille-1725.jpg.webp\" width=\"1366\" height=\"2048\" data-srcset=\"https:\/\/www.lauriecornillon.com\/wp-content\/smush-webp\/sites\/5\/2025\/03\/famille-1725.jpg.webp 1366w, https:\/\/www.lauriecornillon.com\/wp-content\/smush-webp\/sites\/5\/2025\/03\/famille-1725-1280x1919.jpg.webp 1280w, https:\/\/www.lauriecornillon.com\/wp-content\/smush-webp\/sites\/5\/2025\/03\/famille-1725-980x1469.jpg.webp 980w, https:\/\/www.lauriecornillon.com\/wp-content\/smush-webp\/sites\/5\/2025\/03\/famille-1725-480x720.jpg.webp 480w\" data-sizes=\"auto\" class=\"wp-image-32138 lazyload\" title=\"famiglia-1725\" alt=\"Fotografo di gravidanza Nizza\" src=\"data:image\/svg+xml;base64,PHN2ZyB3aWR0aD0iMSIgaGVpZ2h0PSIxIiB4bWxucz0iaHR0cDovL3d3dy53My5vcmcvMjAwMC9zdmciPjwvc3ZnPg==\" style=\"--smush-placeholder-width: 1366px; --smush-placeholder-aspect-ratio: 1366\/2048;\" data-original-sizes=\"(min-width: 0px) and (max-width: 480px) 480px, (min-width: 481px) and (max-width: 980px) 980px, (min-width: 981px) and (max-width: 1280px) 1280px, (min-width: 1281px) 1366px, 100vw\" \/><\/span><\/div>\n<\/div>\n\n<div class=\"et_pb_column_7 et_pb_column et_pb_column_1_3 et-last-child et_block_column et_pb_css_mix_blend_mode_passthrough\">\n<div class=\"et_pb_image_3 et_pb_image et_pb_module et_block_module\"><span class=\"et_pb_image_wrap\"><img decoding=\"async\" data-src=\"https:\/\/www.lauriecornillon.com\/wp-content\/smush-webp\/sites\/5\/2025\/03\/famille-1716.jpg.webp\" width=\"1366\" height=\"2048\" data-srcset=\"https:\/\/www.lauriecornillon.com\/wp-content\/smush-webp\/sites\/5\/2025\/03\/famille-1716.jpg.webp 1366w, https:\/\/www.lauriecornillon.com\/wp-content\/smush-webp\/sites\/5\/2025\/03\/famille-1716-1280x1919.jpg.webp 1280w, https:\/\/www.lauriecornillon.com\/wp-content\/smush-webp\/sites\/5\/2025\/03\/famille-1716-980x1469.jpg.webp 980w, https:\/\/www.lauriecornillon.com\/wp-content\/smush-webp\/sites\/5\/2025\/03\/famille-1716-480x720.jpg.webp 480w\" data-sizes=\"auto\" class=\"wp-image-32137 lazyload\" title=\"famiglia-1716\" alt=\"Fotografia di gravidanza Nizza\" src=\"data:image\/svg+xml;base64,PHN2ZyB3aWR0aD0iMSIgaGVpZ2h0PSIxIiB4bWxucz0iaHR0cDovL3d3dy53My5vcmcvMjAwMC9zdmciPjwvc3ZnPg==\" style=\"--smush-placeholder-width: 1366px; --smush-placeholder-aspect-ratio: 1366\/2048;\" data-original-sizes=\"(min-width: 0px) and (max-width: 480px) 480px, (min-width: 481px) and (max-width: 980px) 980px, (min-width: 981px) and (max-width: 1280px) 1280px, (min-width: 1281px) 1366px, 100vw\" \/><\/span><\/div>\n<\/div>\n<\/div>\n\n<div class=\"et_pb_row_3 et_pb_row et_block_row\">\n<div class=\"et_pb_column_8 et_pb_column et_pb_column_4_4 et-last-child et_block_column et_pb_css_mix_blend_mode_passthrough\">\n<div class=\"et_pb_image_4 et_pb_image et_pb_module et_block_module\"><span class=\"et_pb_image_wrap\"><img decoding=\"async\" data-src=\"https:\/\/www.lauriecornillon.com\/wp-content\/smush-webp\/sites\/5\/2025\/03\/famille-1724.jpg.webp\" width=\"2048\" height=\"1366\" data-srcset=\"https:\/\/www.lauriecornillon.com\/wp-content\/smush-webp\/sites\/5\/2025\/03\/famille-1724.jpg.webp 2048w, https:\/\/www.lauriecornillon.com\/wp-content\/smush-webp\/sites\/5\/2025\/03\/famille-1724-1280x854.jpg.webp 1280w, https:\/\/www.lauriecornillon.com\/wp-content\/smush-webp\/sites\/5\/2025\/03\/famille-1724-980x654.jpg.webp 980w, https:\/\/www.lauriecornillon.com\/wp-content\/smush-webp\/sites\/5\/2025\/03\/famille-1724-480x320.jpg.webp 480w\" data-sizes=\"auto\" class=\"wp-image-32159 lazyload\" title=\"famiglia-1724\" src=\"data:image\/svg+xml;base64,PHN2ZyB3aWR0aD0iMSIgaGVpZ2h0PSIxIiB4bWxucz0iaHR0cDovL3d3dy53My5vcmcvMjAwMC9zdmciPjwvc3ZnPg==\" style=\"--smush-placeholder-width: 2048px; --smush-placeholder-aspect-ratio: 2048\/1366;\" data-original-sizes=\"(min-width: 0px) and (max-width: 480px) 480px, (min-width: 481px) and (max-width: 980px) 980px, (min-width: 981px) and (max-width: 1280px) 1280px, (min-width: 1281px) 2048px, 100vw\" \/><\/span><\/div>\n\n<div class=\"et_pb_code_0 et_pb_code et_pb_module\"><div class=\"et_pb_code_inner\"><div class=\"et_pb_row et_pb_row_2\">\n\n\n\n<div class=\"et_pb_column et_pb_column_4_4 et_pb_column_5 et_pb_css_mix_blend_mode_passthrough et-last-child\">\n\n\n \n \n \n \n\n<div class=\"et_pb_button_module_wrapper et_pb_button_0_wrapper et_pb_button_alignment_center et_pb_module\">\n <a class=\"et_pb_button et_pb_button_0 os_trigger_booking et_pb_bg_layout_light\" data-selected-service-category=\"11\" data-selected-location=\"7\">PRENOTA ONLINE<\/a>\n<\/div>\n\n\n\n<\/div>\n\n \n \n \n \n\n\n<\/div>\n<\/div><\/div>\n<\/div>\n<\/div>\n<\/div>\n\n<div class=\"et_pb_section_2 et_pb_section et_section_regular et_block_section\">\n<div class=\"et_pb_row_4 et_pb_row et_block_row\">\n<div class=\"et_pb_column_9 et_pb_column et_pb_column_4_4 et-last-child et_block_column et_pb_css_mix_blend_mode_passthrough\">\n<div class=\"et_pb_text_4 et_pb_text et_pb_bg_layout_light et_pb_module et_block_module\"><div class=\"et_pb_text_inner\"><h2 class=\"police\">Il mio approccio: naturale, caldo e su misura<\/h2>\n<\/div><\/div>\n<\/div>\n<\/div>\n\n<div class=\"et_pb_row_5 et_pb_row et_block_row\">\n<div class=\"et_pb_column_10 et_pb_column et_pb_column_4_4 et-last-child et_block_column et_pb_css_mix_blend_mode_passthrough\">\n<div class=\"et_pb_text_5 et_pb_text et_pb_bg_layout_light et_pb_module et_block_module\"><div class=\"et_pb_text_inner\"><h3>Foto sincere e vivide<\/h3>\n<p>Preferisco i momenti genuini: una risata condivisa, una mano tesa, uno sguardo complice. Non \u00e8 necessario che sappiate come posare. Vi guido con delicatezza in modo che tutti possano rimanere naturali e sentirsi a proprio agio durante la sessione.<\/p>\n<h3>Assistenza premurosa<\/h3>\n<p>Mi adatto ai ritmi della vostra famiglia, all'et\u00e0 dei bambini e alla vostra personalit\u00e0. Il mio obiettivo \u00e8 rendere la sessione un'esperienza piacevole e fluida, in un ambiente stimolante come Saint-Paul-de-Vence.<\/p>\n<h3>Un'attenzione particolare alla luce naturale<\/h3>\n<p>Lavoro esclusivamente con la luce del giorno, per un look morbido, autentico e senza tempo. I giochi di luce nelle strade del villaggio esaltano ogni immagine, conferendo calore e profondit\u00e0 alle scene catturate.<\/p>\n<\/div><\/div>\n<\/div>\n<\/div>\n\n<div class=\"et_pb_row_6 et_pb_row et_block_row\">\n<div class=\"et_pb_column_11 et_pb_column et_pb_column_1_3 et_block_column et_pb_css_mix_blend_mode_passthrough\">\n<div class=\"et_pb_image_5 et_pb_image et_pb_module et_block_module\"><span class=\"et_pb_image_wrap\"><img decoding=\"async\" data-src=\"https:\/\/www.lauriecornillon.com\/wp-content\/smush-webp\/sites\/5\/2025\/03\/famille-4000.jpg.webp\" width=\"1365\" height=\"2048\" data-srcset=\"https:\/\/www.lauriecornillon.com\/wp-content\/smush-webp\/sites\/5\/2025\/03\/famille-4000.jpg.webp 1365w, https:\/\/www.lauriecornillon.com\/wp-content\/smush-webp\/sites\/5\/2025\/03\/famille-4000-1280x1920.jpg.webp 1280w, https:\/\/www.lauriecornillon.com\/wp-content\/smush-webp\/sites\/5\/2025\/03\/famille-4000-980x1470.jpg.webp 980w, https:\/\/www.lauriecornillon.com\/wp-content\/smush-webp\/sites\/5\/2025\/03\/famille-4000-480x720.jpg.webp 480w\" data-sizes=\"auto\" class=\"wp-image-32152 lazyload\" title=\"famiglia-4000\" alt=\"Fotografo di bambini di Chin\" src=\"data:image\/svg+xml;base64,PHN2ZyB3aWR0aD0iMSIgaGVpZ2h0PSIxIiB4bWxucz0iaHR0cDovL3d3dy53My5vcmcvMjAwMC9zdmciPjwvc3ZnPg==\" style=\"--smush-placeholder-width: 1365px; --smush-placeholder-aspect-ratio: 1365\/2048;\" data-original-sizes=\"(min-width: 0px) and (max-width: 480px) 480px, (min-width: 481px) and (max-width: 980px) 980px, (min-width: 981px) and (max-width: 1280px) 1280px, (min-width: 1281px) 1365px, 100vw\" \/><\/span><\/div>\n<\/div>\n\n<div class=\"et_pb_column_12 et_pb_column et_pb_column_1_3 et_block_column et_pb_css_mix_blend_mode_passthrough\">\n<div class=\"et_pb_image_6 et_pb_image et_pb_module et_block_module\"><span class=\"et_pb_image_wrap\"><img decoding=\"async\" data-src=\"https:\/\/www.lauriecornillon.com\/wp-content\/smush-webp\/sites\/5\/2025\/03\/famille-4003.jpg.webp\" width=\"1366\" height=\"2048\" data-srcset=\"https:\/\/www.lauriecornillon.com\/wp-content\/smush-webp\/sites\/5\/2025\/03\/famille-4003.jpg.webp 1366w, https:\/\/www.lauriecornillon.com\/wp-content\/smush-webp\/sites\/5\/2025\/03\/famille-4003-1280x1919.jpg.webp 1280w, https:\/\/www.lauriecornillon.com\/wp-content\/smush-webp\/sites\/5\/2025\/03\/famille-4003-980x1469.jpg.webp 980w, https:\/\/www.lauriecornillon.com\/wp-content\/smush-webp\/sites\/5\/2025\/03\/famille-4003-480x720.jpg.webp 480w\" data-sizes=\"auto\" class=\"wp-image-32156 lazyload\" title=\"famiglia-4003\" alt=\"Fotografo di gravidanza Nizza\" src=\"data:image\/svg+xml;base64,PHN2ZyB3aWR0aD0iMSIgaGVpZ2h0PSIxIiB4bWxucz0iaHR0cDovL3d3dy53My5vcmcvMjAwMC9zdmciPjwvc3ZnPg==\" style=\"--smush-placeholder-width: 1366px; --smush-placeholder-aspect-ratio: 1366\/2048;\" data-original-sizes=\"(min-width: 0px) and (max-width: 480px) 480px, (min-width: 481px) and (max-width: 980px) 980px, (min-width: 981px) and (max-width: 1280px) 1280px, (min-width: 1281px) 1366px, 100vw\" \/><\/span><\/div>\n<\/div>\n\n<div class=\"et_pb_column_13 et_pb_column et_pb_column_1_3 et-last-child et_block_column et_pb_css_mix_blend_mode_passthrough\">\n<div class=\"et_pb_image_7 et_pb_image et_pb_module et_block_module\"><span class=\"et_pb_image_wrap\"><img decoding=\"async\" data-src=\"https:\/\/www.lauriecornillon.com\/wp-content\/smush-webp\/sites\/5\/2025\/03\/famille-4001.jpg.webp\" width=\"1365\" height=\"2048\" data-srcset=\"https:\/\/www.lauriecornillon.com\/wp-content\/smush-webp\/sites\/5\/2025\/03\/famille-4001.jpg.webp 1365w, https:\/\/www.lauriecornillon.com\/wp-content\/smush-webp\/sites\/5\/2025\/03\/famille-4001-1280x1920.jpg.webp 1280w, https:\/\/www.lauriecornillon.com\/wp-content\/smush-webp\/sites\/5\/2025\/03\/famille-4001-980x1470.jpg.webp 980w, https:\/\/www.lauriecornillon.com\/wp-content\/smush-webp\/sites\/5\/2025\/03\/famille-4001-480x720.jpg.webp 480w\" data-sizes=\"auto\" class=\"wp-image-32154 lazyload\" title=\"famiglia-4001\" alt=\"Fotografia di gravidanza Nizza\" src=\"data:image\/svg+xml;base64,PHN2ZyB3aWR0aD0iMSIgaGVpZ2h0PSIxIiB4bWxucz0iaHR0cDovL3d3dy53My5vcmcvMjAwMC9zdmciPjwvc3ZnPg==\" style=\"--smush-placeholder-width: 1365px; --smush-placeholder-aspect-ratio: 1365\/2048;\" data-original-sizes=\"(min-width: 0px) and (max-width: 480px) 480px, (min-width: 481px) and (max-width: 980px) 980px, (min-width: 981px) and (max-width: 1280px) 1280px, (min-width: 1281px) 1365px, 100vw\" \/><\/span><\/div>\n<\/div>\n<\/div>\n\n<div class=\"et_pb_row_7 et_pb_row et_block_row\">\n<div class=\"et_pb_column_14 et_pb_column et_pb_column_4_4 et-last-child et_block_column et_pb_css_mix_blend_mode_passthrough\">\n<div class=\"et_pb_text_6 et_pb_text et_pb_bg_layout_light et_pb_module et_block_module\"><div class=\"et_pb_text_inner\"><h2 class=\"police\">I luoghi pi\u00f9 belli per il vostro servizio fotografico di famiglia a Saint-Paul-de-Vence<\/h2>\n<\/div><\/div>\n\n<div class=\"et_pb_text_7 et_pb_text et_pb_bg_layout_light et_pb_module et_block_module\"><div class=\"et_pb_text_inner\"><h3>Le strade acciottolate del villaggio<\/h3>\n<p>Ogni angolo di Saint-Paul-de-Vence \u00e8 un invito a passeggiare. Le strade strette, gli archi in pietra, le finestre fiorite e le antiche scalinate formano uno scenario pittoresco e rilassante, ideale per foto spontanee e vivaci.<\/p>\n<h3>Bastioni e punti panoramici<\/h3>\n<p>Dalle alture del villaggio si gode di una vista mozzafiato sulle colline e sul mare in lontananza. \u00c8 una cornice eccezionale per alcuni ritratti in mezzo alla natura, immersi in una luce dorata.<\/p>\n<h3>Antiche piazze e fontane<\/h3>\n<p>Discrete, ombreggiate e piene di fascino, creano un'atmosfera soft e familiare. Perfetti per momenti di tenerezza o foto seduti, in un ambiente tipicamente provenzale.<\/p>\n<p>A seconda della stagione e della luce del giorno, vi aiuto a selezionare le location pi\u00f9 adatte alla vostra famiglia per garantire una sessione fluida e memorabile.<\/p>\n<\/div><\/div>\n<\/div>\n<\/div>\n\n<div class=\"et_pb_row_8 et_pb_row et_block_row\">\n<div class=\"et_pb_column_15 et_pb_column et_pb_column_4_4 et-last-child et_block_column et_pb_css_mix_blend_mode_passthrough\">\n<div class=\"et_pb_code_1 et_pb_code et_pb_module\"><div class=\"et_pb_code_inner\"><div class=\"et_pb_row et_pb_row_2\">\n\n\n\n<div class=\"et_pb_column et_pb_column_4_4 et_pb_column_5 et_pb_css_mix_blend_mode_passthrough et-last-child\">\n\n\n \n \n \n\n<div class=\"et_pb_button_module_wrapper et_pb_button_0_wrapper et_pb_button_alignment_center et_pb_module\">\n <a class=\"et_pb_button et_pb_button_0 os_trigger_booking et_pb_bg_layout_light\" data-selected-service-category=\"11\" data-selected-location=\"7\" data-selected-agent=\"1\">PRENOTA ONLINE UNA SESSIONE FOTOGRAFICA DI FAMIGLIA A SAINT-PAUL-DE-VENCE<\/a>\n \n\n<\/div>\n\n\n\n<\/div>\n\n \n \n \n \n\n\n<\/div>\n<\/div><\/div>\n<\/div>\n<\/div>\n\n<div class=\"et_pb_row_9 et_pb_row et_block_row\">\n<div class=\"et_pb_column_16 et_pb_column et_pb_column_1_3 et_block_column et_pb_css_mix_blend_mode_passthrough\">\n<div class=\"et_pb_image_8 et_pb_image et_pb_module et_block_module\"><span class=\"et_pb_image_wrap\"><img decoding=\"async\" data-src=\"https:\/\/www.lauriecornillon.com\/wp-content\/smush-webp\/sites\/5\/2025\/03\/famille-1723.jpg.webp\" width=\"1366\" height=\"2048\" data-srcset=\"https:\/\/www.lauriecornillon.com\/wp-content\/smush-webp\/sites\/5\/2025\/03\/famille-1723.jpg.webp 1366w, https:\/\/www.lauriecornillon.com\/wp-content\/smush-webp\/sites\/5\/2025\/03\/famille-1723-1280x1919.jpg.webp 1280w, https:\/\/www.lauriecornillon.com\/wp-content\/smush-webp\/sites\/5\/2025\/03\/famille-1723-980x1469.jpg.webp 980w, https:\/\/www.lauriecornillon.com\/wp-content\/smush-webp\/sites\/5\/2025\/03\/famille-1723-480x720.jpg.webp 480w\" data-sizes=\"auto\" class=\"wp-image-32160 lazyload\" title=\"famiglia-1723\" alt=\"Fotografo di bambini di Chin\" src=\"data:image\/svg+xml;base64,PHN2ZyB3aWR0aD0iMSIgaGVpZ2h0PSIxIiB4bWxucz0iaHR0cDovL3d3dy53My5vcmcvMjAwMC9zdmciPjwvc3ZnPg==\" style=\"--smush-placeholder-width: 1366px; --smush-placeholder-aspect-ratio: 1366\/2048;\" data-original-sizes=\"(min-width: 0px) and (max-width: 480px) 480px, (min-width: 481px) and (max-width: 980px) 980px, (min-width: 981px) and (max-width: 1280px) 1280px, (min-width: 1281px) 1366px, 100vw\" \/><\/span><\/div>\n<\/div>\n\n<div class=\"et_pb_column_17 et_pb_column et_pb_column_1_3 et_block_column et_pb_css_mix_blend_mode_passthrough\">\n<div class=\"et_pb_image_9 et_pb_image et_pb_module et_block_module\"><span class=\"et_pb_image_wrap\"><img decoding=\"async\" data-src=\"https:\/\/www.lauriecornillon.com\/wp-content\/smush-webp\/sites\/5\/2025\/03\/famille-1727.jpg.webp\" width=\"1366\" height=\"2048\" data-srcset=\"https:\/\/www.lauriecornillon.com\/wp-content\/smush-webp\/sites\/5\/2025\/03\/famille-1727.jpg.webp 1366w, https:\/\/www.lauriecornillon.com\/wp-content\/smush-webp\/sites\/5\/2025\/03\/famille-1727-1280x1919.jpg.webp 1280w, https:\/\/www.lauriecornillon.com\/wp-content\/smush-webp\/sites\/5\/2025\/03\/famille-1727-980x1469.jpg.webp 980w, https:\/\/www.lauriecornillon.com\/wp-content\/smush-webp\/sites\/5\/2025\/03\/famille-1727-480x720.jpg.webp 480w\" data-sizes=\"auto\" class=\"wp-image-32162 lazyload\" title=\"famiglia-1727\" alt=\"Servizio fotografico di famiglia Costa Azzurra\" src=\"data:image\/svg+xml;base64,PHN2ZyB3aWR0aD0iMSIgaGVpZ2h0PSIxIiB4bWxucz0iaHR0cDovL3d3dy53My5vcmcvMjAwMC9zdmciPjwvc3ZnPg==\" style=\"--smush-placeholder-width: 1366px; --smush-placeholder-aspect-ratio: 1366\/2048;\" data-original-sizes=\"(min-width: 0px) and (max-width: 480px) 480px, (min-width: 481px) and (max-width: 980px) 980px, (min-width: 981px) and (max-width: 1280px) 1280px, (min-width: 1281px) 1366px, 100vw\" \/><\/span><\/div>\n<\/div>\n\n<div class=\"et_pb_column_18 et_pb_column et_pb_column_1_3 et-last-child et_block_column et_pb_css_mix_blend_mode_passthrough\">\n<div class=\"et_pb_image_10 et_pb_image et_pb_module et_block_module\"><span class=\"et_pb_image_wrap\"><img decoding=\"async\" data-src=\"https:\/\/www.lauriecornillon.com\/wp-content\/smush-webp\/sites\/5\/2025\/03\/famille-1721.jpg.webp\" width=\"1366\" height=\"2048\" data-srcset=\"https:\/\/www.lauriecornillon.com\/wp-content\/smush-webp\/sites\/5\/2025\/03\/famille-1721.jpg.webp 1366w, https:\/\/www.lauriecornillon.com\/wp-content\/smush-webp\/sites\/5\/2025\/03\/famille-1721-1280x1919.jpg.webp 1280w, https:\/\/www.lauriecornillon.com\/wp-content\/smush-webp\/sites\/5\/2025\/03\/famille-1721-980x1469.jpg.webp 980w, https:\/\/www.lauriecornillon.com\/wp-content\/smush-webp\/sites\/5\/2025\/03\/famille-1721-480x720.jpg.webp 480w\" data-sizes=\"auto\" class=\"wp-image-32157 lazyload\" title=\"famiglia-1721\" alt=\"fotografo di famiglia Mentone\" src=\"data:image\/svg+xml;base64,PHN2ZyB3aWR0aD0iMSIgaGVpZ2h0PSIxIiB4bWxucz0iaHR0cDovL3d3dy53My5vcmcvMjAwMC9zdmciPjwvc3ZnPg==\" style=\"--smush-placeholder-width: 1366px; --smush-placeholder-aspect-ratio: 1366\/2048;\" data-original-sizes=\"(min-width: 0px) and (max-width: 480px) 480px, (min-width: 481px) and (max-width: 980px) 980px, (min-width: 981px) and (max-width: 1280px) 1280px, (min-width: 1281px) 1366px, 100vw\" \/><\/span><\/div>\n<\/div>\n<\/div>\n\n<div class=\"et_pb_row_10 et_pb_row et_block_row\">\n<div class=\"et_pb_column_19 et_pb_column et_pb_column_4_4 et-last-child et_block_column et_pb_css_mix_blend_mode_passthrough\">\n<div class=\"et_pb_text_8 et_pb_text et_pb_bg_layout_light et_pb_module et_block_module\"><div class=\"et_pb_text_inner\"><h2 class=\"police\">Dettagli del servizio fotografico di famiglia a Saint-Paul-de-Vence<\/h2>\n<\/div><\/div>\n\n<div class=\"et_pb_text_9 et_pb_text et_pb_bg_layout_light et_pb_module et_block_module\"><div class=\"et_pb_text_inner\"><h3>Fase 1: prenotazione semplice e preparazione personalizzata<\/h3>\n<p>La prenotazione \u00e8 semplice e, una volta confermato il vostro posto, vi invier\u00f2 tutte le informazioni necessarie per il servizio fotografico.<\/p>\n<h3>Tappa 2: Un'ora di divertimento in paese<\/h3>\n<p>Il giorno della sessione ci incontriamo nel cuore pittoresco di Saint-Paul-de-Vence, in un luogo concordato insieme. Per un'ora, vi guider\u00f2 dolcemente mentre create ricordi spontanei e senza pressioni. Il fascino autentico del villaggio crea la cornice ideale per un momento sentito, da vivere appieno in famiglia.<\/p>\n<h3>Fase 3: I vostri ricordi consegnati con cura<\/h3>\n<p>Entro 48 ore riceverete una galleria privata con tutte le foto accuratamente ritoccate. Potrete scegliere le vostre preferite o optare per l'intera galleria. Abbiamo pensato a tutto perch\u00e9 possiate rivivere questo momento meraviglioso al vostro ritmo.<\/p>\n<p>Ogni momento di questa esperienza \u00e8 stato pensato per farvi sentire a vostro agio, circondati dalla gentilezza, in un luogo ricco di poesia e storia.<\/p>\n<\/div><\/div>\n\n<div class=\"et_pb_code_2 et_pb_code et_pb_module\"><div class=\"et_pb_code_inner\"><div class=\"et_pb_row et_pb_row_2\">\n\n\n\n<div class=\"et_pb_column et_pb_column_4_4 et_pb_column_5 et_pb_css_mix_blend_mode_passthrough et-last-child\">\n\n\n \n \n \n \n\n<div class=\"et_pb_button_module_wrapper et_pb_button_0_wrapper et_pb_button_alignment_center et_pb_module\">\n <a class=\"et_pb_button et_pb_button_0 os_trigger_booking et_pb_bg_layout_light\" data-selected-service-category=\"11\" data-selected-location=\"7\" data-selected-agent=\"1\">PRENOTA ORA<\/a>\n<\/div>\n\n\n\n<\/div>\n\n \n \n \n \n\n\n<\/div>\n<\/div><\/div>\n<\/div>\n<\/div>\n\n<div class=\"et_pb_row_11 et_pb_row et_block_row\">\n<div class=\"et_pb_column_20 et_pb_column et_pb_column_1_3 et_block_column et_pb_css_mix_blend_mode_passthrough\">\n<div class=\"et_pb_image_11 et_pb_image et_pb_module et_block_module\"><span class=\"et_pb_image_wrap\"><img decoding=\"async\" data-src=\"https:\/\/www.lauriecornillon.com\/wp-content\/smush-webp\/sites\/5\/2025\/03\/famille-1739.jpg.webp\" width=\"1366\" height=\"2048\" data-srcset=\"https:\/\/www.lauriecornillon.com\/wp-content\/smush-webp\/sites\/5\/2025\/03\/famille-1739.jpg.webp 1366w, https:\/\/www.lauriecornillon.com\/wp-content\/smush-webp\/sites\/5\/2025\/03\/famille-1739-1280x1919.jpg.webp 1280w, https:\/\/www.lauriecornillon.com\/wp-content\/smush-webp\/sites\/5\/2025\/03\/famille-1739-980x1469.jpg.webp 980w, https:\/\/www.lauriecornillon.com\/wp-content\/smush-webp\/sites\/5\/2025\/03\/famille-1739-480x720.jpg.webp 480w\" data-sizes=\"auto\" class=\"wp-image-32151 lazyload\" title=\"famiglia-1739\" alt=\"Fotografo di bambini di Chin\" src=\"data:image\/svg+xml;base64,PHN2ZyB3aWR0aD0iMSIgaGVpZ2h0PSIxIiB4bWxucz0iaHR0cDovL3d3dy53My5vcmcvMjAwMC9zdmciPjwvc3ZnPg==\" style=\"--smush-placeholder-width: 1366px; --smush-placeholder-aspect-ratio: 1366\/2048;\" data-original-sizes=\"(min-width: 0px) and (max-width: 480px) 480px, (min-width: 481px) and (max-width: 980px) 980px, (min-width: 981px) and (max-width: 1280px) 1280px, (min-width: 1281px) 1366px, 100vw\" \/><\/span><\/div>\n<\/div>\n\n<div class=\"et_pb_column_21 et_pb_column et_pb_column_1_3 et_block_column et_pb_css_mix_blend_mode_passthrough\">\n<div class=\"et_pb_image_12 et_pb_image et_pb_module et_block_module\"><span class=\"et_pb_image_wrap\"><img decoding=\"async\" data-src=\"https:\/\/www.lauriecornillon.com\/wp-content\/smush-webp\/sites\/5\/2025\/03\/seance-photo-famille-saint-paul-de-vence.jpg.webp\" width=\"1366\" height=\"2048\" data-srcset=\"https:\/\/www.lauriecornillon.com\/wp-content\/smush-webp\/sites\/5\/2025\/03\/seance-photo-famille-saint-paul-de-vence.jpg.webp 1366w, https:\/\/www.lauriecornillon.com\/wp-content\/smush-webp\/sites\/5\/2025\/03\/seance-photo-famille-saint-paul-de-vence-1280x1919.jpg.webp 1280w, https:\/\/www.lauriecornillon.com\/wp-content\/smush-webp\/sites\/5\/2025\/03\/seance-photo-famille-saint-paul-de-vence-980x1469.jpg.webp 980w, https:\/\/www.lauriecornillon.com\/wp-content\/smush-webp\/sites\/5\/2025\/03\/seance-photo-famille-saint-paul-de-vence-480x720.jpg.webp 480w\" data-sizes=\"auto\" class=\"wp-image-32229 lazyload\" title=\"sessione fotografica di famiglia-saint-paul-de-vence\" alt=\"Servizio fotografico di famiglia Costa Azzurra\" src=\"data:image\/svg+xml;base64,PHN2ZyB3aWR0aD0iMSIgaGVpZ2h0PSIxIiB4bWxucz0iaHR0cDovL3d3dy53My5vcmcvMjAwMC9zdmciPjwvc3ZnPg==\" style=\"--smush-placeholder-width: 1366px; --smush-placeholder-aspect-ratio: 1366\/2048;\" data-original-sizes=\"(min-width: 0px) and (max-width: 480px) 480px, (min-width: 481px) and (max-width: 980px) 980px, (min-width: 981px) and (max-width: 1280px) 1280px, (min-width: 1281px) 1366px, 100vw\" \/><\/span><\/div>\n<\/div>\n\n<div class=\"et_pb_column_22 et_pb_column et_pb_column_1_3 et-last-child et_block_column et_pb_css_mix_blend_mode_passthrough\">\n<div class=\"et_pb_image_13 et_pb_image et_pb_module et_block_module\"><span class=\"et_pb_image_wrap\"><img decoding=\"async\" data-src=\"https:\/\/www.lauriecornillon.com\/wp-content\/smush-webp\/sites\/5\/2025\/03\/famille-1771.jpg.webp\" width=\"1366\" height=\"2048\" data-srcset=\"https:\/\/www.lauriecornillon.com\/wp-content\/smush-webp\/sites\/5\/2025\/03\/famille-1771.jpg.webp 1366w, https:\/\/www.lauriecornillon.com\/wp-content\/smush-webp\/sites\/5\/2025\/03\/famille-1771-1280x1919.jpg.webp 1280w, https:\/\/www.lauriecornillon.com\/wp-content\/smush-webp\/sites\/5\/2025\/03\/famille-1771-980x1469.jpg.webp 980w, https:\/\/www.lauriecornillon.com\/wp-content\/smush-webp\/sites\/5\/2025\/03\/famille-1771-480x720.jpg.webp 480w\" data-sizes=\"auto\" class=\"wp-image-32145 lazyload\" title=\"famiglia-1771\" alt=\"fotografo di famiglia Mentone\" src=\"data:image\/svg+xml;base64,PHN2ZyB3aWR0aD0iMSIgaGVpZ2h0PSIxIiB4bWxucz0iaHR0cDovL3d3dy53My5vcmcvMjAwMC9zdmciPjwvc3ZnPg==\" style=\"--smush-placeholder-width: 1366px; --smush-placeholder-aspect-ratio: 1366\/2048;\" data-original-sizes=\"(min-width: 0px) and (max-width: 480px) 480px, (min-width: 481px) and (max-width: 980px) 980px, (min-width: 981px) and (max-width: 1280px) 1280px, (min-width: 1281px) 1366px, 100vw\" \/><\/span><\/div>\n<\/div>\n<\/div>\n\n<div class=\"et_pb_row_12 et_pb_row et_block_row\">\n<div class=\"et_pb_column_23 et_pb_column et_pb_column_4_4 et-last-child et_block_column et_pb_css_mix_blend_mode_passthrough\">\n<div class=\"et_pb_text_10 et_pb_text et_pb_bg_layout_light et_pb_module et_block_module\"><div class=\"et_pb_text_inner\"><h2 class=\"police\">FAQ - Domande frequenti<\/h2>\n<\/div><\/div>\n\n<div class=\"et_pb_text_11 et_pb_text et_pb_bg_layout_light et_pb_module et_block_module\"><div class=\"et_pb_text_inner\"><h3>Quanto dura una sessione fotografica di famiglia a Saint-Paul-de-Vence?<\/h3>\n<p>La sessione dura un'ora. \u00c8 il momento ideale per godersi i diversi ambienti del villaggio senza fretta, mantenendo l'energia per i bambini.<\/p>\n<h3>Come ci si deve vestire per la sessione?<\/h3>\n<p>Consiglio outfit coordinati in toni tenui e naturali: bianco, beige, verde oliva, azzurro... Questi colori si sposano perfettamente con le pietre del villaggio. Evitate i motivi troppo vistosi e i loghi visibili per un look senza tempo.<\/p>\n<h3>I miei figli non amano posare, \u00e8 un problema?<\/h3>\n<p>Per niente! Lavoro in modo spontaneo. I bambini possono muoversi, esplorare, divertirsi. Sono questi momenti naturali che catturo. La sessione diventa un gioco, ed \u00e8 questo che rende le immagini cos\u00ec vivaci.<\/p>\n<h3>Posso scegliere il luogo della sessione?<\/h3>\n<p>S\u00ec, certo. Possiamo discutere insieme le vostre esigenze. Che si tratti di un vicolo specifico, di un angolo ombreggiato o di un punto di osservazione elevato, vi guider\u00f2 nella scelta dei punti migliori in base alla luce e alla stagione.<\/p>\n<h3>Posso offrire una sessione fotografica a una persona a me cara?<\/h3>\n<p>Assolutamente s\u00ec. Offro deliziosi buoni regalo personalizzati, perfetti per una nascita, un compleanno o semplicemente per fare un piacere ad amici e parenti in visita a Saint-Paul-de-Vence.<\/p>\n<h3>Come si prenota una sessione?<\/h3>\n<p>Basta cliccare sul pulsante \"Prenota online\" qui sotto. Potete anche contattarmi via e-mail o tramite il modulo per ricevere la mia brochure.<\/p>\n<\/div><\/div>\n\n<div class=\"et_pb_module et_pb_button_module_wrapper et_pb_button_0_wrapper\"><a class=\"et_pb_button_0 et_pb_button et_pb_bg_layout_light et_pb_module et_block_module\" href=\"https:\/\/www.lauriecornillon.com\/it\/contatto\/\">CONTATTO<\/a><\/div>\n\n<div class=\"et_pb_code_3 et_pb_code et_pb_module\"><div class=\"et_pb_code_inner\"><div class=\"et_pb_row et_pb_row_2\">\n\n\n\n<div class=\"et_pb_column et_pb_column_4_4 et_pb_column_5 et_pb_css_mix_blend_mode_passthrough et-last-child\">\n\n\n \n \n \n \n\n<div class=\"et_pb_button_module_wrapper et_pb_button_0_wrapper et_pb_button_alignment_center et_pb_module\">\n <a class=\"et_pb_button et_pb_button_0 os_trigger_booking et_pb_bg_layout_light\" data-selected-service-category=\"11\" data-selected-location=\"7\" data-selected-agent=\"1\">PRENOTA ONLINE<\/a>\n<\/div>\n\n\n\n<\/div>\n\n \n \n \n \n\n\n<\/div>\n<\/div><\/div>\n<\/div>\n<\/div>\n\n<div class=\"et_pb_row_13 et_pb_row et_block_row\">\n<div class=\"et_pb_column_24 et_pb_column et_pb_column_4_4 et-last-child et_block_column et_pb_css_mix_blend_mode_passthrough\">\n<div class=\"et_pb_image_14 et_pb_image et_pb_module et_block_module\"><span class=\"et_pb_image_wrap\"><img decoding=\"async\" data-src=\"https:\/\/www.lauriecornillon.com\/wp-content\/smush-webp\/sites\/5\/2025\/03\/famille-1744.jpg.webp\" width=\"2048\" height=\"1366\" data-srcset=\"https:\/\/www.lauriecornillon.com\/wp-content\/smush-webp\/sites\/5\/2025\/03\/famille-1744.jpg.webp 2048w, https:\/\/www.lauriecornillon.com\/wp-content\/smush-webp\/sites\/5\/2025\/03\/famille-1744-1280x854.jpg.webp 1280w, https:\/\/www.lauriecornillon.com\/wp-content\/smush-webp\/sites\/5\/2025\/03\/famille-1744-980x654.jpg.webp 980w, https:\/\/www.lauriecornillon.com\/wp-content\/smush-webp\/sites\/5\/2025\/03\/famille-1744-480x320.jpg.webp 480w\" data-sizes=\"auto\" class=\"wp-image-32142 lazyload\" title=\"famiglia-1744\" alt=\"servizio fotografico di famiglia Mentone\" src=\"data:image\/svg+xml;base64,PHN2ZyB3aWR0aD0iMSIgaGVpZ2h0PSIxIiB4bWxucz0iaHR0cDovL3d3dy53My5vcmcvMjAwMC9zdmciPjwvc3ZnPg==\" style=\"--smush-placeholder-width: 2048px; --smush-placeholder-aspect-ratio: 2048\/1366;\" data-original-sizes=\"(min-width: 0px) and (max-width: 480px) 480px, (min-width: 481px) and (max-width: 980px) 980px, (min-width: 981px) and (max-width: 1280px) 1280px, (min-width: 1281px) 2048px, 100vw\" \/><\/span><\/div>\n<\/div>\n<\/div>\n\n<div class=\"et_pb_row_14 et_pb_row et_block_row\">\n<div class=\"et_pb_column_25 et_pb_column et_pb_column_4_4 et-last-child et_block_column et_pb_css_mix_blend_mode_passthrough\">\n<div class=\"et_pb_text_12 et_pb_text et_pb_bg_layout_light et_pb_module et_block_module\"><div class=\"et_pb_text_inner\"><h2 class=\"police\">Prenotate la vostra sessione fotografica di famiglia su<\/h2>\n<h2 class=\"police\">Saint-Paul-de-Vence<\/h2>\n<\/div><\/div>\n\n<div class=\"et_pb_text_13 et_pb_text et_pb_bg_layout_light et_pb_module et_block_module\"><div class=\"et_pb_text_inner\"><p>Godetevi una parentesi dolce e autentica nel cuore di uno dei villaggi pi\u00f9 belli della Provenza. Un servizio fotografico a Saint-Paul-de-Vence \u00e8 molto pi\u00f9 di una bella foto: \u00e8 un momento semplice e prezioso da condividere con i propri cari.<\/p>\n<p>Lavoro con voi in modo attento e professionale per creare un'esperienza su misura, fluida e memorabile. Ogni sessione \u00e8 pensata per riflettere la vostra storia, in un ambiente poetico e senza tempo.<\/p>\n<p>Prenotate subito la vostra sessione cliccando sul pulsante qui sotto o contattatemi per ricevere la mia brochure completa.<\/p>\n<\/div><\/div>\n\n<div class=\"et_pb_module et_pb_button_module_wrapper et_pb_button_1_wrapper\"><a class=\"et_pb_button_1 et_pb_button et_pb_bg_layout_light et_pb_module et_block_module\" href=\"https:\/\/www.lauriecornillon.com\/it\/contatto\/\">CONTATTO<\/a><\/div>\n\n<div class=\"et_pb_code_4 et_pb_code et_pb_module\"><div class=\"et_pb_code_inner\"><div class=\"et_pb_row et_pb_row_2\">\n\n\n\n<div class=\"et_pb_column et_pb_column_4_4 et_pb_column_5 et_pb_css_mix_blend_mode_passthrough et-last-child\">\n\n\n \n \n \n \n\n<div class=\"et_pb_button_module_wrapper et_pb_button_0_wrapper et_pb_button_alignment_center et_pb_module\">\n <a class=\"et_pb_button et_pb_button_0 os_trigger_booking et_pb_bg_layout_light\" data-selected-service-category=\"11\" data-selected-location=\"7\" data-selected-agent=\"1\">PRENOTA ORA<\/a>\n<\/div>\n\n\n\n<\/div>\n\n \n \n \n \n\n\n<\/div>\n<\/div><\/div>\n<\/div>\n<\/div>\n<\/div>","protected":false},"excerpt":{"rendered":"","protected":false},"author":1,"featured_media":0,"parent":0,"menu_order":0,"comment_status":"closed","ping_status":"closed","template":"","meta":{"footnotes":""},"class_list":["post-32041","page","type-page","status-publish","hentry"],"_links":{"self":[{"href":"https:\/\/www.lauriecornillon.com\/it\/wp-json\/wp\/v2\/pages\/32041","targetHints":{"allow":["GET"]}}],"collection":[{"href":"https:\/\/www.lauriecornillon.com\/it\/wp-json\/wp\/v2\/pages"}],"about":[{"href":"https:\/\/www.lauriecornillon.com\/it\/wp-json\/wp\/v2\/types\/page"}],"author":[{"embeddable":true,"href":"https:\/\/www.lauriecornillon.com\/it\/wp-json\/wp\/v2\/users\/1"}],"replies":[{"embeddable":true,"href":"https:\/\/www.lauriecornillon.com\/it\/wp-json\/wp\/v2\/comments?post=32041"}],"version-history":[{"count":0,"href":"https:\/\/www.lauriecornillon.com\/it\/wp-json\/wp\/v2\/pages\/32041\/revisions"}],"wp:attachment":[{"href":"https:\/\/www.lauriecornillon.com\/it\/wp-json\/wp\/v2\/media?parent=32041"}],"curies":[{"name":"wp","href":"https:\/\/api.w.org\/{rel}","templated":true}]}}