{"id":34838,"date":"2026-03-11T19:22:14","date_gmt":"2026-03-11T18:22:14","guid":{"rendered":"https:\/\/www.lauriecornillon.com\/?page_id=34838"},"modified":"2026-03-11T19:42:21","modified_gmt":"2026-03-11T18:42:21","slug":"fotografo-di-matrimonio-cap-estel","status":"publish","type":"page","link":"https:\/\/www.lauriecornillon.com\/it\/photographe-mariage-cap-estel\/","title":{"rendered":"Fotografo di matrimonio Cap Estel"},"content":{"rendered":"<div class=\"et_pb_section_0 et_pb_section et_section_specialty et_pb_gutters3 et_block_section\"><div class=\"et_pb_row et_block_row\">\r\n<div class=\"et_pb_column_0 et_pb_column et_pb_column_single et_pb_column_1_2 et_block_column et_pb_css_mix_blend_mode_passthrough\">\r\n<div class=\"et_pb_text_0 et_pb_text et_pb_bg_layout_light et_pb_module et_block_module\"><div class=\"et_pb_text_inner\"><h1>Fotografo di matrimonio a Cap Estel<\/h1>\n<p>Cap Estel \u00e8 uno di quei luoghi che conferisce immediatamente a un matrimonio una sensazione di assoluta eccezionalit\u00e0. Qui la Costa Azzurra sembra quasi pi\u00f9 segreta, pi\u00f9 esclusiva, pi\u00f9 incontaminata. Circondata dal mare, sulla sua penisola privata tra \u00c8ze e Monaco, la location crea un'impressione rara: quella di un matrimonio completamente a parte, come sospeso tra il blu del Mediterraneo, la roccia e la luce.<\/p>\n<p>Ci\u00f2 che colpisce di Cap Estel non \u00e8 solo la bellezza del paesaggio. \u00c8 il modo in cui tutto sembra isolato dal resto del mondo senza mai perdere l'eleganza della Riviera. C'\u00e8 il mare ovunque, l'orizzonte a perdita d'occhio, l'architettura discreta, i giardini, le terrazze, le insenature e soprattutto l'atmosfera speciale di un rifugio ultra-premium. Un matrimonio qui \u00e8 pi\u00f9 di un semplice ricevimento in un bellissimo hotel. \u00c8 un'esperienza intima, spettacolare e profondamente esclusiva.<\/p>\n<p>Cap Estel attrae spesso coppie che cercano qualcosa di pi\u00f9 di una location prestigiosa. Vogliono un vero senso di destinazione privata, un ambiente al tempo stesso grandioso e protetto, con la sensazione che il giorno sia interamente loro. Il lusso della location non \u00e8 mai appariscente. Si esprime nello spazio, nella luce, nell'immancabile mare, nel silenzio a volte, e nel modo raro in cui il luogo fa coesistere la massima eleganza con una forma di semplicit\u00e0 quasi selvaggia.<\/p>\n<p>Il mio approccio \u00e8 quello di fotografare un matrimonio a Cap Estel nel pieno rispetto di questa identit\u00e0. L'obiettivo non \u00e8 solo quello di mostrare la bellezza spettacolare del luogo, ma di raccontare la storia di ci\u00f2 che \u00e8 realmente accaduto l\u00ec: le emozioni, il respiro, l'intimit\u00e0 degli sposi, il loro rapporto con il paesaggio, la dolcezza di alcuni momenti e la potenza visiva di questa penisola unica della Costa Azzurra. Il mio obiettivo \u00e8 creare un reportage sensibile, raffinato e molto personale, capace di conservare una traccia di questo giorno in tutta la sua bellezza, verit\u00e0 e rarit\u00e0.<\/p>\n<\/div><\/div>\r\n<\/div>\r\n\r\n<div class=\"et_pb_column_1 et_pb_column et_pb_specialty_column et_pb_column_1_2 et-last-child et_block_column et_pb_css_mix_blend_mode_passthrough\">\r\n<div class=\"et_pb_row_inner_0 et_pb_row_inner et_block_row\">\r\n<div class=\"et_pb_column_inner_0 et_pb_column_inner et_pb_column et_pb_column_4_4 et-last-child et_block_column et_pb_css_mix_blend_mode_passthrough\">\r\n<div class=\"et_pb_image_0 et_pb_image et_animated et_pb_module et_block_module\"><span class=\"et_pb_image_wrap\"><img decoding=\"async\" data-src=\"https:\/\/www.lauriecornillon.com\/wp-content\/smush-webp\/sites\/5\/2026\/03\/french-riviera-wedding-photographer.jpg.webp\" alt=\"Fotografia di matrimonio Costa Azzurra\" title=\"francese-riviera-matrimonio-fotografo\" width=\"2048\" height=\"1365\" data-srcset=\"https:\/\/www.lauriecornillon.com\/wp-content\/smush-webp\/sites\/5\/2026\/03\/french-riviera-wedding-photographer.jpg.webp 2048w, https:\/\/www.lauriecornillon.com\/wp-content\/smush-webp\/sites\/5\/2026\/03\/french-riviera-wedding-photographer-1280x853.jpg.webp 1280w, https:\/\/www.lauriecornillon.com\/wp-content\/smush-webp\/sites\/5\/2026\/03\/french-riviera-wedding-photographer-980x653.jpg.webp 980w, https:\/\/www.lauriecornillon.com\/wp-content\/smush-webp\/sites\/5\/2026\/03\/french-riviera-wedding-photographer-480x320.jpg.webp 480w\" data-sizes=\"auto\" class=\"wp-image-34690 lazyload\" src=\"data:image\/svg+xml;base64,PHN2ZyB3aWR0aD0iMSIgaGVpZ2h0PSIxIiB4bWxucz0iaHR0cDovL3d3dy53My5vcmcvMjAwMC9zdmciPjwvc3ZnPg==\" style=\"--smush-placeholder-width: 2048px; --smush-placeholder-aspect-ratio: 2048\/1365;\" data-original-sizes=\"(min-width: 0px) and (max-width: 480px) 480px, (min-width: 481px) and (max-width: 980px) 980px, (min-width: 981px) and (max-width: 1280px) 1280px, (min-width: 1281px) 2048px, 100vw\" \/><\/span><\/div>\r\n\r\n<div class=\"et_pb_image_1 et_pb_image et_animated et_pb_module et_block_module\"><span class=\"et_pb_image_wrap\"><img decoding=\"async\" data-src=\"https:\/\/www.lauriecornillon.com\/wp-content\/uploads\/sites\/5\/2026\/03\/french-riviera-wedding.jpg\" alt=\"Fotografo di matrimonio Costa Azzurra\" title=\"matrimonio francese-riviera\" width=\"1365\" height=\"2048\" data-srcset=\"https:\/\/www.lauriecornillon.com\/wp-content\/uploads\/sites\/5\/2026\/03\/french-riviera-wedding.jpg 1365w, https:\/\/www.lauriecornillon.com\/wp-content\/smush-webp\/sites\/5\/2026\/03\/french-riviera-wedding-1280x1920.jpg.webp 1280w, https:\/\/www.lauriecornillon.com\/wp-content\/smush-webp\/sites\/5\/2026\/03\/french-riviera-wedding-980x1470.jpg.webp 980w, https:\/\/www.lauriecornillon.com\/wp-content\/smush-webp\/sites\/5\/2026\/03\/french-riviera-wedding-480x720.jpg.webp 480w\" data-sizes=\"auto\" class=\"wp-image-34691 lazyload\" src=\"data:image\/svg+xml;base64,PHN2ZyB3aWR0aD0iMSIgaGVpZ2h0PSIxIiB4bWxucz0iaHR0cDovL3d3dy53My5vcmcvMjAwMC9zdmciPjwvc3ZnPg==\" style=\"--smush-placeholder-width: 1365px; --smush-placeholder-aspect-ratio: 1365\/2048;\" data-original-sizes=\"(min-width: 0px) and (max-width: 480px) 480px, (min-width: 481px) and (max-width: 980px) 980px, (min-width: 981px) and (max-width: 1280px) 1280px, (min-width: 1281px) 1365px, 100vw\" \/><\/span><\/div>\r\n<\/div>\r\n<\/div>\r\n<\/div>\r\n<\/div><\/div>\r\n\r\n<div class=\"et_pb_section_1 et_pb_section et_section_regular et_block_section\">\r\n<div class=\"et_pb_row_0 et_pb_row et_block_row\">\r\n<div class=\"et_pb_column_2 et_pb_column et_pb_column_4_4 et-last-child et_block_column et_pb_css_mix_blend_mode_passthrough\">\r\n<div class=\"et_pb_text_1 et_pb_text et_pb_bg_layout_light et_pb_module et_block_module\"><div class=\"et_pb_text_inner\"><h2 class=\"police\" style=\"text-align: center;\">Perch\u00e9 sposarsi a Cap Estel \u00e8 unico in Costa Azzurra<\/h2>\n<\/div><\/div>\r\n<\/div>\r\n<\/div>\r\n\r\n<div class=\"et_pb_row_1 et_pb_row et_block_row\">\r\n<div class=\"et_pb_column_3 et_pb_column et_pb_column_1_2 et_block_column et_pb_css_mix_blend_mode_passthrough\">\r\n<div class=\"et_pb_text_2 et_pb_text et_pb_bg_layout_light et_pb_module et_block_module\"><div class=\"et_pb_text_inner\"><h3>Una penisola privata che cambia immediatamente l'atmosfera del matrimonio<\/h3>\n<p>\nCap Estel non \u00e8 solo un bel posto sul mare. \u00c8 quasi un territorio a parte. Non appena si entra, si percepisce che la giornata non sar\u00e0 come in qualsiasi altro luogo. Il rapporto con il mondo esterno cambia immediatamente. C'\u00e8 meno rumore, meno traffico, meno distrazioni e molto pi\u00f9 spazio mentale per ci\u00f2 che conta davvero. Questa impressione di isolamento scelto conferisce al matrimonio un'intensit\u00e0 rara.\n<\/p>\n<p>\nMolti luoghi promettono l'esclusivit\u00e0. Pochi lo fanno in modo cos\u00ec fisico. A Cap Estel, il mare circonda, la roccia protegge e la penisola crea naturalmente questa idea di assoluta solitudine. Non si viene qui per \u201cfare un bel ricevimento\u201d. Si viene per vivere una giornata che sembra quasi lontana dal resto del mondo. E nessuna decorazione pu\u00f2 creare questa sensazione.\n<\/p>\n<h3>Il lusso di un luogo che non ha bisogno di strafare<\/h3>\n<p>\nCi\u00f2 che distingue Cap Estel \u00e8 il suo approccio al lusso. Nulla sembra forzato. Nulla cerca di dimostrare qualcosa. Il posto \u00e8 sontuoso, naturalmente, ma in modo sobrio, quasi ovvio. Non cerca di impressionare per accumulo. Impressiona perch\u00e9 ha il mare, la luce, lo spazio e la tranquilla sicurezza dei grandi luoghi.\n<\/p>\n<p>\nPer un matrimonio, questa sfumatura \u00e8 preziosa. Permette di creare qualcosa di molto raffinato senza essere eccessivo. I matrimoni pi\u00f9 belli qui sono spesso quelli che lasciano che la location parli da sola piuttosto che cercare di enfatizzarla troppo. A Cap Estel piace la raffinatezza, ma una raffinatezza che respira. Ama la bellezza che non diventa mai rigida.\n<\/p>\n<h3>Un rapporto con il mare pi\u00f9 coinvolgente che altrove<\/h3>\n<p>\nIn Costa Azzurra, molti indirizzi offrono una vista sul mare. A Cap Estel, il mare diventa molto pi\u00f9 di un panorama. Entra nell'esperienza da tutti i lati. Accompagna i vostri movimenti, delimita le terrazze, circonda il vostro sguardo, dona al luogo una permanente boccata d'aria fresca. Non si ha la sensazione di trovarsi di fronte ad essa. Si ha la sensazione di esserci dentro, o almeno di vivere ai suoi margini.\n<\/p>\n<p>\nQuesta vicinanza cambia completamente il modo di vivere un matrimonio. La location non \u00e8 solo fotogenica. Influisce sull'atmosfera. Si rilassa, si apre, respira. E nelle immagini questo si traduce in qualcosa di molto speciale: una luce pi\u00f9 piena, orizzonti pi\u00f9 profondi, scene che sembrano sempre legate all'acqua in un modo o nell'altro.<\/p>\n<\/div><\/div>\r\n<\/div>\r\n\r\n<div class=\"et_pb_column_4 et_pb_column et_pb_column_1_2 et-last-child et_block_column et_pb_css_mix_blend_mode_passthrough\">\r\n<div class=\"et_pb_text_3 et_pb_text et_pb_bg_layout_light et_pb_module et_block_module\"><div class=\"et_pb_text_inner\"><h3>Una penisola privata che cambia immediatamente l'atmosfera del matrimonio<\/h3>\n<p>\nCap Estel non \u00e8 solo un bel posto sul mare. \u00c8 quasi un territorio a parte. Non appena si entra, si percepisce che la giornata non sar\u00e0 come in qualsiasi altro luogo. Il rapporto con il mondo esterno cambia immediatamente. C'\u00e8 meno rumore, meno traffico, meno distrazioni e molto pi\u00f9 spazio mentale per ci\u00f2 che conta davvero. Questa impressione di isolamento scelto conferisce al matrimonio un'intensit\u00e0 rara.\n<\/p>\n<p>\nMolti luoghi promettono l'esclusivit\u00e0. Pochi lo fanno in modo cos\u00ec fisico. A Cap Estel, il mare circonda, la roccia protegge e la penisola crea naturalmente questa idea di assoluta solitudine. Non si viene qui per \u201cfare un bel ricevimento\u201d. Si viene per vivere una giornata che sembra quasi lontana dal resto del mondo. E nessuna decorazione pu\u00f2 creare questa sensazione.\n<\/p>\n<h3>Il lusso di un luogo che non ha bisogno di strafare<\/h3>\n<p>\nCi\u00f2 che distingue Cap Estel \u00e8 il suo approccio al lusso. Nulla sembra forzato. Nulla cerca di dimostrare qualcosa. Il posto \u00e8 sontuoso, naturalmente, ma in modo sobrio, quasi ovvio. Non cerca di impressionare per accumulo. Impressiona perch\u00e9 ha il mare, la luce, lo spazio e la tranquilla sicurezza dei grandi luoghi.\n<\/p>\n<p>\nPer un matrimonio, questa sfumatura \u00e8 preziosa. Permette di creare qualcosa di molto raffinato senza essere eccessivo. I matrimoni pi\u00f9 belli qui sono spesso quelli che lasciano che la location parli da sola piuttosto che cercare di enfatizzarla troppo. A Cap Estel piace la raffinatezza, ma una raffinatezza che respira. Ama la bellezza che non diventa mai rigida.\n<\/p>\n<h3>Un rapporto con il mare pi\u00f9 coinvolgente che altrove<\/h3>\n<p>\nIn Costa Azzurra, molti indirizzi offrono una vista sul mare. A Cap Estel, il mare diventa molto pi\u00f9 di un panorama. Entra nell'esperienza da tutti i lati. Accompagna i vostri movimenti, delimita le terrazze, circonda il vostro sguardo, dona al luogo una permanente boccata d'aria fresca. Non si ha la sensazione di trovarsi di fronte ad essa. Si ha la sensazione di esserci dentro, o almeno di vivere ai suoi margini.\n<\/p>\n<p>\nQuesta vicinanza cambia completamente il modo di vivere un matrimonio. La location non \u00e8 solo fotogenica. Influisce sull'atmosfera. Si rilassa, si apre, respira. E nelle immagini questo si traduce in qualcosa di molto speciale: una luce pi\u00f9 piena, orizzonti pi\u00f9 profondi, scene che sembrano sempre legate all'acqua in un modo o nell'altro.<\/p>\n<\/div><\/div>\r\n<\/div>\r\n<\/div>\r\n\r\n<div class=\"et_pb_row_2 et_pb_row et_block_row\">\r\n<div class=\"et_pb_column_5 et_pb_column et_pb_column_1_3 et_block_column et_pb_css_mix_blend_mode_passthrough\">\r\n<div class=\"et_pb_image_2 et_pb_image et_pb_module et_block_module\"><span class=\"et_pb_image_wrap\"><img decoding=\"async\" data-src=\"https:\/\/www.lauriecornillon.com\/wp-content\/uploads\/sites\/5\/2021\/04\/photographe-professionnel-antibes.jpg\" width=\"1704\" height=\"2560\" data-srcset=\"https:\/\/www.lauriecornillon.com\/wp-content\/uploads\/sites\/5\/2021\/04\/photographe-professionnel-antibes.jpg 1704w, https:\/\/www.lauriecornillon.com\/wp-content\/uploads\/sites\/5\/2021\/04\/photographe-professionnel-antibes-1280x1923.jpg 1280w, https:\/\/www.lauriecornillon.com\/wp-content\/uploads\/sites\/5\/2021\/04\/photographe-professionnel-antibes-980x1472.jpg 980w, https:\/\/www.lauriecornillon.com\/wp-content\/uploads\/sites\/5\/2021\/04\/photographe-professionnel-antibes-480x721.jpg 480w\" data-sizes=\"auto\" class=\"wp-image-17565 lazyload\" title=\"Fotografo professionista Antibes\" alt=\"Fotografo professionista Antibes\" src=\"data:image\/svg+xml;base64,PHN2ZyB3aWR0aD0iMSIgaGVpZ2h0PSIxIiB4bWxucz0iaHR0cDovL3d3dy53My5vcmcvMjAwMC9zdmciPjwvc3ZnPg==\" style=\"--smush-placeholder-width: 1704px; --smush-placeholder-aspect-ratio: 1704\/2560;\" data-original-sizes=\"(min-width: 0px) and (max-width: 480px) 480px, (min-width: 481px) and (max-width: 980px) 980px, (min-width: 981px) and (max-width: 1280px) 1280px, (min-width: 1281px) 1704px, 100vw\" \/><\/span><\/div>\r\n<\/div>\r\n\r\n<div class=\"et_pb_column_6 et_pb_column et_pb_column_1_3 et_block_column et_pb_css_mix_blend_mode_passthrough\">\r\n<div class=\"et_pb_image_3 et_pb_image et_pb_module et_block_module\"><span class=\"et_pb_image_wrap\"><img decoding=\"async\" data-src=\"https:\/\/www.lauriecornillon.com\/wp-content\/uploads\/sites\/5\/2021\/03\/galerie-119.jpg\" width=\"1668\" height=\"2500\" data-srcset=\"https:\/\/www.lauriecornillon.com\/wp-content\/uploads\/sites\/5\/2021\/03\/galerie-119.jpg 1668w, https:\/\/www.lauriecornillon.com\/wp-content\/uploads\/sites\/5\/2021\/03\/galerie-119-1280x1918.jpg 1280w, https:\/\/www.lauriecornillon.com\/wp-content\/uploads\/sites\/5\/2021\/03\/galerie-119-980x1469.jpg 980w, https:\/\/www.lauriecornillon.com\/wp-content\/uploads\/sites\/5\/2021\/03\/galerie-119-480x719.jpg 480w\" data-sizes=\"auto\" class=\"wp-image-29166 lazyload\" title=\"galleria-119\" alt=\"Fotografia di matrimonio Antibes\" src=\"data:image\/svg+xml;base64,PHN2ZyB3aWR0aD0iMSIgaGVpZ2h0PSIxIiB4bWxucz0iaHR0cDovL3d3dy53My5vcmcvMjAwMC9zdmciPjwvc3ZnPg==\" style=\"--smush-placeholder-width: 1668px; --smush-placeholder-aspect-ratio: 1668\/2500;\" data-original-sizes=\"(min-width: 0px) and (max-width: 480px) 480px, (min-width: 481px) and (max-width: 980px) 980px, (min-width: 981px) and (max-width: 1280px) 1280px, (min-width: 1281px) 1668px, 100vw\" \/><\/span><\/div>\r\n<\/div>\r\n\r\n<div class=\"et_pb_column_7 et_pb_column et_pb_column_1_3 et-last-child et_block_column et_pb_css_mix_blend_mode_passthrough\">\r\n<div class=\"et_pb_image_4 et_pb_image et_pb_module et_block_module\"><span class=\"et_pb_image_wrap\"><img decoding=\"async\" data-src=\"https:\/\/www.lauriecornillon.com\/wp-content\/uploads\/sites\/5\/2021\/04\/photographe-mariage-de-prestige-antibes.jpg\" width=\"1709\" height=\"2560\" data-srcset=\"https:\/\/www.lauriecornillon.com\/wp-content\/uploads\/sites\/5\/2021\/04\/photographe-mariage-de-prestige-antibes.jpg 1709w, https:\/\/www.lauriecornillon.com\/wp-content\/uploads\/sites\/5\/2021\/04\/photographe-mariage-de-prestige-antibes-1280x1917.jpg 1280w, https:\/\/www.lauriecornillon.com\/wp-content\/uploads\/sites\/5\/2021\/04\/photographe-mariage-de-prestige-antibes-980x1468.jpg 980w, https:\/\/www.lauriecornillon.com\/wp-content\/uploads\/sites\/5\/2021\/04\/photographe-mariage-de-prestige-antibes-480x719.jpg 480w\" data-sizes=\"auto\" class=\"wp-image-17567 lazyload\" title=\"Fotografo di matrimonio di prestigio ad Antibes\" alt=\"Fotografo di matrimonio di prestigio ad Antibes\" src=\"data:image\/svg+xml;base64,PHN2ZyB3aWR0aD0iMSIgaGVpZ2h0PSIxIiB4bWxucz0iaHR0cDovL3d3dy53My5vcmcvMjAwMC9zdmciPjwvc3ZnPg==\" style=\"--smush-placeholder-width: 1709px; --smush-placeholder-aspect-ratio: 1709\/2560;\" data-original-sizes=\"(min-width: 0px) and (max-width: 480px) 480px, (min-width: 481px) and (max-width: 980px) 980px, (min-width: 981px) and (max-width: 1280px) 1280px, (min-width: 1281px) 1709px, 100vw\" \/><\/span><\/div>\r\n<\/div>\r\n<\/div>\r\n\r\n<div class=\"et_pb_row_3 et_pb_row et_flex_row\">\r\n<div class=\"et_pb_column_8 et_pb_column et-last-child et_flex_column et_pb_css_mix_blend_mode_passthrough et_flex_column_24_24 et_flex_column_24_24_tablet et_flex_column_24_24_phone\">\r\n<div class=\"et_pb_module et_pb_button_module_wrapper et_pb_button_0_wrapper\"><a class=\"et_pb_button_0 et_pb_button et_pb_bg_layout_light et_pb_module et_block_module\" href=\"https:\/\/www.lauriecornillon.com\/it\/contatto\/\">CONTATTO<\/a><\/div>\r\n<\/div>\r\n<\/div>\r\n<\/div>\r\n\r\n<div class=\"et_pb_section_2 et_pb_section et_section_regular et_block_section\">\r\n<div class=\"et_pb_row_4 et_pb_row et_block_row\">\r\n<div class=\"et_pb_column_9 et_pb_column et_pb_column_4_4 et-last-child et_block_column et_pb_css_mix_blend_mode_passthrough\">\r\n<div class=\"et_pb_text_4 et_pb_text et_pb_bg_layout_light et_pb_module et_block_module\"><div class=\"et_pb_text_inner\"><h2 class=\"police\" style=\"text-align: center;\">Le pi\u00f9 belle location per le foto di matrimonio a Cap Estel<\/h2>\n<\/div><\/div>\r\n\r\n<div class=\"et_pb_text_5 et_pb_text et_pb_bg_layout_light et_pb_module et_block_module\"><div class=\"et_pb_text_inner\"><h3>Il punto di fronte al mare, dove il paesaggio assume tutta la sua potenza<\/h3>\n<p>Ci sono luoghi a Cap Estel che danno immediatamente la sensazione di essere arrivati alla fine di qualcosa. Il punto \u00e8 uno di questi. L\u00ec lo sguardo non \u00e8 pi\u00f9 trattenuto da nulla. Il mare si apre, l'orizzonte si distende, la roccia afferma la presenza del luogo e la coppia sembra collocata in uno scenario immenso e incredibilmente puro. \u00c8 uno spazio che non cerca di sedurre con l'artificio. Si limita a imporre una forma di bellezza cruda, quasi sovrana.<\/p>\n<p>Per la fotografia di matrimonio, questo luogo \u00e8 straordinario perch\u00e9 regala alle immagini una rara boccata d'aria fresca. Si pu\u00f2 percepire la Riviera al massimo, pi\u00f9 minerale e pi\u00f9 esclusiva. Gli sposi non sono solo fotografati in riva al mare. Sembrano essere al centro di un paesaggio che li sovrasta, ma che paradossalmente li mette ancora pi\u00f9 in risalto.<\/p>\n<h3>Terrazze, per immagini eleganti senza perdere la sensazione di spazio<\/h3>\n<p>Cap Estel ha il tipo di terrazze che amo fotografare perch\u00e9 sono cos\u00ec raffinate, pur lasciando trasparire il paesaggio. Qui le linee sono pulite, le aperture generose, la luce circola senza difficolt\u00e0 e tutto sembra pensato per far respirare il mare intorno alle persone. Questo non \u00e8 un ambiente che racchiude. \u00c8 un ambiente che si apre.<\/p>\n<p>Questi spazi funzionano meravigliosamente bene per ritratti molto eleganti, ma anche per scene pi\u00f9 spontanee e vivaci. Una coppia che si incontra per pochi minuti, una silhouette che attraversa la luce, un semplice momento ai bordi della terrazza, e l'immagine acquista immediatamente quella qualit\u00e0 di alto livello che \u00e8 cos\u00ec caratteristica di Cap Estel: una forma di lusso calmo che \u00e8 altamente visivo, ma mai rigido.<\/p>\n<h3>La periferia rocciosa, quando il matrimonio tocca qualcosa di pi\u00f9 selvaggio<\/h3>\n<p>Uno dei grandi privilegi di Cap Estel \u00e8 che non \u00e8 solo una raffinata localit\u00e0 balneare. Conserva anche un lato pi\u00f9 grezzo, quasi selvaggio, grazie alla roccia, ai contorni della penisola e al modo in cui il paesaggio rimane vivo e un po' selvaggio. Questi bordi rocciosi conferiscono al reportage una magnifica tensione, perch\u00e9 introducono qualcosa di pi\u00f9 organico, pi\u00f9 reale, pi\u00f9 fisicamente potente in un mondo molto lussuoso.<\/p>\n<p>Per le foto di coppia, mi piace molto questa variante. Ci allontana per un attimo dall'eleganza altamente controllata delle terrazze, riportandoci a una Riviera pi\u00f9 minerale, pi\u00f9 libera, quasi pi\u00f9 primitiva. Conferisce alle immagini una ricchezza che non sempre si trova nei luoghi pi\u00f9 curati. Cap Estel trae grande beneficio da questa dualit\u00e0.<\/p>\n<h3>Giardini e passaggi pi\u00f9 protetti, per un'altra boccata d'aria fresca nel rapporto<\/h3>\n<p>Un matrimonio non pu\u00f2 vivere solo di immagini che si aprono all'orizzonte. Ha bisogno anche di luoghi pi\u00f9 sobri, pi\u00f9 vicini e pi\u00f9 avvolgenti. I giardini e alcuni dei passaggi pi\u00f9 riparati di Cap Estel svolgono questo ruolo alla perfezione. Offrono una densit\u00e0 diversa, una luce diversa, un ritmo diverso. Lasciamo per un attimo il blu infinito per riscoprire una sensazione pi\u00f9 morbida, pi\u00f9 intima, pi\u00f9 tattile.<\/p>\n<p>Queste zone sono preziose perch\u00e9 permettono al reportage di riequilibrarsi. Danno aria alla narrazione, evitano le ripetizioni e offrono alla coppia momenti pi\u00f9 confidenziali in mezzo a uno scenario spettacolare. Spesso \u00e8 in questi spazi che le immagini diventano pi\u00f9 tranquille, pi\u00f9 abitate, quasi pi\u00f9 personali.<\/p>\n<h3>Viste a picco sul Mediterraneo, dove tutto sembra ancora pi\u00f9 esclusivo<\/h3>\n<p>A Cap Estel, certe prospettive hanno questa qualit\u00e0 immediata: fanno capire in un secondo l'assoluta unicit\u00e0 del luogo. Il mare appare come un territorio privato, quasi un'estensione naturale della propriet\u00e0. Questo modo di dominare l'acqua senza schiacciarla, di guardarla dall'alto pur rimanendo in costante immersione con essa, conferisce alle foto qualcosa di molto lussuoso, ma nel senso pi\u00f9 nobile del termine.<\/p>\n<p>Non si tratta solo di \u201cbelle vedute\u201d. Sono panorami che raccontano una posizione, una sensazione, un modo di vivere la Riviera. In un reportage di matrimonio, hanno un vero e proprio valore narrativo. Vi dicono subito che siete in un luogo diverso da tutti gli altri. Creano un'impressione di eccezionalit\u00e0, senza bisogno di esagerare.<\/p>\n<h3>La fine della giornata sulla penisola, quando Cap Estel diventa ancora pi\u00f9 magnetico<\/h3>\n<p>Poi c'\u00e8 il momento che attendo sempre in questo tipo di luoghi: la fine della giornata. A Cap Estel c'\u00e8 qualcosa di particolarmente affascinante. La luce si scalda, il mare diventa pi\u00f9 dolce, le terrazze perdono un po' della loro brillantezza frontale e guadagnano in profondit\u00e0, e l'intera penisola sembra rallentare. Non siamo pi\u00f9 completamente nello spettacolare. Stiamo entrando in qualcosa di pi\u00f9 denso, pi\u00f9 sensuale, quasi pi\u00f9 interiore.<\/p>\n<p>Per le coppie \u00e8 un momento magnifico, perch\u00e9 riunisce tutto il meglio che Cap Estel pu\u00f2 offrire: il mare, il silenzio, lo spazio, la dolcezza e l'impressione di essere soli in un luogo assolutamente eccezionale. Le immagini scattate l\u00ec non sono solo belle. Lasciano un'impronta emotiva pi\u00f9 forte, perch\u00e9 portano con s\u00e9 anche la luce del momento in cui il giorno inizia a calare.<\/p>\n<\/div><\/div>\r\n<\/div>\r\n<\/div>\r\n\r\n<div class=\"et_pb_row_5 et_pb_row et_block_row\">\r\n<div class=\"et_pb_column_10 et_pb_column et_pb_column_1_3 et_block_column et_pb_css_mix_blend_mode_passthrough\">\r\n<div class=\"et_pb_image_5 et_pb_image et_pb_module et_block_module\"><span class=\"et_pb_image_wrap\"><img decoding=\"async\" data-src=\"https:\/\/www.lauriecornillon.com\/wp-content\/smush-webp\/sites\/5\/2026\/03\/wedding-photographer-4-scaled.jpg.webp\" title=\"fotografo di matrimonio-4\" width=\"1707\" height=\"2560\" data-srcset=\"https:\/\/www.lauriecornillon.com\/wp-content\/smush-webp\/sites\/5\/2026\/03\/wedding-photographer-4-scaled.jpg.webp 1707w, https:\/\/www.lauriecornillon.com\/wp-content\/smush-webp\/sites\/5\/2026\/03\/wedding-photographer-4-1280x1920.jpg.webp 1280w, https:\/\/www.lauriecornillon.com\/wp-content\/smush-webp\/sites\/5\/2026\/03\/wedding-photographer-4-980x1470.jpg.webp 980w, https:\/\/www.lauriecornillon.com\/wp-content\/smush-webp\/sites\/5\/2026\/03\/wedding-photographer-4-480x720.jpg.webp 480w\" data-sizes=\"auto\" class=\"wp-image-34684 lazyload\" alt=\"Fotografo di gravidanza bello\" src=\"data:image\/svg+xml;base64,PHN2ZyB3aWR0aD0iMSIgaGVpZ2h0PSIxIiB4bWxucz0iaHR0cDovL3d3dy53My5vcmcvMjAwMC9zdmciPjwvc3ZnPg==\" style=\"--smush-placeholder-width: 1707px; --smush-placeholder-aspect-ratio: 1707\/2560;\" data-original-sizes=\"(min-width: 0px) and (max-width: 480px) 480px, (min-width: 481px) and (max-width: 980px) 980px, (min-width: 981px) and (max-width: 1280px) 1280px, (min-width: 1281px) 1707px, 100vw\" \/><\/span><\/div>\r\n<\/div>\r\n\r\n<div class=\"et_pb_column_11 et_pb_column et_pb_column_1_3 et_block_column et_pb_css_mix_blend_mode_passthrough\">\r\n<div class=\"et_pb_image_6 et_pb_image et_pb_module et_block_module\"><span class=\"et_pb_image_wrap\"><img decoding=\"async\" data-src=\"https:\/\/www.lauriecornillon.com\/wp-content\/smush-webp\/sites\/5\/2026\/03\/wedding-photographer-5-scaled.jpg.webp\" alt=\"Fotografo di matrimonio\" title=\"fotografo di matrimonio-5\" width=\"1707\" height=\"2560\" data-srcset=\"https:\/\/www.lauriecornillon.com\/wp-content\/smush-webp\/sites\/5\/2026\/03\/wedding-photographer-5-scaled.jpg.webp 1707w, https:\/\/www.lauriecornillon.com\/wp-content\/smush-webp\/sites\/5\/2026\/03\/wedding-photographer-5-1280x1920.jpg.webp 1280w, https:\/\/www.lauriecornillon.com\/wp-content\/smush-webp\/sites\/5\/2026\/03\/wedding-photographer-5-980x1470.jpg.webp 980w, https:\/\/www.lauriecornillon.com\/wp-content\/smush-webp\/sites\/5\/2026\/03\/wedding-photographer-5-480x720.jpg.webp 480w\" data-sizes=\"auto\" class=\"wp-image-34685 lazyload\" src=\"data:image\/svg+xml;base64,PHN2ZyB3aWR0aD0iMSIgaGVpZ2h0PSIxIiB4bWxucz0iaHR0cDovL3d3dy53My5vcmcvMjAwMC9zdmciPjwvc3ZnPg==\" style=\"--smush-placeholder-width: 1707px; --smush-placeholder-aspect-ratio: 1707\/2560;\" data-original-sizes=\"(min-width: 0px) and (max-width: 480px) 480px, (min-width: 481px) and (max-width: 980px) 980px, (min-width: 981px) and (max-width: 1280px) 1280px, (min-width: 1281px) 1707px, 100vw\" \/><\/span><\/div>\r\n<\/div>\r\n\r\n<div class=\"et_pb_column_12 et_pb_column et_pb_column_1_3 et-last-child et_block_column et_pb_css_mix_blend_mode_passthrough\">\r\n<div class=\"et_pb_image_7 et_pb_image et_pb_module et_block_module\"><span class=\"et_pb_image_wrap\"><img decoding=\"async\" data-src=\"https:\/\/www.lauriecornillon.com\/wp-content\/smush-webp\/sites\/5\/2026\/03\/wedding-photographer-6-scaled.jpg.webp\" alt=\"Fotografo di matrimonio\" title=\"fotografo di matrimonio-6\" width=\"1707\" height=\"2560\" data-srcset=\"https:\/\/www.lauriecornillon.com\/wp-content\/smush-webp\/sites\/5\/2026\/03\/wedding-photographer-6-scaled.jpg.webp 1707w, https:\/\/www.lauriecornillon.com\/wp-content\/smush-webp\/sites\/5\/2026\/03\/wedding-photographer-6-1280x1920.jpg.webp 1280w, https:\/\/www.lauriecornillon.com\/wp-content\/smush-webp\/sites\/5\/2026\/03\/wedding-photographer-6-980x1470.jpg.webp 980w, https:\/\/www.lauriecornillon.com\/wp-content\/smush-webp\/sites\/5\/2026\/03\/wedding-photographer-6-480x720.jpg.webp 480w\" data-sizes=\"auto\" class=\"wp-image-34686 lazyload\" src=\"data:image\/svg+xml;base64,PHN2ZyB3aWR0aD0iMSIgaGVpZ2h0PSIxIiB4bWxucz0iaHR0cDovL3d3dy53My5vcmcvMjAwMC9zdmciPjwvc3ZnPg==\" style=\"--smush-placeholder-width: 1707px; --smush-placeholder-aspect-ratio: 1707\/2560;\" data-original-sizes=\"(min-width: 0px) and (max-width: 480px) 480px, (min-width: 481px) and (max-width: 980px) 980px, (min-width: 981px) and (max-width: 1280px) 1280px, (min-width: 1281px) 1707px, 100vw\" \/><\/span><\/div>\r\n<\/div>\r\n<\/div>\r\n\r\n<div class=\"et_pb_row_6 et_pb_row et_block_row\">\r\n<div class=\"et_pb_column_13 et_pb_column et_pb_column_4_4 et-last-child et_block_column et_pb_css_mix_blend_mode_passthrough\">\r\n<div class=\"et_pb_text_6 et_pb_text et_pb_bg_layout_light et_pb_module et_block_module\"><div class=\"et_pb_text_inner\"><h2 class=\"police\" style=\"text-align: center;\">Come fotografo un matrimonio a Cap Estel<\/h2>\n<\/div><\/div>\r\n\r\n<div class=\"et_pb_text_7 et_pb_text et_pb_bg_layout_light et_pb_module et_block_module\"><div class=\"et_pb_text_inner\"><h3>Mantenere l'atmosfera del luogo senza lasciare che l'arredamento prenda il sopravvento<\/h3>\n<p>A Cap Estel, il primo pericolo sarebbe quasi il pi\u00f9 lusinghiero: essere ipnotizzati dalla bellezza del luogo. Il mare \u00e8 ovunque, i panorami sono splendidi, la penisola d\u00e0 un'impressione di assoluto isolamento e ogni angolo sembra pronto per un'immagine potente. Ma un reportage di nozze non pu\u00f2 basarsi solo su questo. Se si celebra solo l'ambientazione, si finisce per perdere ci\u00f2 che d\u00e0 davvero valore alle foto: la presenza degli sposi, la verit\u00e0 dei loro gesti, la tensione emotiva della giornata.<\/p>\n<p>Il mio modo di lavorare qui inizia con una scelta molto chiara. Voglio che Cap Estel rimanga percepibile in ogni immagine, senza mai sovrastare ci\u00f2 che si sta vivendo. Il luogo deve avvolgere, estendere e amplificare, ma non dominare. Ci\u00f2 che mi interessa \u00e8 il sottile equilibrio tra la potenza del paesaggio e la fragilit\u00e0 di un momento umano.<\/p>\n<h3>Fotografare il lusso come sensazione, non come dimostrazione<\/h3>\n<p>Cap Estel non \u00e8 un luogo che ha bisogno di essere \u201cesagerato\u201d per apparire eccezionale. Il suo lusso si percepisce prima di essere visto. \u00c8 nell'aria, nello spazio, nella calma, nel modo in cui il mare e l'architettura coesistono senza sforzo. \u00c8 proprio cos\u00ec che mi piace fotografarla. Non cerco immagini che dicano troppo forte che un matrimonio \u00e8 stato prestigioso. Cerco immagini che lo accennino, che lo facciano quasi sentire.<\/p>\n<p>Ci\u00f2 si ottiene grazie a una certa moderazione dello sguardo. Da inquadrature che respirano. Da momenti che non cercano di impressionare a tutti i costi. Un'immagine pu\u00f2 essere di alto livello senza diventare dimostrativa. A Cap Estel, questa sfumatura \u00e8 essenziale, perch\u00e9 riflette l'anima stessa del luogo.<\/p>\n<h3>Lasciare spazio al movimento in un ambiente molto esclusivo<\/h3>\n<p>In ambienti molto raffinati, a volte c'\u00e8 la tendenza a bloccare le persone, a voler tenere tutto sotto controllo, a lisciare tutto, a rendere tutto impeccabile. Io preferisco il contrario. Voglio che la coppia possa camminare, girarsi, respirare, avvicinarsi e allontanarsi per un momento, senza avere l'impressione di entrare in una serie di pose troppo consapevoli. Le immagini pi\u00f9 forti spesso nascono da questo tipo di libert\u00e0.<\/p>\n<p>Cap Estel si presta meravigliosamente a questo scopo. La penisola, le terrazze, il lungomare e i passaggi pi\u00f9 riparati ci permettono di seguire un movimento naturale senza perdere nulla dell'eleganza. Un abito trasportato dal vento, un passo rallentato sulla riva del mare, uno scoppio di risa in mezzo a un ambiente molto sofisticato: tutto ci\u00f2 conferisce al reportage una vivacit\u00e0 che la perfezione visiva da sola non basterebbe mai a creare.<\/p>\n<h3>Per dare vita anche ai momenti pi\u00f9 discreti<\/h3>\n<p>Ci\u00f2 che amo di pi\u00f9 di un matrimonio non sono solo le grandi scene. Sono anche i momenti quasi minuti, quelli che passano cos\u00ec in fretta eppure rimangono nella memoria. Uno sguardo laterale. Una mano che si posa con naturalezza. Un respiro pi\u00f9 profondo prima della cerimonia. Un silenzio nel bel mezzo di un cocktail. A Cap Estel, questi dettagli assumono una risonanza molto speciale perch\u00e9 avvengono in un luogo di immensa bellezza.<\/p>\n<p>Sono molto attento a dare loro un posto reale nel reportage. Sono loro che impediscono alle immagini di essere solo una vetrina. Aggiungono densit\u00e0, profondit\u00e0 e umanit\u00e0. In un luogo cos\u00ec spettacolare, questa dimensione intima diventa ancora pi\u00f9 preziosa.<\/p>\n<h3>Costruire una storia con diverse intensit\u00e0<\/h3>\n<p>Un reportage di successo su Cap Estel non pu\u00f2 basarsi su un'unica nota. Deve alternare ampiezza e vicinanza, aria e materia, mare e corpi, immagini di grandi dimensioni che creano la scena e immagini pi\u00f9 strette che raccontano la storia di ci\u00f2 che \u00e8 realmente accaduto. \u00c8 questa variazione che crea una galleria vivace, coerente e mai monotona.<\/p>\n<p>Penso sempre a un matrimonio come a una successione di respiri visivi. Alcune foto hanno bisogno di molto spazio. Altre hanno bisogno di essere quasi silenziose per lasciare che un gesto o un'emozione parlino da soli. A Cap Estel, questa costruzione \u00e8 particolarmente importante, perch\u00e9 la bellezza della location potrebbe facilmente sopraffare l'occhio se non stiamo attenti. Il mio compito \u00e8 quello di preservare la sorpresa fino alla fine.<\/p>\n<h3>Rimanere discreti affinch\u00e9 la giornata mantenga la sua verit\u00e0<\/h3>\n<p>In un matrimonio di questo livello, la discrezione conta molto. Gli sposi devono poter vivere appieno la loro giornata, senza avere la sensazione che la presenza fotografica sia troppo pesante, troppo controllante, troppo visibile. Lavoro sempre con l'idea che l'eleganza del servizio dipenda anche dal modo in cui viene realizzato. Pi\u00f9 fluida \u00e8 la mia presenza, pi\u00f9 sincere saranno le immagini.<\/p>\n<p>A Cap Estel, questa discrezione \u00e8 ancora pi\u00f9 preziosa, perch\u00e9 il luogo invita naturalmente a una forma di calma. Tutto sembra respirare pi\u00f9 lentamente. Voglio che la fotografia rispetti questo ritmo, che si inserisca in esso senza interromperlo, che accompagni la giornata piuttosto che renderla pi\u00f9 difficile. Spesso \u00e8 cos\u00ec che nascono le immagini pi\u00f9 accurate, quelle che rimangono belle a lungo perch\u00e9 non hanno mai forzato nulla.<\/p>\n<\/div><\/div>\r\n\r\n<div class=\"et_pb_row_7 et_pb_row et_pb_row_nested et_flex_row\">\r\n<div class=\"et_pb_column_14 et_pb_column et_flex_column et_pb_css_mix_blend_mode_passthrough et_flex_column_16_24 et_flex_column_16_24_tablet et_flex_column_24_24_phone\">\r\n<div class=\"et_pb_image_8 et_pb_image et_pb_module et_block_module\"><span class=\"et_pb_image_wrap\"><img decoding=\"async\" data-src=\"https:\/\/www.lauriecornillon.com\/wp-content\/smush-webp\/sites\/5\/2026\/03\/elopement-wedding-photographer-13.jpg.webp\" title=\"fotografo per matrimoni-13\" width=\"2048\" height=\"1367\" data-srcset=\"https:\/\/www.lauriecornillon.com\/wp-content\/smush-webp\/sites\/5\/2026\/03\/elopement-wedding-photographer-13.jpg.webp 2048w, https:\/\/www.lauriecornillon.com\/wp-content\/smush-webp\/sites\/5\/2026\/03\/elopement-wedding-photographer-13-1280x854.jpg.webp 1280w, https:\/\/www.lauriecornillon.com\/wp-content\/smush-webp\/sites\/5\/2026\/03\/elopement-wedding-photographer-13-980x654.jpg.webp 980w, https:\/\/www.lauriecornillon.com\/wp-content\/smush-webp\/sites\/5\/2026\/03\/elopement-wedding-photographer-13-480x320.jpg.webp 480w\" data-sizes=\"auto\" class=\"wp-image-34694 lazyload\" alt=\"Fotografia di matrimonio Costa Azzurra\" src=\"data:image\/svg+xml;base64,PHN2ZyB3aWR0aD0iMSIgaGVpZ2h0PSIxIiB4bWxucz0iaHR0cDovL3d3dy53My5vcmcvMjAwMC9zdmciPjwvc3ZnPg==\" style=\"--smush-placeholder-width: 2048px; --smush-placeholder-aspect-ratio: 2048\/1367;\" data-original-sizes=\"(min-width: 0px) and (max-width: 480px) 480px, (min-width: 481px) and (max-width: 980px) 980px, (min-width: 981px) and (max-width: 1280px) 1280px, (min-width: 1281px) 2048px, 100vw\" \/><\/span><\/div>\r\n<\/div>\r\n\r\n<div class=\"et_pb_column_15 et_pb_column et-last-child et_flex_column et_pb_css_mix_blend_mode_passthrough et_flex_column_8_24 et_flex_column_8_24_tablet et_flex_column_24_24_phone\">\r\n<div class=\"et_pb_image_9 et_pb_image et_pb_module et_block_module\"><span class=\"et_pb_image_wrap\"><img decoding=\"async\" data-src=\"https:\/\/www.lauriecornillon.com\/wp-content\/smush-webp\/sites\/5\/2026\/03\/wedding-1.jpg.webp\" alt=\"Fotografo di matrimonio\" title=\"matrimonio-1\" width=\"1366\" height=\"2048\" data-srcset=\"https:\/\/www.lauriecornillon.com\/wp-content\/smush-webp\/sites\/5\/2026\/03\/wedding-1.jpg.webp 1366w, https:\/\/www.lauriecornillon.com\/wp-content\/smush-webp\/sites\/5\/2026\/03\/wedding-1-1280x1919.jpg.webp 1280w, https:\/\/www.lauriecornillon.com\/wp-content\/smush-webp\/sites\/5\/2026\/03\/wedding-1-980x1469.jpg.webp 980w, https:\/\/www.lauriecornillon.com\/wp-content\/smush-webp\/sites\/5\/2026\/03\/wedding-1-480x720.jpg.webp 480w\" data-sizes=\"auto\" class=\"wp-image-34696 lazyload\" src=\"data:image\/svg+xml;base64,PHN2ZyB3aWR0aD0iMSIgaGVpZ2h0PSIxIiB4bWxucz0iaHR0cDovL3d3dy53My5vcmcvMjAwMC9zdmciPjwvc3ZnPg==\" style=\"--smush-placeholder-width: 1366px; --smush-placeholder-aspect-ratio: 1366\/2048;\" data-original-sizes=\"(min-width: 0px) and (max-width: 480px) 480px, (min-width: 481px) and (max-width: 980px) 980px, (min-width: 981px) and (max-width: 1280px) 1280px, (min-width: 1281px) 1366px, 100vw\" \/><\/span><\/div>\r\n<\/div>\r\n<\/div>\r\n<\/div>\r\n<\/div>\r\n<\/div>\r\n\r\n<div class=\"et_pb_section_3 et_pb_section et_section_regular et_block_section\">\r\n<div class=\"et_pb_row_8 et_pb_row et_block_row\">\r\n<div class=\"et_pb_column_16 et_pb_column et_pb_column_4_4 et-last-child et_block_column et_pb_css_mix_blend_mode_passthrough\">\r\n<div class=\"et_pb_text_8 et_pb_text et_pb_bg_layout_light et_pb_module et_block_module\"><div class=\"et_pb_text_inner\"><h2 style=\"text-align: center;\"><span style=\"color: #f7f7f7;\">Un fotografo di matrimonio pluripremiato per il vostro matrimonio a Cap Estel<\/span><\/h2>\n<\/div><\/div>\r\n<\/div>\r\n<\/div>\r\n\r\n<div class=\"et_pb_row_9 et_pb_row et_block_row\">\r\n<div class=\"et_pb_column_17 et_pb_column et_pb_column_4_4 et-last-child et_block_column et_pb_css_mix_blend_mode_passthrough\">\r\n<div class=\"et_pb_text_9 et_pb_text et_pb_bg_layout_light et_pb_module et_block_module\"><div class=\"et_pb_text_inner\"><p style=\"text-align: center;\">Laurie \u00e8 una fotografa francese premiata da diverse riviste europee per la singolarit\u00e0 del suo universo visivo e la sensibilit\u00e0 del suo occhio. Il suo approccio non \u00e8 quello di realizzare immagini spettacolari fini a se stesse, ma di catturare ci\u00f2 che d\u00e0 veramente peso a una giornata: una tensione nell'aria, una luce che trasforma un volto, un silenzio tra due gesti, un'emozione che emerge senza mai essere esagerata.<\/p>\n<p style=\"text-align: center;\">A Cap Estel si ispira a tutto ci\u00f2 che di raro c'\u00e8 in questo luogo: il mare onnipresente, la roccia, lo spazio, l'eleganza discreta della penisola e quella sensazione di essere a parte, quasi fuori dal mondo. La sua fotografia cerca di far convivere la spettacolare bellezza dell'ambiente con qualcosa di pi\u00f9 profondo e umano, per creare immagini raffinate, vibranti e durature, capaci di raccontare la storia di un matrimonio vissuto con intensit\u00e0 in una delle location pi\u00f9 esclusive della Costa Azzurra.<\/p>\n<\/div><\/div>\r\n<\/div>\r\n<\/div>\r\n\r\n<div class=\"et_pb_row_10 et_pb_row et_block_row\">\r\n<div class=\"et_pb_column_18 et_pb_column et_pb_column_1_3 et_block_column et_pb_css_mix_blend_mode_passthrough\">\r\n<div class=\"et_pb_text_10 et_pb_text et_pb_bg_layout_light et_pb_module et_block_module\"><div class=\"et_pb_text_inner\"><p style=\"text-align: center;\"><span color=\"#ffffff\" style=\"color: #ffffff;\">Premi di nozze<\/span><\/p>\n<p style=\"text-align: center;\"><em><span style=\"color: #b9a06f;\">Premi Wedding.net\u00a0<\/span><\/em><\/p>\n<p style=\"text-align: center;\"><span style=\"text-decoration: underline;\"><span style=\"color: #ffffff;\"><a href=\"\/it\/galleria\/\" style=\"color: #ffffff; text-decoration: underline;\">Guarda le foto<\/a><\/span><\/span><\/p>\n<\/div><\/div>\r\n<\/div>\r\n\r\n<div class=\"et_pb_column_19 et_pb_column et_pb_column_1_3 et_block_column et_pb_css_mix_blend_mode_passthrough\">\r\n<div class=\"et_pb_text_11 et_pb_text et_pb_bg_layout_light et_pb_module et_block_module\"><div class=\"et_pb_text_inner\"><p style=\"text-align: center;\"><span style=\"color: #ffffff;\">Premi europei <\/span><\/p>\n<p style=\"text-align: center;\"><em><span style=\"color: #b9a06f;\">Premio Pixedo nella categoria paesaggio<\/span><\/em><\/p>\n<p style=\"text-align: center;\"><span style=\"text-decoration: underline; color: #ffffff;\"><a href=\"\/it\/portfolios\/\" style=\"color: #ffffff;\"><span>Guarda le foto<\/span><\/a><\/span><\/p>\n<\/div><\/div>\r\n<\/div>\r\n\r\n<div class=\"et_pb_column_20 et_pb_column et_pb_column_1_3 et-last-child et_block_column et_pb_css_mix_blend_mode_passthrough\">\r\n<div class=\"et_pb_text_12 et_pb_text et_pb_bg_layout_light et_pb_module et_block_module\"><div class=\"et_pb_text_inner\"><p style=\"text-align: center;\"><span style=\"color: #ffffff;\">Fotografia dell'anno<\/span><\/p>\n<p style=\"text-align: center;\"><em><span style=\"color: #b9a06f;\">Premio Costa Azzurra Francia 2017<\/span><\/em><\/p>\n<p style=\"text-align: center;\"><span style=\"text-decoration: underline; color: #ffffff;\"><a href=\"\/it\/portfolios\/\" style=\"color: #ffffff;\"><span>Guarda le foto<\/span><\/a><\/span><\/p>\n<\/div><\/div>\r\n<\/div>\r\n<\/div>\r\n<\/div>\r\n\r\n<div class=\"et_pb_section_4 et_pb_section et_section_regular et_block_section\">\r\n<div class=\"et_pb_row_11 et_pb_row et_block_row\">\r\n<div class=\"et_pb_column_21 et_pb_column et_pb_column_4_4 et-last-child et_block_column et_pb_css_mix_blend_mode_passthrough\">\r\n<div class=\"et_pb_image_10 et_pb_image et_pb_module et_block_module\"><span class=\"et_pb_image_wrap\"><img decoding=\"async\" data-src=\"https:\/\/www.lauriecornillon.com\/wp-content\/uploads\/sites\/5\/2022\/07\/mariage-villefranche-sur-mer-103.jpg\" alt=\"Fotografo di matrimonio\" width=\"2500\" height=\"1668\" data-srcset=\"https:\/\/www.lauriecornillon.com\/wp-content\/uploads\/sites\/5\/2022\/07\/mariage-villefranche-sur-mer-103.jpg 2500w, https:\/\/www.lauriecornillon.com\/wp-content\/uploads\/sites\/5\/2022\/07\/mariage-villefranche-sur-mer-103-1280x854.jpg 1280w, https:\/\/www.lauriecornillon.com\/wp-content\/uploads\/sites\/5\/2022\/07\/mariage-villefranche-sur-mer-103-980x654.jpg 980w, https:\/\/www.lauriecornillon.com\/wp-content\/uploads\/sites\/5\/2022\/07\/mariage-villefranche-sur-mer-103-480x320.jpg 480w\" data-sizes=\"auto\" class=\"wp-image-28967 lazyload\" title=\"fotografo di matrimonio-inglese-riviera-2\" src=\"data:image\/svg+xml;base64,PHN2ZyB3aWR0aD0iMSIgaGVpZ2h0PSIxIiB4bWxucz0iaHR0cDovL3d3dy53My5vcmcvMjAwMC9zdmciPjwvc3ZnPg==\" style=\"--smush-placeholder-width: 2500px; --smush-placeholder-aspect-ratio: 2500\/1668;\" data-original-sizes=\"(min-width: 0px) and (max-width: 480px) 480px, (min-width: 481px) and (max-width: 980px) 980px, (min-width: 981px) and (max-width: 1280px) 1280px, (min-width: 1281px) 2500px, 100vw\" \/><\/span><\/div>\r\n<\/div>\r\n<\/div>\r\n\r\n<div class=\"et_pb_row_12 et_pb_row et_block_row\">\r\n<div class=\"et_pb_column_22 et_pb_column et_pb_column_4_4 et-last-child et_block_column et_pb_css_mix_blend_mode_passthrough\">\r\n<div class=\"et_pb_text_13 et_pb_text et_pb_bg_layout_light et_pb_module et_block_module\"><div class=\"et_pb_text_inner\"><h2 class=\"police\" style=\"text-align: center;\">Come funziona un reportage di matrimonio a Cap Estel<\/h2>\n<\/div><\/div>\r\n\r\n<div class=\"et_pb_text_14 et_pb_text et_pb_bg_layout_light et_pb_module et_block_module\"><div class=\"et_pb_text_inner\"><h3>Al mattino, nella luce calma che gi\u00e0 d\u00e0 il tono<\/h3>\n<p>A Cap Estel, l'inizio della giornata ha una qualit\u00e0 molto particolare. Il mare \u00e8 gi\u00e0 l\u00ec, immenso, ma non schiaccia nulla. Lo accompagna. Il luogo sembra ancora trattenuto, quasi silenzioso, come se aspettasse l'inizio di qualcosa. Mi piace molto questa atmosfera iniziale, perch\u00e9 d\u00e0 subito alla relazione una sensazione di calma, di respiro, di vero lusso. Non un lusso dimostrativo, ma un lusso che sta nello spazio, nella luce, nel modo in cui tutto sembra giusto ancora prima che arrivino gli ospiti.<\/p>\n<p>I preparativi trovano qui un materiale magnifico. Un abito appeso in una stanza illuminata, un volto concentrato davanti a uno specchio, una mano che aggiusta un dettaglio, uno sguardo verso il mare tra due gesti, e l'intera giornata esiste gi\u00e0 sullo sfondo. Sono immagini che definiscono il tono emotivo del matrimonio prima ancora che si apra.<\/p>\n<h3>L'arrivo dei parenti, quando il luogo inizia ad assumere una carica emotiva.<\/h3>\n<p>Poi le cose cominciano lentamente ad accadere. Arrivano i parenti, compaiono le voci, i primi sorrisi attraversano le terrazze e Cap Estel cambia sottilmente energia. \u00c8 un momento che mi piace molto fotografare perch\u00e9 racconta la storia della graduale preparazione della giornata. Il matrimonio non esplode subito. Si sviluppa. Cresce. Prende vita.<\/p>\n<p>In una location come questa, questa fase \u00e8 preziosa. Gli ospiti non si limitano a scoprire una bella cornice. Percepiscono subito l'unicit\u00e0 del luogo. La sensazione di trovarsi insieme su una penisola quasi privata, di fronte al mare, in un indirizzo di rara eleganza, d\u00e0 immediatamente maggiore densit\u00e0 agli sguardi e alle reazioni. La relazione comincia allora a radicarsi in qualcosa di molto reale, molto umano.<\/p>\n<h3>La cerimonia, quando tutto si unisce nonostante la vastit\u00e0 del paesaggio<\/h3>\n<p>C'\u00e8 qualcosa di molto potente in una cerimonia a Cap Estel. Il paesaggio si apre enormemente, ma l'emozione, d'altra parte, si chiude. \u00c8 un contrasto che amo. Si potrebbe pensare che un luogo cos\u00ec spettacolare disperda l'attenzione. In realt\u00e0, spesso \u00e8 vero il contrario. L'immensit\u00e0 del mare e dell'orizzonte rende il momento ancora pi\u00f9 preciso, ancora pi\u00f9 denso. \u00c8 come se tutto il grande scenario fosse improvvisamente al servizio di poche parole, pochi gesti, pochi silenzi.<\/p>\n<p>\u00c8 qui che il reportage assume la sua vera profondit\u00e0. Fotografo la scala del luogo, certo, ma soprattutto cerco ci\u00f2 che trema dentro. Un respiro trattenuto, un'emozione in un volto, una mano stretta pi\u00f9 di prima, un sorriso che quasi scoppia in lacrime. A Cap Estel, questo tipo di dettaglio risalta magnificamente, proprio perch\u00e9 esiste di fronte a qualcosa di molto pi\u00f9 grande di lui.<\/p>\n<h3>Il momento a due, quando la giornata finalmente rallenta un po'<\/h3>\n<p>Dopo la cerimonia, il tempo per le foto di coppia diventa spesso una forma di ritorno a casa. Il tumulto si placa leggermente, l'intensit\u00e0 si sposta e gli sposi trovano finalmente uno spazio in cui respirare insieme. A Cap Estel, questo momento \u00e8 particolarmente bello perch\u00e9 la location offre diversi modi di esistere. Ci si pu\u00f2 avvicinare all'acqua, trovare una terrazza, camminare lungo la roccia, fermarsi in un punto pi\u00f9 riparato e poi guardare di nuovo il mare.<\/p>\n<p>Voglio mantenere viva questa sequenza. Non voglio una sfilata di pose in una location lussuosa. Voglio che si senta la coppia che abita lo spazio, che trova il proprio ritmo, che si concentra l'uno sull'altro. \u00c8 spesso in questo spazio di respiro che nascono le immagini pi\u00f9 forti, quelle in cui la bellezza del luogo e la verit\u00e0 del legame si fondono davvero.<\/p>\n<h3>L'aperitivo, quando tutto diventa pi\u00f9 flessibile, pi\u00f9 solare, pi\u00f9 vivo<\/h3>\n<p>C'\u00e8 qualcosa di molto speciale in un cocktail a Cap Estel. La giornata cessa di essere focalizzata su un punto specifico e inizia a scorrere in modo diverso. Gli ospiti si rilassano, i gruppi si ricompongono, le risate diventano pi\u00f9 aperte, le sagome si muovono liberamente tra mare, terrazza e luce. Il luogo rivela un'altra sfaccettatura di s\u00e9, meno solenne, pi\u00f9 vivace, ma sempre con grande eleganza.<\/p>\n<p>Per quanto riguarda il reportage, \u00e8 un'esperienza immensamente ricca. Ci sono scene ovunque, spesso molto semplici ma molto belle. Una conversazione davanti all'acqua, una tazza sollevata nella luce, uno sguardo scambiato sul bordo di una terrazza, un bambino che attraversa uno spazio perfetto senza preoccuparsi della sua bellezza. Queste immagini sono essenziali perch\u00e9 raccontano la vera storia di un matrimonio, non solo i suoi momenti salienti.<\/p>\n<h3>La cena e la sera, quando Cap Estel diventa ancora pi\u00f9 denso<\/h3>\n<p>Poi la luce del giorno svanisce e l'atmosfera del luogo cambia profondamente. Il mare rimane presente, ma in modo diverso. I contorni diventano pi\u00f9 tranquilli, le luci prendono il sopravvento e l'atmosfera acquista profondit\u00e0. Cap Estel diventa meno etereo, pi\u00f9 avvolgente, quasi pi\u00f9 magnetico. La serata diventa pi\u00f9 densa e intima, anche se la festa inizia a crescere.<\/p>\n<p>La cena, i discorsi, gli sguardi che si incrociano a tavola, il primo ballo, le risate in tarda serata, completano la storia iniziata al mattino. Quest'ultima parte mi piace molto a Cap Estel, perch\u00e9 spesso rivela il vero calore della giornata. Il luogo rimane eccezionale, certo, ma poi sono i volti, le emozioni e l'energia delle persone vicine a prendere il sopravvento. Ed \u00e8 proprio questo passaggio che d\u00e0 al reportage la sua profondit\u00e0 finale.<\/p>\n<\/div><\/div>\r\n<\/div>\r\n<\/div>\r\n\r\n<div class=\"et_pb_row_13 et_pb_row et_block_row\">\r\n<div class=\"et_pb_column_23 et_pb_column et_pb_column_1_3 et_block_column et_pb_css_mix_blend_mode_passthrough\">\r\n<div class=\"et_pb_image_11 et_pb_image et_pb_module et_block_module\"><span class=\"et_pb_image_wrap\"><img decoding=\"async\" data-src=\"https:\/\/www.lauriecornillon.com\/wp-content\/smush-webp\/sites\/5\/2026\/03\/wedding-photographer-13.jpg.webp\" alt=\"Fotografo di matrimonio Cote d&#039;Azur\" title=\"fotografo di matrimonio-13\" width=\"1367\" height=\"2048\" data-srcset=\"https:\/\/www.lauriecornillon.com\/wp-content\/smush-webp\/sites\/5\/2026\/03\/wedding-photographer-13.jpg.webp 1367w, https:\/\/www.lauriecornillon.com\/wp-content\/smush-webp\/sites\/5\/2026\/03\/wedding-photographer-13-1280x1918.jpg.webp 1280w, https:\/\/www.lauriecornillon.com\/wp-content\/smush-webp\/sites\/5\/2026\/03\/wedding-photographer-13-980x1468.jpg.webp 980w, https:\/\/www.lauriecornillon.com\/wp-content\/smush-webp\/sites\/5\/2026\/03\/wedding-photographer-13-480x719.jpg.webp 480w\" data-sizes=\"auto\" class=\"wp-image-34702 lazyload\" src=\"data:image\/svg+xml;base64,PHN2ZyB3aWR0aD0iMSIgaGVpZ2h0PSIxIiB4bWxucz0iaHR0cDovL3d3dy53My5vcmcvMjAwMC9zdmciPjwvc3ZnPg==\" style=\"--smush-placeholder-width: 1367px; --smush-placeholder-aspect-ratio: 1367\/2048;\" data-original-sizes=\"(min-width: 0px) and (max-width: 480px) 480px, (min-width: 481px) and (max-width: 980px) 980px, (min-width: 981px) and (max-width: 1280px) 1280px, (min-width: 1281px) 1367px, 100vw\" \/><\/span><\/div>\r\n<\/div>\r\n\r\n<div class=\"et_pb_column_24 et_pb_column et_pb_column_1_3 et_block_column et_pb_css_mix_blend_mode_passthrough\">\r\n<div class=\"et_pb_image_12 et_pb_image et_pb_module et_block_module\"><span class=\"et_pb_image_wrap\"><img decoding=\"async\" data-src=\"https:\/\/www.lauriecornillon.com\/wp-content\/smush-webp\/sites\/5\/2026\/03\/wedding-photographer-12.jpg.webp\" alt=\"Fotografia di matrimonio Costa Azzurra\" title=\"fotografo di matrimonio-12\" width=\"1367\" height=\"2048\" data-srcset=\"https:\/\/www.lauriecornillon.com\/wp-content\/smush-webp\/sites\/5\/2026\/03\/wedding-photographer-12.jpg.webp 1367w, https:\/\/www.lauriecornillon.com\/wp-content\/smush-webp\/sites\/5\/2026\/03\/wedding-photographer-12-1280x1918.jpg.webp 1280w, https:\/\/www.lauriecornillon.com\/wp-content\/smush-webp\/sites\/5\/2026\/03\/wedding-photographer-12-980x1468.jpg.webp 980w, https:\/\/www.lauriecornillon.com\/wp-content\/smush-webp\/sites\/5\/2026\/03\/wedding-photographer-12-480x719.jpg.webp 480w\" data-sizes=\"auto\" class=\"wp-image-34698 lazyload\" src=\"data:image\/svg+xml;base64,PHN2ZyB3aWR0aD0iMSIgaGVpZ2h0PSIxIiB4bWxucz0iaHR0cDovL3d3dy53My5vcmcvMjAwMC9zdmciPjwvc3ZnPg==\" style=\"--smush-placeholder-width: 1367px; --smush-placeholder-aspect-ratio: 1367\/2048;\" data-original-sizes=\"(min-width: 0px) and (max-width: 480px) 480px, (min-width: 481px) and (max-width: 980px) 980px, (min-width: 981px) and (max-width: 1280px) 1280px, (min-width: 1281px) 1367px, 100vw\" \/><\/span><\/div>\r\n<\/div>\r\n\r\n<div class=\"et_pb_column_25 et_pb_column et_pb_column_1_3 et-last-child et_block_column et_pb_css_mix_blend_mode_passthrough\">\r\n<div class=\"et_pb_image_13 et_pb_image et_pb_module et_block_module\"><span class=\"et_pb_image_wrap\"><img decoding=\"async\" data-src=\"https:\/\/www.lauriecornillon.com\/wp-content\/smush-webp\/sites\/5\/2026\/03\/wedding-photographer-14.jpg.webp\" alt=\"Fotografo di matrimonio\" title=\"matrimonio-fotografo-14\" width=\"1367\" height=\"2048\" data-srcset=\"https:\/\/www.lauriecornillon.com\/wp-content\/smush-webp\/sites\/5\/2026\/03\/wedding-photographer-14.jpg.webp 1367w, https:\/\/www.lauriecornillon.com\/wp-content\/smush-webp\/sites\/5\/2026\/03\/wedding-photographer-14-1280x1918.jpg.webp 1280w, https:\/\/www.lauriecornillon.com\/wp-content\/smush-webp\/sites\/5\/2026\/03\/wedding-photographer-14-980x1468.jpg.webp 980w, https:\/\/www.lauriecornillon.com\/wp-content\/smush-webp\/sites\/5\/2026\/03\/wedding-photographer-14-480x719.jpg.webp 480w\" data-sizes=\"auto\" class=\"wp-image-34700 lazyload\" src=\"data:image\/svg+xml;base64,PHN2ZyB3aWR0aD0iMSIgaGVpZ2h0PSIxIiB4bWxucz0iaHR0cDovL3d3dy53My5vcmcvMjAwMC9zdmciPjwvc3ZnPg==\" style=\"--smush-placeholder-width: 1367px; --smush-placeholder-aspect-ratio: 1367\/2048;\" data-original-sizes=\"(min-width: 0px) and (max-width: 480px) 480px, (min-width: 481px) and (max-width: 980px) 980px, (min-width: 981px) and (max-width: 1280px) 1280px, (min-width: 1281px) 1367px, 100vw\" \/><\/span><\/div>\r\n<\/div>\r\n<\/div>\r\n\r\n<div class=\"et_pb_row_14 et_pb_row et_block_row\">\r\n<div class=\"et_pb_column_26 et_pb_column et_pb_column_4_4 et-last-child et_block_column et_pb_css_mix_blend_mode_passthrough\">\r\n<div class=\"et_pb_image_14 et_pb_image et_pb_module et_block_module\"><span class=\"et_pb_image_wrap\"><img decoding=\"async\" data-src=\"https:\/\/www.lauriecornillon.com\/wp-content\/smush-webp\/sites\/5\/2026\/03\/wedding-photographer-french-riviera-2.jpg.webp\" alt=\"Fotografo di matrimonio Cote d&#039;Azur\" title=\"fotografo di matrimonio-inglese-riviera-2\" width=\"2048\" height=\"1367\" data-srcset=\"https:\/\/www.lauriecornillon.com\/wp-content\/smush-webp\/sites\/5\/2026\/03\/wedding-photographer-french-riviera-2.jpg.webp 2048w, https:\/\/www.lauriecornillon.com\/wp-content\/smush-webp\/sites\/5\/2026\/03\/wedding-photographer-french-riviera-2-1280x854.jpg.webp 1280w, https:\/\/www.lauriecornillon.com\/wp-content\/smush-webp\/sites\/5\/2026\/03\/wedding-photographer-french-riviera-2-980x654.jpg.webp 980w, https:\/\/www.lauriecornillon.com\/wp-content\/smush-webp\/sites\/5\/2026\/03\/wedding-photographer-french-riviera-2-480x320.jpg.webp 480w\" data-sizes=\"auto\" class=\"wp-image-34692 lazyload\" src=\"data:image\/svg+xml;base64,PHN2ZyB3aWR0aD0iMSIgaGVpZ2h0PSIxIiB4bWxucz0iaHR0cDovL3d3dy53My5vcmcvMjAwMC9zdmciPjwvc3ZnPg==\" style=\"--smush-placeholder-width: 2048px; --smush-placeholder-aspect-ratio: 2048\/1367;\" data-original-sizes=\"(min-width: 0px) and (max-width: 480px) 480px, (min-width: 481px) and (max-width: 980px) 980px, (min-width: 981px) and (max-width: 1280px) 1280px, (min-width: 1281px) 2048px, 100vw\" \/><\/span><\/div>\r\n<\/div>\r\n<\/div>\r\n\r\n<div class=\"et_pb_row_15 et_pb_row et_block_row\">\r\n<div class=\"et_pb_column_27 et_pb_column et_pb_column_4_4 et-last-child et_block_column et_pb_css_mix_blend_mode_passthrough\">\r\n<div class=\"et_pb_text_15 et_pb_text et_pb_bg_layout_light et_pb_module et_block_module\"><div class=\"et_pb_text_inner\"><h2 class=\"police\" style=\"text-align: center;\">Consigli per l'organizzazione di un matrimonio a Cap Estel<\/h2>\n<\/div><\/div>\r\n\r\n<div class=\"et_pb_text_16 et_pb_text et_pb_bg_layout_light et_pb_module et_block_module\"><div class=\"et_pb_text_inner\"><h3>Trattate la sede come una destinazione privata, non come un semplice albergo<\/h3>\n<p>\nCap Estel cambia completamente se si pensa a come dovrebbe essere: non come una bella struttura con vista sul mare, ma come una penisola a s\u00e9 stante, quasi come una propriet\u00e0 riservata incastonata sull'acqua. Questa sfumatura \u00e8 essenziale, perch\u00e9 influenza tutto. Il ritmo della giornata, il modo in cui vengono accolti gli ospiti, il flusso tra i diversi momenti, l'atmosfera generale del matrimonio: tutto diventa pi\u00f9 coerente quando si abbraccia questa idea di assoluta solitudine.\n<\/p>\n<p>\n\u00c8 proprio questo che rende il luogo cos\u00ec magico. Gli ospiti non vengono solo per assistere a una cerimonia in un ambiente splendido. Hanno la sensazione di entrare in uno spazio protetto, riservato, quasi segreto. Pi\u00f9 il matrimonio si svolge secondo questa qualit\u00e0 di esperienza, pi\u00f9 Cap Estel rivela la sua unicit\u00e0.\n<\/p>\n<h3>Non sovraccaricare un luogo il cui vero punto di forza \u00e8 il suo spazio<\/h3>\n<p>\nMolte localit\u00e0 prestigiose sono in grado di affrontare abbastanza bene l'accumulo. Cap Estel, invece, trae enormi vantaggi dal fatto di rimanere traspirante. La sua bellezza deriva in gran parte dall'aria che lascia circolare, dal mare sempre presente, dalla roccia, dalle linee aperte, da quella sensazione di libert\u00e0 cos\u00ec rara in Costa Azzurra. L'aggiunta di troppe strutture, di troppi arredi, di troppi segni visibili di un \u201cmatrimonio in grande stile\u201d pu\u00f2 rompere rapidamente questa impressione.\n<\/p>\n<p>\nConsiglio sempre di optare per qualcosa di molto pulito, molto elegante, ma molto chiaro. Fiori bellissimi, s\u00ec. Scenografie precise, certo. Ma con l'intelligenza di lasciare che il luogo abbia la sua parte di silenzio e di ovviet\u00e0. Cap Estel non ha bisogno di essere amplificato. Ha bisogno soprattutto di non essere soffocato.\n<\/p>\n<h3>Prestare reale attenzione alla luce alla fine della giornata<\/h3>\n<p>\nA Cap Estel, la luce non ha solo un ruolo estetico. Modifica profondamente la sensazione del luogo. All'apice della giornata, il mare pu\u00f2 essere abbagliante, il paesaggio molto nitido, il tutto molto luminoso. Poi, al calar del sole, qualcosa si ammorbidisce. La roccia si scalda, l'acqua diventa visivamente pi\u00f9 setosa, le terrazze acquistano profondit\u00e0 e l'intera penisola sembra pi\u00f9 avvolgente.\n<\/p>\n<p>\nEcco perch\u00e9 spesso \u00e8 una buona idea pensare ai momenti chiave in termini di questo cambiamento. Una cerimonia un po' pi\u00f9 tardiva, un cocktail quando la luce inizia ad affievolirsi, foto di coppia quando la location rallenta visivamente: tutto questo pu\u00f2 trasformare la qualit\u00e0 emotiva del matrimonio. A Cap Estel, il tempismo \u00e8 tutto.\n<\/p>\n<h3>Dare agli sposi il tempo di familiarizzare con l'ambiente.<\/h3>\n<p>\nIn un contesto come questo, sarebbe un peccato per gli sposi trascorrere la giornata correndo da un momento all'altro senza mai sentirsi veramente a proprio agio. Cap Estel merita di essere vissuto. Non solo guardato. Deve esserci un vero e proprio spazio di respiro per gli sposi, un momento in cui possano allontanarsi un po' dal trambusto, camminare un po', ritrovarsi, riprendere fiato, sentire il mare, la luce, lo spazio.\n<\/p>\n<p>\nQuesto tempo ha un valore immenso. Evita che la giornata diventi troppo meccanica. D\u00e0 nuovo peso alle emozioni. Inoltre, spesso fornisce le immagini pi\u00f9 potenti, proprio perch\u00e9 nascono da un momento e non da un semplice intervallo di tempo.\n<\/p>\n<h3>Mantenere il flusso del traffico degli ospiti senza intoppi.<\/h3>\n<p>\nUn matrimonio a Cap Estel funziona particolarmente bene quando tutto sembra semplice. Non semplicistico, ma semplice nel senso migliore del termine. Gli ospiti devono capire naturalmente dove andare, come si svolge la giornata, dove atterrare, come passare da un momento all'altro senza attriti. In un ambiente cos\u00ec esclusivo, la fluidit\u00e0 \u00e8 una parte essenziale dell'eleganza.\n<\/p>\n<p>\nQuando il flusso del traffico \u00e8 ben studiato, tutto sembra ovvio. Le persone si godono il luogo invece di scoprirlo con confusione. Si rilassano pi\u00f9 rapidamente. Entrano pi\u00f9 profondamente nell'esperienza. E il matrimonio diventa immediatamente pi\u00f9 dignitoso, pi\u00f9 confortevole e pi\u00f9 bello.\n<\/p>\n<h3>Costruire qualcosa di alto livello senza renderlo rigido<\/h3>\n<p>\nCap Estel richiede naturalmente una celebrazione raffinata. Ma raffinato non significa rigido. La location funziona meravigliosamente quando il lusso \u00e8 mantenuto vivo, quando lascia ancora spazio al movimento, al respiro, al vero calore umano. \u00c8 questo che fa la differenza tra un bel matrimonio e un matrimonio davvero memorabile.\n<\/p>\n<p>\nPenso che Cap Estel dia il meglio di s\u00e9 quando tutto sembra estremamente ben pensato senza mai sembrare teso. Quando gli sposi possono rimanere se stessi in un ambiente eccezionale. Quando la bellezza non deriva solo dall'ambientazione, ma anche dal modo in cui la giornata si svolge naturalmente. \u00c8 questo tipo di equilibrio che crea i matrimoni pi\u00f9 belli.<\/p>\n<\/div><\/div>\r\n\r\n<div class=\"et_pb_image_15 et_pb_image et_pb_module et_block_module\"><span class=\"et_pb_image_wrap\"><img decoding=\"async\" data-src=\"https:\/\/www.lauriecornillon.com\/wp-content\/smush-webp\/sites\/5\/2026\/03\/french-riviera-wedding-photographer-3.jpg.webp\" alt=\"Fotografia di matrimonio Costa Azzurra\" title=\"francese-riviera-matrimonio-fotografo-3\" width=\"2048\" height=\"1365\" data-srcset=\"https:\/\/www.lauriecornillon.com\/wp-content\/smush-webp\/sites\/5\/2026\/03\/french-riviera-wedding-photographer-3.jpg.webp 2048w, https:\/\/www.lauriecornillon.com\/wp-content\/smush-webp\/sites\/5\/2026\/03\/french-riviera-wedding-photographer-3-1280x853.jpg.webp 1280w, https:\/\/www.lauriecornillon.com\/wp-content\/smush-webp\/sites\/5\/2026\/03\/french-riviera-wedding-photographer-3-980x653.jpg.webp 980w, https:\/\/www.lauriecornillon.com\/wp-content\/smush-webp\/sites\/5\/2026\/03\/french-riviera-wedding-photographer-3-480x320.jpg.webp 480w\" data-sizes=\"auto\" class=\"wp-image-34704 lazyload\" src=\"data:image\/svg+xml;base64,PHN2ZyB3aWR0aD0iMSIgaGVpZ2h0PSIxIiB4bWxucz0iaHR0cDovL3d3dy53My5vcmcvMjAwMC9zdmciPjwvc3ZnPg==\" style=\"--smush-placeholder-width: 2048px; --smush-placeholder-aspect-ratio: 2048\/1365;\" data-original-sizes=\"(min-width: 0px) and (max-width: 480px) 480px, (min-width: 481px) and (max-width: 980px) 980px, (min-width: 981px) and (max-width: 1280px) 1280px, (min-width: 1281px) 2048px, 100vw\" \/><\/span><\/div>\r\n<\/div>\r\n<\/div>\r\n\r\n<div class=\"et_pb_row_16 et_pb_row et_flex_row\">\r\n<div class=\"et_pb_column_28 et_pb_column et-last-child et_flex_column et_pb_css_mix_blend_mode_passthrough et_flex_column_24_24 et_flex_column_24_24_tablet et_flex_column_24_24_phone\">\r\n<div class=\"et_pb_module et_pb_button_module_wrapper et_pb_button_1_wrapper\"><a class=\"et_pb_button_1 et_pb_button et_pb_bg_layout_light et_pb_module et_block_module\" href=\"https:\/\/www.lauriecornillon.com\/it\/contatto\/\">CONTATTO<\/a><\/div>\r\n<\/div>\r\n<\/div>\r\n\r\n<div class=\"et_pb_row_17 et_pb_row et_block_row\">\r\n<div class=\"et_pb_column_29 et_pb_column et_pb_column_4_4 et-last-child et_block_column et_pb_css_mix_blend_mode_passthrough\">\r\n<div class=\"et_pb_text_17 et_pb_text et_pb_bg_layout_light et_pb_module et_block_module\"><div class=\"et_pb_text_inner\"><h2 class=\"police\" style=\"text-align: center;\">Domande frequenti sull'organizzazione di un matrimonio a Cap Estel<\/h2>\n<\/div><\/div>\r\n\r\n<div class=\"et_pb_text_18 et_pb_text et_pb_bg_layout_light et_pb_module et_block_module\"><div class=\"et_pb_text_inner\"><h3>Cap Estel \u00e8 pi\u00f9 adatto a un matrimonio intimo o a un ricevimento pi\u00f9 grande?<\/h3>\n<p>Cap Estel ha la rara qualit\u00e0 di poter ospitare una celebrazione di alto livello senza mai perdere la sua intimit\u00e0. \u00c8 un luogo che funziona meravigliosamente bene per matrimoni riservati, quasi come un rifugio privato sull'acqua, ma pu\u00f2 anche ospitare un ricevimento pi\u00f9 grande, purch\u00e9 si rispettino i suoi ritmi e la sua naturale eleganza.<\/p>\n<p>Per me, questa location si rivela davvero perfetta quando le coppie sono alla ricerca di un'esperienza esclusiva piuttosto che di un ambiente grandioso. Anche con un numero maggiore di ospiti, ci\u00f2 che conta qui non \u00e8 lo spettacolo. \u00c8 la sensazione di stare insieme in un luogo che sembra quasi lontano dal resto del mondo.<\/p>\n<h3>Qual \u00e8 il momento migliore della giornata per sposarsi a Cap Estel?<\/h3>\n<p>Il luogo \u00e8 bello dalla mattina alla sera, ma acquista qualcosa di particolarmente forte quando la luce comincia ad attenuarsi. All'apice della giornata, il mare \u00e8 brillante, i contrasti pi\u00f9 netti, l'energia pi\u00f9 solare. Nel tardo pomeriggio, tutto diventa pi\u00f9 profondo. L'acqua sembra pi\u00f9 morbida, la roccia pi\u00f9 calda, le terrazze visivamente pi\u00f9 calme e l'atmosfera pi\u00f9 avvolgente.<\/p>\n<p>\u00c8 spesso in questo momento che Cap Estel diventa emotivamente pi\u00f9 coinvolgente. Una cerimonia successiva, seguita da un cocktail al calar delle luci, funziona magnificamente in questo caso, perch\u00e9 il luogo conserva tutta la sua potenza, guadagnando in sensualit\u00e0.<\/p>\n<h3>Dovete lasciare Cap Estel per fare delle belle foto di coppia?<\/h3>\n<p>No, e questo \u00e8 spesso uno dei suoi maggiori vantaggi. Cap Estel offre gi\u00e0 una variet\u00e0 impressionante di atmosfere: il mare, la roccia, le terrazze, le prospettive pi\u00f9 aperte, i passaggi pi\u00f9 protetti, i giardini, la riva del mare. C'\u00e8 ampio spazio per creare un ricco reportage senza interrompere il ritmo del matrimonio o aumentare il numero di spostamenti.<\/p>\n<p>Rimanere sul posto ci permette anche di mantenere una coerenza molto forte nelle immagini. Il luogo ha un'identit\u00e0 cos\u00ec unica che basta a raccontare la storia di un'intera giornata. Volendo andare altrove, spesso si perde parte di quel senso di esperienza privata che \u00e8 cos\u00ec prezioso.<\/p>\n<h3>Quanto tempo devo prevedere per le foto di coppia a Cap Estel?<\/h3>\n<p>Raccomando sempre di preservare un momento reale, senza sparire per troppo tempo dagli ospiti. A Cap Estel, da trenta a quarantacinque minuti ben distribuiti sono spesso sufficienti per creare qualcosa di molto completo. La cosa pi\u00f9 importante \u00e8 non fare un punto dopo l'altro, ma lasciare che la coppia respiri, cammini, trovi un po\u201c di calma e si goda la luce al momento giusto.<\/p>\n<p>Questo tempo \u00e8 prezioso perch\u00e9 \u00e8 tanto per le foto quanto per l'esperienza degli sposi stessi. In un luogo come questo, \u00e8 importante non avere fretta. Cap Estel merita una pausa per due.<\/p>\n<h3>La location \u00e8 adatta per un matrimonio in Costa Azzurra?<\/h3>\n<p>S\u00ec, perfettamente. Cap Estel si rivolge immediatamente a una clientela internazionale perch\u00e9 offre qualcosa di molto forte nell'immaginario della Riviera: il mare onnipresente, l'esclusivit\u00e0, la luce, la sensazione di un luogo protetto, quasi privato. Non \u00e8 solo un bell'indirizzo. \u00c8 un'esperienza.<\/p>\n<p>Per gli ospiti che vengono da lontano, questo cambia tutto. Non hanno l'impressione di partecipare a un matrimonio in un hotel di lusso come tanti. Hanno la sensazione di essere invitati in un luogo raro, con un'identit\u00e0 molto forte, che conferisce alla giornata un ricordo molto pi\u00f9 profondo.<\/p>\n<h3>Avete bisogno di molte decorazioni in un luogo come Cap Estel?<\/h3>\n<p>Non necessariamente. Anzi, Cap Estel spesso trae vantaggio dal fatto di rimanere molto chiaro. Il luogo ha gi\u00e0 il mare, lo spazio, la roccia, la luce e quell'eleganza discreta che gli conferisce la sua forza. L'aggiunta di troppe strutture o di troppi elementi decorativi pu\u00f2 offuscare rapidamente la storia naturale che racconta.<\/p>\n<p>Ci\u00f2 che funziona particolarmente bene qui \u00e8 un'estetica molto meticolosa e raffinata, ma senza sovraccarichi. Fiori pensati, una bella tavolozza, una tavola elegante e i materiali giusti. Il locale ama il lusso, ma un lusso che respira.<\/p>\n<h3>Cap Estel d\u00e0 necessariamente un aspetto molto \u201ceditoriale di lusso\u201d o si pu\u00f2 mantenere un aspetto naturale?<\/h3>\n<p>Entrambe le cose sono possibili, ed \u00e8 proprio questo che rende questo luogo cos\u00ec eccitante. Cap Estel pu\u00f2 produrre immagini molto editoriali, molto raffinate e spettacolari, perch\u00e9 il suo ambiente si presta magnificamente a questo scopo. Ma questo non significa che il reportage debba diventare freddo o stazionario.<\/p>\n<p>Quando lasciamo spazio al movimento, ai gesti veri, agli sguardi spontanei e ai momenti di respiro, il luogo diventa una splendida cornice per una fotografia molto vivace. L'eleganza non impedisce mai la sincerit\u00e0. A Cap Estel, pu\u00f2 addirittura rafforzarla.<\/p>\n<h3>Quante foto vengono consegnate dopo un reportage di matrimonio a Cap Estel?<\/h3>\n<p>Il numero esatto dipende sempre dalla durata della permanenza, dal numero di invitati, dal ritmo della giornata e dalla reale ricchezza di ci\u00f2 che sta accadendo. Un reportage molto completo che includa i preparativi, la cerimonia, il cocktail, la cena e la festa serale non produrr\u00e0 ovviamente la stessa densit\u00e0 di una copertura pi\u00f9 breve.<\/p>\n<p>Per un matrimonio completo, garantisco almeno 600 foto accuratamente selezionate e ritoccate. Il mio obiettivo non \u00e8 fornire una quantit\u00e0 artificiale, ma ricreare la giornata in tutta la sua profondit\u00e0: i grandi momenti, naturalmente, ma anche i dettagli, gli sguardi, i respiri, la luce e tutto ci\u00f2 che rende vivo un matrimonio quando lo si rivede.<\/p>\n<h3>Quando devo prenotare un fotografo di matrimonio a Cap Estel?<\/h3>\n<p>Per un luogo di questo livello, \u00e8 meglio pianificare in anticipo. Le date migliori in Costa Azzurra si riempiono rapidamente, soprattutto tra la primavera e l'inizio dell'autunno. E poich\u00e9 Cap Estel attira spesso coppie che pianificano un matrimonio molto elaborato o un matrimonio di destinazione, anche la fotografia pu\u00f2 essere prenotata in anticipo.<\/p>\n<p>Per un sabato in alta stagione, prenotare con circa un anno di anticipo \u00e8 un ottimo passo. Nei giorni feriali o in periodi pi\u00f9 flessibili, la flessibilit\u00e0 pu\u00f2 essere maggiore. Ma prima si prepara il progetto, pi\u00f9 \u00e8 facile costruire qualcosa di fluido, coerente e veramente degno del luogo.<\/p>\n<\/div><\/div>\r\n<\/div>\r\n<\/div>\r\n\r\n<div class=\"et_pb_row_18 et_pb_row et_block_row\">\r\n<div class=\"et_pb_column_30 et_pb_column et_pb_column_1_3 et_block_column et_pb_css_mix_blend_mode_passthrough\">\r\n<div class=\"et_pb_image_16 et_pb_image et_pb_module et_block_module\"><span class=\"et_pb_image_wrap\"><img decoding=\"async\" data-src=\"https:\/\/www.lauriecornillon.com\/wp-content\/smush-webp\/sites\/5\/2026\/03\/wedding-photographer-2.jpg.webp\" alt=\"Fotografo di matrimonio\" title=\"fotografo di matrimonio-2\" width=\"1365\" height=\"2048\" data-srcset=\"https:\/\/www.lauriecornillon.com\/wp-content\/smush-webp\/sites\/5\/2026\/03\/wedding-photographer-2.jpg.webp 1365w, https:\/\/www.lauriecornillon.com\/wp-content\/smush-webp\/sites\/5\/2026\/03\/wedding-photographer-2-1280x1920.jpg.webp 1280w, https:\/\/www.lauriecornillon.com\/wp-content\/smush-webp\/sites\/5\/2026\/03\/wedding-photographer-2-980x1470.jpg.webp 980w, https:\/\/www.lauriecornillon.com\/wp-content\/smush-webp\/sites\/5\/2026\/03\/wedding-photographer-2-480x720.jpg.webp 480w\" data-sizes=\"auto\" class=\"wp-image-34679 lazyload\" src=\"data:image\/svg+xml;base64,PHN2ZyB3aWR0aD0iMSIgaGVpZ2h0PSIxIiB4bWxucz0iaHR0cDovL3d3dy53My5vcmcvMjAwMC9zdmciPjwvc3ZnPg==\" style=\"--smush-placeholder-width: 1365px; --smush-placeholder-aspect-ratio: 1365\/2048;\" data-original-sizes=\"(min-width: 0px) and (max-width: 480px) 480px, (min-width: 481px) and (max-width: 980px) 980px, (min-width: 981px) and (max-width: 1280px) 1280px, (min-width: 1281px) 1365px, 100vw\" \/><\/span><\/div>\r\n<\/div>\r\n\r\n<div class=\"et_pb_column_31 et_pb_column et_pb_column_1_3 et_block_column et_pb_css_mix_blend_mode_passthrough\">\r\n<div class=\"et_pb_image_17 et_pb_image et_pb_module et_block_module\"><span class=\"et_pb_image_wrap\"><img decoding=\"async\" data-src=\"https:\/\/www.lauriecornillon.com\/wp-content\/smush-webp\/sites\/5\/2026\/03\/wedding-photographer-3.jpg.webp\" alt=\"Fotografo di matrimonio\" title=\"fotografo di matrimonio-3\" width=\"1365\" height=\"2048\" data-srcset=\"https:\/\/www.lauriecornillon.com\/wp-content\/smush-webp\/sites\/5\/2026\/03\/wedding-photographer-3.jpg.webp 1365w, https:\/\/www.lauriecornillon.com\/wp-content\/smush-webp\/sites\/5\/2026\/03\/wedding-photographer-3-1280x1920.jpg.webp 1280w, https:\/\/www.lauriecornillon.com\/wp-content\/smush-webp\/sites\/5\/2026\/03\/wedding-photographer-3-980x1470.jpg.webp 980w, https:\/\/www.lauriecornillon.com\/wp-content\/smush-webp\/sites\/5\/2026\/03\/wedding-photographer-3-480x720.jpg.webp 480w\" data-sizes=\"auto\" class=\"wp-image-34680 lazyload\" src=\"data:image\/svg+xml;base64,PHN2ZyB3aWR0aD0iMSIgaGVpZ2h0PSIxIiB4bWxucz0iaHR0cDovL3d3dy53My5vcmcvMjAwMC9zdmciPjwvc3ZnPg==\" style=\"--smush-placeholder-width: 1365px; --smush-placeholder-aspect-ratio: 1365\/2048;\" data-original-sizes=\"(min-width: 0px) and (max-width: 480px) 480px, (min-width: 481px) and (max-width: 980px) 980px, (min-width: 981px) and (max-width: 1280px) 1280px, (min-width: 1281px) 1365px, 100vw\" \/><\/span><\/div>\r\n<\/div>\r\n\r\n<div class=\"et_pb_column_32 et_pb_column et_pb_column_1_3 et-last-child et_block_column et_pb_css_mix_blend_mode_passthrough\">\r\n<div class=\"et_pb_image_18 et_pb_image et_pb_module et_block_module\"><span class=\"et_pb_image_wrap\"><img decoding=\"async\" data-src=\"https:\/\/www.lauriecornillon.com\/wp-content\/smush-webp\/sites\/5\/2026\/03\/wedding-photographer-french-riviera.jpg.webp\" title=\"fotografo di matrimonio-francese-riviera\" width=\"1365\" height=\"2048\" data-srcset=\"https:\/\/www.lauriecornillon.com\/wp-content\/smush-webp\/sites\/5\/2026\/03\/wedding-photographer-french-riviera.jpg.webp 1365w, https:\/\/www.lauriecornillon.com\/wp-content\/smush-webp\/sites\/5\/2026\/03\/wedding-photographer-french-riviera-1280x1920.jpg.webp 1280w, https:\/\/www.lauriecornillon.com\/wp-content\/smush-webp\/sites\/5\/2026\/03\/wedding-photographer-french-riviera-980x1470.jpg.webp 980w, https:\/\/www.lauriecornillon.com\/wp-content\/smush-webp\/sites\/5\/2026\/03\/wedding-photographer-french-riviera-480x720.jpg.webp 480w\" data-sizes=\"auto\" class=\"wp-image-34671 lazyload\" alt=\"Fotografia di gravidanza Nizza\" src=\"data:image\/svg+xml;base64,PHN2ZyB3aWR0aD0iMSIgaGVpZ2h0PSIxIiB4bWxucz0iaHR0cDovL3d3dy53My5vcmcvMjAwMC9zdmciPjwvc3ZnPg==\" style=\"--smush-placeholder-width: 1365px; --smush-placeholder-aspect-ratio: 1365\/2048;\" data-original-sizes=\"(min-width: 0px) and (max-width: 480px) 480px, (min-width: 481px) and (max-width: 980px) 980px, (min-width: 981px) and (max-width: 1280px) 1280px, (min-width: 1281px) 1365px, 100vw\" \/><\/span><\/div>\r\n<\/div>\r\n<\/div>\r\n\r\n<div class=\"et_pb_row_19 et_pb_row et_block_row\">\r\n<div class=\"et_pb_column_33 et_pb_column et_pb_column_4_4 et-last-child et_block_column et_pb_css_mix_blend_mode_passthrough\">\r\n<div class=\"et_pb_image_19 et_pb_image et_pb_module et_block_module\"><span class=\"et_pb_image_wrap\"><img decoding=\"async\" data-src=\"https:\/\/www.lauriecornillon.com\/wp-content\/smush-webp\/sites\/5\/2026\/03\/wedding-photographer.jpg.webp\" alt=\"Fotografo di matrimonio\" title=\"fotografo di matrimonio\" width=\"2048\" height=\"1365\" data-srcset=\"https:\/\/www.lauriecornillon.com\/wp-content\/smush-webp\/sites\/5\/2026\/03\/wedding-photographer.jpg.webp 2048w, https:\/\/www.lauriecornillon.com\/wp-content\/smush-webp\/sites\/5\/2026\/03\/wedding-photographer-1280x853.jpg.webp 1280w, https:\/\/www.lauriecornillon.com\/wp-content\/smush-webp\/sites\/5\/2026\/03\/wedding-photographer-980x653.jpg.webp 980w, https:\/\/www.lauriecornillon.com\/wp-content\/smush-webp\/sites\/5\/2026\/03\/wedding-photographer-480x320.jpg.webp 480w\" data-sizes=\"auto\" class=\"wp-image-34670 lazyload\" src=\"data:image\/svg+xml;base64,PHN2ZyB3aWR0aD0iMSIgaGVpZ2h0PSIxIiB4bWxucz0iaHR0cDovL3d3dy53My5vcmcvMjAwMC9zdmciPjwvc3ZnPg==\" style=\"--smush-placeholder-width: 2048px; --smush-placeholder-aspect-ratio: 2048\/1365;\" data-original-sizes=\"(min-width: 0px) and (max-width: 480px) 480px, (min-width: 481px) and (max-width: 980px) 980px, (min-width: 981px) and (max-width: 1280px) 1280px, (min-width: 1281px) 2048px, 100vw\" \/><\/span><\/div>\r\n<\/div>\r\n<\/div>\r\n\r\n<div class=\"et_pb_row_20 et_pb_row et_block_row\">\r\n<div class=\"et_pb_column_34 et_pb_column et_pb_column_4_4 et-last-child et_block_column et_pb_css_mix_blend_mode_passthrough\">\r\n<div class=\"et_pb_text_19 et_pb_text et_pb_bg_layout_light et_pb_module et_block_module\"><div class=\"et_pb_text_inner\"><h2 class=\"police\" align=\"center\">Il vostro fotografo di matrimonio a Cap Estel<\/h2>\n<\/div><\/div>\r\n\r\n<div class=\"et_pb_text_20 et_pb_text et_pb_bg_layout_light et_pb_module et_block_module\"><div class=\"et_pb_text_inner\"><p>Sposarsi a Cap Estel significa scegliere molto di pi\u00f9 di una location spettacolare in Costa Azzurra. \u00c8 scegliere un'atmosfera rara, una penisola privata circondata dal mare, una luce che accompagna ogni momento della giornata e quella preziosissima sensazione di un matrimonio vissuto a parte, quasi fuori dal mondo.<\/p>\n<p>Il mio compito \u00e8 quello di raccontare la storia di quel giorno in modo accurato, lasciando ampio spazio alla bellezza del luogo, all'emozione vera di ci\u00f2 che state per vivere e all'energia del tutto speciale dei vostri cari riuniti in una simile cornice. L'idea non \u00e8 solo quella di produrre belle immagini con vista sul Mediterraneo, ma di creare un reportage elegante, personale e sincero, capace di cogliere gli aspetti pi\u00f9 forti, dolci e indimenticabili della giornata.<\/p>\n<p>Se state organizzando il vostro matrimonio a Cap Estel e siete alla ricerca di un fotografo in grado di catturare sia la potenza del paesaggio che la verit\u00e0 della vostra storia, mi piacerebbe conoscere il vostro progetto.<\/p>\n<p>Potete scrivermi tramite il modulo di contatto per raccontarmi la vostra data, il vostro ricevimento e come immaginate il vostro matrimonio a Cap Estel e in Costa Azzurra.<\/p>\n<\/div><\/div>\r\n<\/div>\r\n<\/div>\r\n\r\n<div class=\"et_pb_row_21 et_pb_row et_flex_row\">\r\n<div class=\"et_pb_column_35 et_pb_column et-last-child et_flex_column et_pb_css_mix_blend_mode_passthrough et_flex_column_24_24 et_flex_column_24_24_tablet et_flex_column_24_24_phone\">\r\n<div class=\"et_pb_module et_pb_button_module_wrapper et_pb_button_2_wrapper\"><a class=\"et_pb_button_2 et_pb_button et_pb_bg_layout_light et_pb_module et_block_module\" href=\"https:\/\/www.lauriecornillon.com\/it\/contatto\/\">CONTATTO<\/a><\/div>\r\n<\/div>\r\n<\/div>\r\n<\/div>","protected":false},"excerpt":{"rendered":"","protected":false},"author":1,"featured_media":0,"parent":0,"menu_order":0,"comment_status":"closed","ping_status":"closed","template":"","meta":{"footnotes":""},"class_list":["post-34838","page","type-page","status-publish","hentry"],"_links":{"self":[{"href":"https:\/\/www.lauriecornillon.com\/it\/wp-json\/wp\/v2\/pages\/34838","targetHints":{"allow":["GET"]}}],"collection":[{"href":"https:\/\/www.lauriecornillon.com\/it\/wp-json\/wp\/v2\/pages"}],"about":[{"href":"https:\/\/www.lauriecornillon.com\/it\/wp-json\/wp\/v2\/types\/page"}],"author":[{"embeddable":true,"href":"https:\/\/www.lauriecornillon.com\/it\/wp-json\/wp\/v2\/users\/1"}],"replies":[{"embeddable":true,"href":"https:\/\/www.lauriecornillon.com\/it\/wp-json\/wp\/v2\/comments?post=34838"}],"version-history":[{"count":0,"href":"https:\/\/www.lauriecornillon.com\/it\/wp-json\/wp\/v2\/pages\/34838\/revisions"}],"wp:attachment":[{"href":"https:\/\/www.lauriecornillon.com\/it\/wp-json\/wp\/v2\/media?parent=34838"}],"curies":[{"name":"wp","href":"https:\/\/api.w.org\/{rel}","templated":true}]}}